{"id":5313,"date":"2024-02-04T15:58:27","date_gmt":"2024-02-04T14:58:27","guid":{"rendered":"https:\/\/fort-des-dunes.fr\/le-muserial\/die-neue-szenographie\/"},"modified":"2024-10-08T16:54:07","modified_gmt":"2024-10-08T14:54:07","slug":"die-neue-szenographie","status":"publish","type":"page","link":"https:\/\/fort-des-dunes.fr\/de\/le-muserial\/die-neue-szenographie\/","title":{"rendered":"Die neue Szenographie"},"content":{"rendered":"\t\t<div data-elementor-type=\"wp-page\" data-elementor-id=\"5313\" class=\"elementor elementor-5313 elementor-459\" data-elementor-post-type=\"page\">\n\t\t\t\t\t\t<section class=\"elementor-section elementor-top-section elementor-element elementor-element-262f515 elementor-section-content-middle elementor-section-boxed elementor-section-height-default elementor-section-height-default\" data-id=\"262f515\" data-element_type=\"section\" data-e-type=\"section\" data-settings=\"{&quot;background_background&quot;:&quot;classic&quot;}\">\n\t\t\t\t\t\t<div class=\"elementor-container elementor-column-gap-no\">\n\t\t\t\t\t<div class=\"elementor-column elementor-col-50 elementor-top-column elementor-element elementor-element-e6282c0\" data-id=\"e6282c0\" data-element_type=\"column\" data-e-type=\"column\">\n\t\t\t<div class=\"elementor-widget-wrap elementor-element-populated\">\n\t\t\t\t\t\t<div class=\"elementor-element elementor-element-e841300 elementor-widget elementor-widget-image\" data-id=\"e841300\" data-element_type=\"widget\" data-e-type=\"widget\" data-widget_type=\"image.default\">\n\t\t\t\t<div class=\"elementor-widget-container\">\n\t\t\t\t\t\t\t\t\t\t\t\t\t\t\t<img fetchpriority=\"high\" decoding=\"async\" width=\"768\" height=\"432\" src=\"https:\/\/fort-des-dunes.fr\/wp-content\/uploads\/2024\/02\/Fort-des-Dunes-Evenements-activites-plein-air-768x432.jpg\" class=\"attachment-medium_large size-medium_large wp-image-4703\" alt=\"\" srcset=\"https:\/\/fort-des-dunes.fr\/wp-content\/uploads\/2024\/02\/Fort-des-Dunes-Evenements-activites-plein-air-768x432.jpg 768w, https:\/\/fort-des-dunes.fr\/wp-content\/uploads\/2024\/02\/Fort-des-Dunes-Evenements-activites-plein-air-300x169.jpg 300w, https:\/\/fort-des-dunes.fr\/wp-content\/uploads\/2024\/02\/Fort-des-Dunes-Evenements-activites-plein-air-1024x576.jpg 1024w, https:\/\/fort-des-dunes.fr\/wp-content\/uploads\/2024\/02\/Fort-des-Dunes-Evenements-activites-plein-air-1536x864.jpg 1536w, https:\/\/fort-des-dunes.fr\/wp-content\/uploads\/2024\/02\/Fort-des-Dunes-Evenements-activites-plein-air-800x450.jpg 800w, https:\/\/fort-des-dunes.fr\/wp-content\/uploads\/2024\/02\/Fort-des-Dunes-Evenements-activites-plein-air-600x338.jpg 600w, https:\/\/fort-des-dunes.fr\/wp-content\/uploads\/2024\/02\/Fort-des-Dunes-Evenements-activites-plein-air.jpg 1920w\" sizes=\"(max-width: 768px) 100vw, 768px\" \/>\t\t\t\t\t\t\t\t\t\t\t\t\t\t\t<\/div>\n\t\t\t\t<\/div>\n\t\t\t\t\t<\/div>\n\t\t<\/div>\n\t\t\t\t<div class=\"elementor-column elementor-col-50 elementor-top-column elementor-element elementor-element-0bfa5c5\" data-id=\"0bfa5c5\" data-element_type=\"column\" data-e-type=\"column\">\n\t\t\t<div class=\"elementor-widget-wrap elementor-element-populated\">\n\t\t\t\t\t\t<div class=\"elementor-element elementor-element-291c552 elementor-widget elementor-widget-heading\" data-id=\"291c552\" data-element_type=\"widget\" data-e-type=\"widget\" data-widget_type=\"heading.default\">\n\t\t\t\t<div class=\"elementor-widget-container\">\n\t\t\t\t\t<p class=\"elementor-heading-title elementor-size-default\">600 m\u00b2 Dauerausstellung<\/p>\t\t\t\t<\/div>\n\t\t\t\t<\/div>\n\t\t\t\t<div class=\"elementor-element elementor-element-c5fb49f elementor-widget-divider--view-line elementor-widget elementor-widget-divider\" data-id=\"c5fb49f\" data-element_type=\"widget\" data-e-type=\"widget\" data-widget_type=\"divider.default\">\n\t\t\t\t<div class=\"elementor-widget-container\">\n\t\t\t\t\t\t\t<div class=\"elementor-divider\">\n\t\t\t<span class=\"elementor-divider-separator\">\n\t\t\t\t\t\t<\/span>\n\t\t<\/div>\n\t\t\t\t\t\t<\/div>\n\t\t\t\t<\/div>\n\t\t\t\t<div class=\"elementor-element elementor-element-0edfc6d elementor-widget elementor-widget-heading\" data-id=\"0edfc6d\" data-element_type=\"widget\" data-e-type=\"widget\" data-widget_type=\"heading.default\">\n\t\t\t\t<div class=\"elementor-widget-container\">\n\t\t\t\t\t<h2 class=\"elementor-heading-title elementor-size-default\">Eine neue dynamische und immersive Museografie<\/h2>\t\t\t\t<\/div>\n\t\t\t\t<\/div>\n\t\t\t\t<div class=\"elementor-element elementor-element-51f2277 elementor-widget elementor-widget-text-editor\" data-id=\"51f2277\" data-element_type=\"widget\" data-e-type=\"widget\" data-widget_type=\"text-editor.default\">\n\t\t\t\t<div class=\"elementor-widget-container\">\n\t\t\t\t\t\t\t\t\t<p>Wenn man das Innere des Forts betritt, bietet sich den Besuchern eine immersive Erfahrung dank einer neuen, innovativen Szenographie, die digitale Technologien nutzt.<\/p>\n<p>Mit mehr als 600 m\u00b2 interaktiver und spielerischer Ausstellungen bietet das Museum einen fesselnden Einblick in die Geschichte Flanderns, einem strategischen Gebiet im Zentrum der Machtk\u00e4mpfe zwischen den europ\u00e4ischen Nationen.<\/p>\n\t\t\t\t\t\t\t\t<\/div>\n\t\t\t\t<\/div>\n\t\t\t\t\t<\/div>\n\t\t<\/div>\n\t\t\t\t\t<\/div>\n\t\t<\/section>\n\t\t\t\t<section class=\"elementor-section elementor-top-section elementor-element elementor-element-90183fb elementor-section-boxed elementor-section-height-default elementor-section-height-default\" data-id=\"90183fb\" data-element_type=\"section\" data-e-type=\"section\" data-settings=\"{&quot;shape_divider_top&quot;:&quot;wave-brush&quot;}\">\n\t\t\t\t\t<div class=\"elementor-shape elementor-shape-top\" aria-hidden=\"true\" data-negative=\"false\">\n\t\t\t<svg xmlns=\"http:\/\/www.w3.org\/2000\/svg\" viewBox=\"0 0 283.5 27.8\" preserveAspectRatio=\"none\">\n\t<path class=\"elementor-shape-fill\" d=\"M283.5,9.7c0,0-7.3,4.3-14,4.6c-6.8,0.3-12.6,0-20.9-1.5c-11.3-2-33.1-10.1-44.7-5.7\ts-12.1,4.6-18,7.4c-6.6,3.2-20,9.6-36.6,9.3C131.6,23.5,99.5,7.2,86.3,8c-1.4,0.1-6.6,0.8-10.5,2c-3.8,1.2-9.4,3.8-17,4.7\tc-3.2,0.4-8.3,1.1-14.2,0.9c-1.5-0.1-6.3-0.4-12-1.6c-5.7-1.2-11-3.1-15.8-3.7C6.5,9.2,0,10.8,0,10.8V0h283.5V9.7z M260.8,11.3\tc-0.7-1-2-0.4-4.3-0.4c-2.3,0-6.1-1.2-5.8-1.1c0.3,0.1,3.1,1.5,6,1.9C259.7,12.2,261.4,12.3,260.8,11.3z M242.4,8.6\tc0,0-2.4-0.2-5.6-0.9c-3.2-0.8-10.3-2.8-15.1-3.5c-8.2-1.1-15.8,0-15.1,0.1c0.8,0.1,9.6-0.6,17.6,1.1c3.3,0.7,9.3,2.2,12.4,2.7\tC239.9,8.7,242.4,8.6,242.4,8.6z M185.2,8.5c1.7-0.7-13.3,4.7-18.5,6.1c-2.1,0.6-6.2,1.6-10,2c-3.9,0.4-8.9,0.4-8.8,0.5\tc0,0.2,5.8,0.8,11.2,0c5.4-0.8,5.2-1.1,7.6-1.6C170.5,14.7,183.5,9.2,185.2,8.5z M199.1,6.9c0.2,0-0.8-0.4-4.8,1.1\tc-4,1.5-6.7,3.5-6.9,3.7c-0.2,0.1,3.5-1.8,6.6-3C197,7.5,199,6.9,199.1,6.9z M283,6c-0.1,0.1-1.9,1.1-4.8,2.5s-6.9,2.8-6.7,2.7\tc0.2,0,3.5-0.6,7.4-2.5C282.8,6.8,283.1,5.9,283,6z M31.3,11.6c0.1-0.2-1.9-0.2-4.5-1.2s-5.4-1.6-7.8-2C15,7.6,7.3,8.5,7.7,8.6\tC8,8.7,15.9,8.3,20.2,9.3c2.2,0.5,2.4,0.5,5.7,1.6S31.2,11.9,31.3,11.6z M73,9.2c0.4-0.1,3.5-1.6,8.4-2.6c4.9-1.1,8.9-0.5,8.9-0.8\tc0-0.3-1-0.9-6.2-0.3S72.6,9.3,73,9.2z M71.6,6.7C71.8,6.8,75,5.4,77.3,5c2.3-0.3,1.9-0.5,1.9-0.6c0-0.1-1.1-0.2-2.7,0.2\tC74.8,5.1,71.4,6.6,71.6,6.7z M93.6,4.4c0.1,0.2,3.5,0.8,5.6,1.8c2.1,1,1.8,0.6,1.9,0.5c0.1-0.1-0.8-0.8-2.4-1.3\tC97.1,4.8,93.5,4.2,93.6,4.4z M65.4,11.1c-0.1,0.3,0.3,0.5,1.9-0.2s2.6-1.3,2.2-1.2s-0.9,0.4-2.5,0.8C65.3,10.9,65.5,10.8,65.4,11.1\tz M34.5,12.4c-0.2,0,2.1,0.8,3.3,0.9c1.2,0.1,2,0.1,2-0.2c0-0.3-0.1-0.5-1.6-0.4C36.6,12.8,34.7,12.4,34.5,12.4z M152.2,21.1\tc-0.1,0.1-2.4-0.3-7.5-0.3c-5,0-13.6-2.4-17.2-3.5c-3.6-1.1,10,3.9,16.5,4.1C150.5,21.6,152.3,21,152.2,21.1z\"\/>\n\t<path class=\"elementor-shape-fill\" d=\"M269.6,18c-0.1-0.1-4.6,0.3-7.2,0c-7.3-0.7-17-3.2-16.6-2.9c0.4,0.3,13.7,3.1,17,3.3\tC267.7,18.8,269.7,18,269.6,18z\"\/>\n\t<path class=\"elementor-shape-fill\" d=\"M227.4,9.8c-0.2-0.1-4.5-1-9.5-1.2c-5-0.2-12.7,0.6-12.3,0.5c0.3-0.1,5.9-1.8,13.3-1.2\tS227.6,9.9,227.4,9.8z\"\/>\n\t<path class=\"elementor-shape-fill\" d=\"M204.5,13.4c-0.1-0.1,2-1,3.2-1.1c1.2-0.1,2,0,2,0.3c0,0.3-0.1,0.5-1.6,0.4\tC206.4,12.9,204.6,13.5,204.5,13.4z\"\/>\n\t<path class=\"elementor-shape-fill\" d=\"M201,10.6c0-0.1-4.4,1.2-6.3,2.2c-1.9,0.9-6.2,3.1-6.1,3.1c0.1,0.1,4.2-1.6,6.3-2.6\tS201,10.7,201,10.6z\"\/>\n\t<path class=\"elementor-shape-fill\" d=\"M154.5,26.7c-0.1-0.1-4.6,0.3-7.2,0c-7.3-0.7-17-3.2-16.6-2.9c0.4,0.3,13.7,3.1,17,3.3\tC152.6,27.5,154.6,26.8,154.5,26.7z\"\/>\n\t<path class=\"elementor-shape-fill\" d=\"M41.9,19.3c0,0,1.2-0.3,2.9-0.1c1.7,0.2,5.8,0.9,8.2,0.7c4.2-0.4,7.4-2.7,7-2.6\tc-0.4,0-4.3,2.2-8.6,1.9c-1.8-0.1-5.1-0.5-6.7-0.4S41.9,19.3,41.9,19.3z\"\/>\n\t<path class=\"elementor-shape-fill\" d=\"M75.5,12.6c0.2,0.1,2-0.8,4.3-1.1c2.3-0.2,2.1-0.3,2.1-0.5c0-0.1-1.8-0.4-3.4,0\tC76.9,11.5,75.3,12.5,75.5,12.6z\"\/>\n\t<path class=\"elementor-shape-fill\" d=\"M15.6,13.2c0-0.1,4.3,0,6.7,0.5c2.4,0.5,5,1.9,5,2c0,0.1-2.7-0.8-5.1-1.4\tC19.9,13.7,15.7,13.3,15.6,13.2z\"\/>\n<\/svg>\t\t<\/div>\n\t\t\t\t\t<div class=\"elementor-container elementor-column-gap-default\">\n\t\t\t\t\t<div class=\"elementor-column elementor-col-50 elementor-top-column elementor-element elementor-element-f5f4479\" data-id=\"f5f4479\" data-element_type=\"column\" data-e-type=\"column\">\n\t\t\t<div class=\"elementor-widget-wrap elementor-element-populated\">\n\t\t\t\t\t\t<div class=\"elementor-element elementor-element-c23fbef elementor-widget elementor-widget-heading\" data-id=\"c23fbef\" data-element_type=\"widget\" data-e-type=\"widget\" data-widget_type=\"heading.default\">\n\t\t\t\t<div class=\"elementor-widget-container\">\n\t\t\t\t\t<p class=\"elementor-heading-title elementor-size-default\">Ein historischer Rundgang auf 5 Hektar<\/p>\t\t\t\t<\/div>\n\t\t\t\t<\/div>\n\t\t\t\t<div class=\"elementor-element elementor-element-8677257 elementor-widget-divider--view-line elementor-widget elementor-widget-divider\" data-id=\"8677257\" data-element_type=\"widget\" data-e-type=\"widget\" data-widget_type=\"divider.default\">\n\t\t\t\t<div class=\"elementor-widget-container\">\n\t\t\t\t\t\t\t<div class=\"elementor-divider\">\n\t\t\t<span class=\"elementor-divider-separator\">\n\t\t\t\t\t\t<\/span>\n\t\t<\/div>\n\t\t\t\t\t\t<\/div>\n\t\t\t\t<\/div>\n\t\t\t\t<div class=\"elementor-element elementor-element-4044ecb elementor-widget elementor-widget-heading\" data-id=\"4044ecb\" data-element_type=\"widget\" data-e-type=\"widget\" data-widget_type=\"heading.default\">\n\t\t\t\t<div class=\"elementor-widget-container\">\n\t\t\t\t\t<h2 class=\"elementor-heading-title elementor-size-default\">Die Szenografie im Detail<\/h2>\t\t\t\t<\/div>\n\t\t\t\t<\/div>\n\t\t\t\t<div class=\"elementor-element elementor-element-7ee6682 elementor-widget elementor-widget-text-editor\" data-id=\"7ee6682\" data-element_type=\"widget\" data-e-type=\"widget\" data-widget_type=\"text-editor.default\">\n\t\t\t\t<div class=\"elementor-widget-container\">\n\t\t\t\t\t\t\t\t\t<h3>Eintauchen in eine regionale Geschichte<\/h3>\n<p>Die Szenographie bietet eine dynamische und partizipative Erkundung der regionalen Geschichte. Interaktive Ausstellungen erm\u00f6glichen den Besuchern immersive Erlebnisse.<\/p>\n<p>Ein gut durchdachter Interpretationspfad im Freien f\u00fchrt die Besucher zu den verschiedenen Strukturen, aus denen sich das Fort zusammensetzt. Das Fort wurde aus Sandziegeln erbaut und erhebt sich majest\u00e4tisch 27 Meter in die H\u00f6he.<\/p>\n<p>Diese strategische Lage bietet nicht nur beeindruckende Panoramablicke auf die Nordsee, sondern auch auf die fl\u00e4mische Ebene, was die entscheidende Rolle der Region in der europ\u00e4ischen Geschichte und den Konflikten unterstreicht.<\/p>\n<h3>Das Verst\u00e4ndnis des Forts<\/h3>\n<p>Die Gestaltung der Interpretationsroute zielt darauf ab, ein umfassendes Verst\u00e4ndnis der historischen Bedeutung des Forts und seiner Umgebung zu vermitteln. Besucher k\u00f6nnen die verschiedenen Teile des Forts erkunden und dabei seine strategischen Funktionen, seine bemerkenswerte Architektur und die Schl\u00fcsselereignisse, die Flandern gepr\u00e4gt haben, kennen lernen. Diese immersive Erfahrung erm\u00f6glicht es den Besuchern, die Vergangenheit besser zu verstehen und gleichzeitig die nat\u00fcrliche Sch\u00f6nheit, die das Fort umgibt, zu genie\u00dfen.<\/p>\n<p>Alles in allem bietet das Museum eine lehrreiche und unterhaltsame Erfahrung, bei der das historische Erbe mit zeitgen\u00f6ssischen Innovationen verschmilzt, um einen unvergesslichen und bereichernden Besuch zu schaffen.<\/p>\n<h3>6 gro\u00dfe Themen in einer 600 m\u00b2 gro\u00dfen Dauerausstellung<\/h3>\n<p>Die neue Szenographie im Truppengeb\u00e4ude bietet 6 R\u00e4ume mit Videotauchg\u00e4ngen, Modellen und interaktiven Tafeln, die die Geschichte des Territoriums von &#8220;Turenne bis Dynamo&#8221; erz\u00e4hlen.<\/p>\n<p>Es werden 6 gro\u00dfe Themen angesprochen:<\/p>\n<ul>\n<li>Strategisches Territorium Flanderns: Verstehen Sie den geografischen und historischen Kontext der Region im Laufe der Jahrhunderte, von den Grafen von Flandern \u00fcber die Schlacht in den D\u00fcnen von 1658 bis heute.<\/li>\n<li>Die Konzeption und die Herausforderungen des Verteidigungssystems, das von General S\u00e9r\u00e9 de Rivi\u00e8res, dem Architekten des Forts, Ende des 19. Jahrhunderts entworfen wurde.<\/li>\n<li>Die Anatomie und Funktionsweise einer Milit\u00e4rkaserne wie dem Fort des Dunes.<\/li>\n<li>Das Fort des Dunes w\u00e4hrend des Zweiten Weltkriegs: eine emotionale Erinnerung an die Operation Dynamo durch die Hervorhebung bisher unver\u00f6ffentlichter Zeugenaussagen von Zivilisten und Soldaten.<\/li>\n<li>Die deutsche Besatzung und der lokale Widerstand.<\/li>\n<li>Das Fort des Dunes: vom Milit\u00e4rleben zu einer Gedenkst\u00e4tte in einer gesch\u00fctzten Umgebung.<\/li>\n<\/ul>\n\t\t\t\t\t\t\t\t<\/div>\n\t\t\t\t<\/div>\n\t\t\t\t\t<\/div>\n\t\t<\/div>\n\t\t\t\t<div class=\"elementor-column elementor-col-50 elementor-top-column elementor-element elementor-element-de91220\" data-id=\"de91220\" data-element_type=\"column\" data-e-type=\"column\">\n\t\t\t<div class=\"elementor-widget-wrap elementor-element-populated\">\n\t\t\t\t\t\t<div class=\"elementor-element elementor-element-4e10d30 elementor-widget elementor-widget-gallery\" data-id=\"4e10d30\" data-element_type=\"widget\" data-e-type=\"widget\" data-settings=\"{&quot;gallery_layout&quot;:&quot;masonry&quot;,&quot;columns&quot;:&quot;1&quot;,&quot;overlay_title&quot;:&quot;alt&quot;,&quot;gap&quot;:{&quot;unit&quot;:&quot;px&quot;,&quot;size&quot;:&quot;15&quot;,&quot;sizes&quot;:[]},&quot;lazyload&quot;:&quot;yes&quot;,&quot;columns_tablet&quot;:2,&quot;columns_mobile&quot;:1,&quot;gap_tablet&quot;:{&quot;unit&quot;:&quot;px&quot;,&quot;size&quot;:10,&quot;sizes&quot;:[]},&quot;gap_mobile&quot;:{&quot;unit&quot;:&quot;px&quot;,&quot;size&quot;:10,&quot;sizes&quot;:[]},&quot;link_to&quot;:&quot;file&quot;,&quot;overlay_background&quot;:&quot;yes&quot;,&quot;content_hover_animation&quot;:&quot;fade-in&quot;}\" data-widget_type=\"gallery.default\">\n\t\t\t\t<div class=\"elementor-widget-container\">\n\t\t\t\t\t\t\t<div class=\"elementor-gallery__container\">\n\t\t\t\t\t\t\t<a class=\"e-gallery-item elementor-gallery-item elementor-animated-content\" href=\"https:\/\/fort-des-dunes.fr\/wp-content\/uploads\/2024\/02\/Fort-des-Dunes-Muserial-Direction-Leffrinckoucke.jpg\" data-elementor-open-lightbox=\"yes\" data-elementor-lightbox-slideshow=\"4e10d30\" data-elementor-lightbox-title=\"Fort-des-Dunes-Muserial-Direction-Leffrinckoucke\" data-e-action-hash=\"#elementor-action%3Aaction%3Dlightbox%26settings%3DeyJpZCI6NjI2LCJ1cmwiOiJodHRwczpcL1wvZm9ydC1kZXMtZHVuZXMuZnJcL3dwLWNvbnRlbnRcL3VwbG9hZHNcLzIwMjRcLzAyXC9Gb3J0LWRlcy1EdW5lcy1NdXNlcmlhbC1EaXJlY3Rpb24tTGVmZnJpbmNrb3Vja2UuanBnIiwic2xpZGVzaG93IjoiNGUxMGQzMCJ9\">\n\t\t\t\t\t<div class=\"e-gallery-image elementor-gallery-item__image\" data-thumbnail=\"https:\/\/fort-des-dunes.fr\/wp-content\/uploads\/2024\/02\/Fort-des-Dunes-Muserial-Direction-Leffrinckoucke-768x432.jpg\" data-width=\"768\" data-height=\"432\" aria-label=\"Le Fort des Dunes situ\u00e9 \u00e0 Leffrinckoucke (au sein de la Communaut\u00e9 Urbaine de Dunkerque)\" role=\"img\" ><\/div>\n\t\t\t\t\t\t\t\t\t\t\t<div class=\"elementor-gallery-item__overlay\"><\/div>\n\t\t\t\t\t\t\t\t\t\t\t\t\t\t\t<div class=\"elementor-gallery-item__content\">\n\t\t\t\t\t\t\t\t\t\t\t\t\t\t<div class=\"elementor-gallery-item__title\">\n\t\t\t\t\t\t\t\t\t\t\t\t\t\t\t\t\t\tLe Fort des Dunes situ\u00e9 \u00e0 Leffrinckoucke (au sein de la Communaut\u00e9 Urbaine de Dunkerque)\t\t\t\t\t\t\t\t<\/div>\n\t\t\t\t\t\t\t\t\t\t\t\t<\/div>\n\t\t\t\t\t\t\t\t\t<\/a>\n\t\t\t\t\t\t\t<a class=\"e-gallery-item elementor-gallery-item elementor-animated-content\" href=\"https:\/\/fort-des-dunes.fr\/wp-content\/uploads\/2024\/02\/Fort-des-Dunes-Visite-salle-des-dunes-histoire.jpg\" data-elementor-open-lightbox=\"yes\" data-elementor-lightbox-slideshow=\"4e10d30\" data-elementor-lightbox-title=\"Fort-des-Dunes-Visite-salle-des-dunes-histoire\" data-e-action-hash=\"#elementor-action%3Aaction%3Dlightbox%26settings%3DeyJpZCI6OTM4LCJ1cmwiOiJodHRwczpcL1wvZm9ydC1kZXMtZHVuZXMuZnJcL3dwLWNvbnRlbnRcL3VwbG9hZHNcLzIwMjRcLzAyXC9Gb3J0LWRlcy1EdW5lcy1WaXNpdGUtc2FsbGUtZGVzLWR1bmVzLWhpc3RvaXJlLmpwZyIsInNsaWRlc2hvdyI6IjRlMTBkMzAifQ%3D%3D\">\n\t\t\t\t\t<div class=\"e-gallery-image elementor-gallery-item__image\" data-thumbnail=\"https:\/\/fort-des-dunes.fr\/wp-content\/uploads\/2024\/02\/Fort-des-Dunes-Visite-salle-des-dunes-histoire-768x432.jpg\" data-width=\"768\" data-height=\"432\" aria-label=\"Une mus\u00e9ographie pour comprendre le r\u00f4le du Fort dans son contexte historique et g\u00e9ographique\" role=\"img\" ><\/div>\n\t\t\t\t\t\t\t\t\t\t\t<div class=\"elementor-gallery-item__overlay\"><\/div>\n\t\t\t\t\t\t\t\t\t\t\t\t\t\t\t<div class=\"elementor-gallery-item__content\">\n\t\t\t\t\t\t\t\t\t\t\t\t\t\t<div class=\"elementor-gallery-item__title\">\n\t\t\t\t\t\t\t\t\t\t\t\t\t\t\t\t\t\tUne mus\u00e9ographie pour comprendre le r\u00f4le du Fort dans son contexte historique et g\u00e9ographique\t\t\t\t\t\t\t\t<\/div>\n\t\t\t\t\t\t\t\t\t\t\t\t<\/div>\n\t\t\t\t\t\t\t\t\t<\/a>\n\t\t\t\t\t\t\t<a class=\"e-gallery-item elementor-gallery-item elementor-animated-content\" href=\"https:\/\/fort-des-dunes.fr\/wp-content\/uploads\/2024\/02\/Fort-des-Dunes-Visite-Musee-Leffrinckoucke-Dunkerque.jpg\" data-elementor-open-lightbox=\"yes\" data-elementor-lightbox-slideshow=\"4e10d30\" data-elementor-lightbox-title=\"Fort-des-Dunes-Visite-Mus\u00e9e-Leffrinckoucke-Dunkerque\" data-e-action-hash=\"#elementor-action%3Aaction%3Dlightbox%26settings%3DeyJpZCI6OTM0LCJ1cmwiOiJodHRwczpcL1wvZm9ydC1kZXMtZHVuZXMuZnJcL3dwLWNvbnRlbnRcL3VwbG9hZHNcLzIwMjRcLzAyXC9Gb3J0LWRlcy1EdW5lcy1WaXNpdGUtTXVzZWUtTGVmZnJpbmNrb3Vja2UtRHVua2VycXVlLmpwZyIsInNsaWRlc2hvdyI6IjRlMTBkMzAifQ%3D%3D\">\n\t\t\t\t\t<div class=\"e-gallery-image elementor-gallery-item__image\" data-thumbnail=\"https:\/\/fort-des-dunes.fr\/wp-content\/uploads\/2024\/02\/Fort-des-Dunes-Visite-Musee-Leffrinckoucke-Dunkerque-768x432.jpg\" data-width=\"768\" data-height=\"432\" aria-label=\"L&#039;exposition permanente au Mus\u00e9e du Fort des Dunes \u00e0 Leffrinckoucke-Dunkerque\" role=\"img\" ><\/div>\n\t\t\t\t\t\t\t\t\t\t\t<div class=\"elementor-gallery-item__overlay\"><\/div>\n\t\t\t\t\t\t\t\t\t\t\t\t\t\t\t<div class=\"elementor-gallery-item__content\">\n\t\t\t\t\t\t\t\t\t\t\t\t\t\t<div class=\"elementor-gallery-item__title\">\n\t\t\t\t\t\t\t\t\t\t\t\t\t\t\t\t\t\tL'exposition permanente au Mus\u00e9e du Fort des Dunes \u00e0 Leffrinckoucke-Dunkerque\t\t\t\t\t\t\t\t<\/div>\n\t\t\t\t\t\t\t\t\t\t\t\t<\/div>\n\t\t\t\t\t\t\t\t\t<\/a>\n\t\t\t\t\t\t\t<a class=\"e-gallery-item elementor-gallery-item elementor-animated-content\" href=\"https:\/\/fort-des-dunes.fr\/wp-content\/uploads\/2024\/02\/DSC_0015.jpg\" data-elementor-open-lightbox=\"yes\" data-elementor-lightbox-slideshow=\"4e10d30\" data-elementor-lightbox-title=\"DSC_0015\" data-e-action-hash=\"#elementor-action%3Aaction%3Dlightbox%26settings%3DeyJpZCI6NzkxLCJ1cmwiOiJodHRwczpcL1wvZm9ydC1kZXMtZHVuZXMuZnJcL3dwLWNvbnRlbnRcL3VwbG9hZHNcLzIwMjRcLzAyXC9EU0NfMDAxNS5qcGciLCJzbGlkZXNob3ciOiI0ZTEwZDMwIn0%3D\">\n\t\t\t\t\t<div class=\"e-gallery-image elementor-gallery-item__image\" data-thumbnail=\"https:\/\/fort-des-dunes.fr\/wp-content\/uploads\/2024\/02\/DSC_0015-768x512.jpg\" data-width=\"768\" data-height=\"512\" aria-label=\"\" role=\"img\" ><\/div>\n\t\t\t\t\t\t\t\t\t\t\t<div class=\"elementor-gallery-item__overlay\"><\/div>\n\t\t\t\t\t\t\t\t\t\t\t\t\t\t\t<div class=\"elementor-gallery-item__content\">\n\t\t\t\t\t\t\t\t\t\t\t<\/div>\n\t\t\t\t\t\t\t\t\t<\/a>\n\t\t\t\t\t<\/div>\n\t\t\t\t\t<\/div>\n\t\t\t\t<\/div>\n\t\t\t\t\t<\/div>\n\t\t<\/div>\n\t\t\t\t\t<\/div>\n\t\t<\/section>\n\t\t\t\t<section class=\"elementor-section elementor-top-section elementor-element elementor-element-9177c34 elementor-section-full_width elementor-section-height-default elementor-section-height-default\" data-id=\"9177c34\" data-element_type=\"section\" data-e-type=\"section\">\n\t\t\t\t\t\t<div class=\"elementor-container elementor-column-gap-default\">\n\t\t\t\t\t<div class=\"elementor-column elementor-col-100 elementor-top-column elementor-element elementor-element-8775b06\" data-id=\"8775b06\" data-element_type=\"column\" data-e-type=\"column\">\n\t\t\t<div class=\"elementor-widget-wrap elementor-element-populated\">\n\t\t\t\t\t\t<div class=\"elementor-element elementor-element-2a40974 elementor-widget elementor-widget-template\" data-id=\"2a40974\" data-element_type=\"widget\" data-e-type=\"widget\" data-widget_type=\"template.default\">\n\t\t\t\t<div class=\"elementor-widget-container\">\n\t\t\t\t\t\t\t<div class=\"elementor-template\">\n\t\t\t\t\t<div data-elementor-type=\"section\" data-elementor-id=\"5521\" class=\"elementor elementor-5521 elementor-5465\" data-elementor-post-type=\"elementor_library\">\n\t\t\t\t\t<section class=\"elementor-section elementor-top-section elementor-element elementor-element-f0253e6 elementor-section-height-min-height elementor-section-full_width elementor-section-height-default elementor-section-items-middle\" data-id=\"f0253e6\" data-element_type=\"section\" data-e-type=\"section\" data-settings=\"{&quot;background_background&quot;:&quot;classic&quot;,&quot;shape_divider_top&quot;:&quot;wave-brush&quot;,&quot;shape_divider_bottom&quot;:&quot;wave-brush&quot;}\">\n\t\t\t\t\t\t\t<div class=\"elementor-background-overlay\"><\/div>\n\t\t\t\t\t\t<div class=\"elementor-shape elementor-shape-top\" aria-hidden=\"true\" data-negative=\"false\">\n\t\t\t<svg xmlns=\"http:\/\/www.w3.org\/2000\/svg\" viewBox=\"0 0 283.5 27.8\" preserveAspectRatio=\"none\">\n\t<path class=\"elementor-shape-fill\" d=\"M283.5,9.7c0,0-7.3,4.3-14,4.6c-6.8,0.3-12.6,0-20.9-1.5c-11.3-2-33.1-10.1-44.7-5.7\ts-12.1,4.6-18,7.4c-6.6,3.2-20,9.6-36.6,9.3C131.6,23.5,99.5,7.2,86.3,8c-1.4,0.1-6.6,0.8-10.5,2c-3.8,1.2-9.4,3.8-17,4.7\tc-3.2,0.4-8.3,1.1-14.2,0.9c-1.5-0.1-6.3-0.4-12-1.6c-5.7-1.2-11-3.1-15.8-3.7C6.5,9.2,0,10.8,0,10.8V0h283.5V9.7z M260.8,11.3\tc-0.7-1-2-0.4-4.3-0.4c-2.3,0-6.1-1.2-5.8-1.1c0.3,0.1,3.1,1.5,6,1.9C259.7,12.2,261.4,12.3,260.8,11.3z M242.4,8.6\tc0,0-2.4-0.2-5.6-0.9c-3.2-0.8-10.3-2.8-15.1-3.5c-8.2-1.1-15.8,0-15.1,0.1c0.8,0.1,9.6-0.6,17.6,1.1c3.3,0.7,9.3,2.2,12.4,2.7\tC239.9,8.7,242.4,8.6,242.4,8.6z M185.2,8.5c1.7-0.7-13.3,4.7-18.5,6.1c-2.1,0.6-6.2,1.6-10,2c-3.9,0.4-8.9,0.4-8.8,0.5\tc0,0.2,5.8,0.8,11.2,0c5.4-0.8,5.2-1.1,7.6-1.6C170.5,14.7,183.5,9.2,185.2,8.5z M199.1,6.9c0.2,0-0.8-0.4-4.8,1.1\tc-4,1.5-6.7,3.5-6.9,3.7c-0.2,0.1,3.5-1.8,6.6-3C197,7.5,199,6.9,199.1,6.9z M283,6c-0.1,0.1-1.9,1.1-4.8,2.5s-6.9,2.8-6.7,2.7\tc0.2,0,3.5-0.6,7.4-2.5C282.8,6.8,283.1,5.9,283,6z M31.3,11.6c0.1-0.2-1.9-0.2-4.5-1.2s-5.4-1.6-7.8-2C15,7.6,7.3,8.5,7.7,8.6\tC8,8.7,15.9,8.3,20.2,9.3c2.2,0.5,2.4,0.5,5.7,1.6S31.2,11.9,31.3,11.6z M73,9.2c0.4-0.1,3.5-1.6,8.4-2.6c4.9-1.1,8.9-0.5,8.9-0.8\tc0-0.3-1-0.9-6.2-0.3S72.6,9.3,73,9.2z M71.6,6.7C71.8,6.8,75,5.4,77.3,5c2.3-0.3,1.9-0.5,1.9-0.6c0-0.1-1.1-0.2-2.7,0.2\tC74.8,5.1,71.4,6.6,71.6,6.7z M93.6,4.4c0.1,0.2,3.5,0.8,5.6,1.8c2.1,1,1.8,0.6,1.9,0.5c0.1-0.1-0.8-0.8-2.4-1.3\tC97.1,4.8,93.5,4.2,93.6,4.4z M65.4,11.1c-0.1,0.3,0.3,0.5,1.9-0.2s2.6-1.3,2.2-1.2s-0.9,0.4-2.5,0.8C65.3,10.9,65.5,10.8,65.4,11.1\tz M34.5,12.4c-0.2,0,2.1,0.8,3.3,0.9c1.2,0.1,2,0.1,2-0.2c0-0.3-0.1-0.5-1.6-0.4C36.6,12.8,34.7,12.4,34.5,12.4z M152.2,21.1\tc-0.1,0.1-2.4-0.3-7.5-0.3c-5,0-13.6-2.4-17.2-3.5c-3.6-1.1,10,3.9,16.5,4.1C150.5,21.6,152.3,21,152.2,21.1z\"\/>\n\t<path class=\"elementor-shape-fill\" d=\"M269.6,18c-0.1-0.1-4.6,0.3-7.2,0c-7.3-0.7-17-3.2-16.6-2.9c0.4,0.3,13.7,3.1,17,3.3\tC267.7,18.8,269.7,18,269.6,18z\"\/>\n\t<path class=\"elementor-shape-fill\" d=\"M227.4,9.8c-0.2-0.1-4.5-1-9.5-1.2c-5-0.2-12.7,0.6-12.3,0.5c0.3-0.1,5.9-1.8,13.3-1.2\tS227.6,9.9,227.4,9.8z\"\/>\n\t<path class=\"elementor-shape-fill\" d=\"M204.5,13.4c-0.1-0.1,2-1,3.2-1.1c1.2-0.1,2,0,2,0.3c0,0.3-0.1,0.5-1.6,0.4\tC206.4,12.9,204.6,13.5,204.5,13.4z\"\/>\n\t<path class=\"elementor-shape-fill\" d=\"M201,10.6c0-0.1-4.4,1.2-6.3,2.2c-1.9,0.9-6.2,3.1-6.1,3.1c0.1,0.1,4.2-1.6,6.3-2.6\tS201,10.7,201,10.6z\"\/>\n\t<path class=\"elementor-shape-fill\" d=\"M154.5,26.7c-0.1-0.1-4.6,0.3-7.2,0c-7.3-0.7-17-3.2-16.6-2.9c0.4,0.3,13.7,3.1,17,3.3\tC152.6,27.5,154.6,26.8,154.5,26.7z\"\/>\n\t<path class=\"elementor-shape-fill\" d=\"M41.9,19.3c0,0,1.2-0.3,2.9-0.1c1.7,0.2,5.8,0.9,8.2,0.7c4.2-0.4,7.4-2.7,7-2.6\tc-0.4,0-4.3,2.2-8.6,1.9c-1.8-0.1-5.1-0.5-6.7-0.4S41.9,19.3,41.9,19.3z\"\/>\n\t<path class=\"elementor-shape-fill\" d=\"M75.5,12.6c0.2,0.1,2-0.8,4.3-1.1c2.3-0.2,2.1-0.3,2.1-0.5c0-0.1-1.8-0.4-3.4,0\tC76.9,11.5,75.3,12.5,75.5,12.6z\"\/>\n\t<path class=\"elementor-shape-fill\" d=\"M15.6,13.2c0-0.1,4.3,0,6.7,0.5c2.4,0.5,5,1.9,5,2c0,0.1-2.7-0.8-5.1-1.4\tC19.9,13.7,15.7,13.3,15.6,13.2z\"\/>\n<\/svg>\t\t<\/div>\n\t\t\t\t<div class=\"elementor-shape elementor-shape-bottom\" aria-hidden=\"true\" data-negative=\"false\">\n\t\t\t<svg xmlns=\"http:\/\/www.w3.org\/2000\/svg\" viewBox=\"0 0 283.5 27.8\" preserveAspectRatio=\"none\">\n\t<path class=\"elementor-shape-fill\" d=\"M283.5,9.7c0,0-7.3,4.3-14,4.6c-6.8,0.3-12.6,0-20.9-1.5c-11.3-2-33.1-10.1-44.7-5.7\ts-12.1,4.6-18,7.4c-6.6,3.2-20,9.6-36.6,9.3C131.6,23.5,99.5,7.2,86.3,8c-1.4,0.1-6.6,0.8-10.5,2c-3.8,1.2-9.4,3.8-17,4.7\tc-3.2,0.4-8.3,1.1-14.2,0.9c-1.5-0.1-6.3-0.4-12-1.6c-5.7-1.2-11-3.1-15.8-3.7C6.5,9.2,0,10.8,0,10.8V0h283.5V9.7z M260.8,11.3\tc-0.7-1-2-0.4-4.3-0.4c-2.3,0-6.1-1.2-5.8-1.1c0.3,0.1,3.1,1.5,6,1.9C259.7,12.2,261.4,12.3,260.8,11.3z M242.4,8.6\tc0,0-2.4-0.2-5.6-0.9c-3.2-0.8-10.3-2.8-15.1-3.5c-8.2-1.1-15.8,0-15.1,0.1c0.8,0.1,9.6-0.6,17.6,1.1c3.3,0.7,9.3,2.2,12.4,2.7\tC239.9,8.7,242.4,8.6,242.4,8.6z M185.2,8.5c1.7-0.7-13.3,4.7-18.5,6.1c-2.1,0.6-6.2,1.6-10,2c-3.9,0.4-8.9,0.4-8.8,0.5\tc0,0.2,5.8,0.8,11.2,0c5.4-0.8,5.2-1.1,7.6-1.6C170.5,14.7,183.5,9.2,185.2,8.5z M199.1,6.9c0.2,0-0.8-0.4-4.8,1.1\tc-4,1.5-6.7,3.5-6.9,3.7c-0.2,0.1,3.5-1.8,6.6-3C197,7.5,199,6.9,199.1,6.9z M283,6c-0.1,0.1-1.9,1.1-4.8,2.5s-6.9,2.8-6.7,2.7\tc0.2,0,3.5-0.6,7.4-2.5C282.8,6.8,283.1,5.9,283,6z M31.3,11.6c0.1-0.2-1.9-0.2-4.5-1.2s-5.4-1.6-7.8-2C15,7.6,7.3,8.5,7.7,8.6\tC8,8.7,15.9,8.3,20.2,9.3c2.2,0.5,2.4,0.5,5.7,1.6S31.2,11.9,31.3,11.6z M73,9.2c0.4-0.1,3.5-1.6,8.4-2.6c4.9-1.1,8.9-0.5,8.9-0.8\tc0-0.3-1-0.9-6.2-0.3S72.6,9.3,73,9.2z M71.6,6.7C71.8,6.8,75,5.4,77.3,5c2.3-0.3,1.9-0.5,1.9-0.6c0-0.1-1.1-0.2-2.7,0.2\tC74.8,5.1,71.4,6.6,71.6,6.7z M93.6,4.4c0.1,0.2,3.5,0.8,5.6,1.8c2.1,1,1.8,0.6,1.9,0.5c0.1-0.1-0.8-0.8-2.4-1.3\tC97.1,4.8,93.5,4.2,93.6,4.4z M65.4,11.1c-0.1,0.3,0.3,0.5,1.9-0.2s2.6-1.3,2.2-1.2s-0.9,0.4-2.5,0.8C65.3,10.9,65.5,10.8,65.4,11.1\tz M34.5,12.4c-0.2,0,2.1,0.8,3.3,0.9c1.2,0.1,2,0.1,2-0.2c0-0.3-0.1-0.5-1.6-0.4C36.6,12.8,34.7,12.4,34.5,12.4z M152.2,21.1\tc-0.1,0.1-2.4-0.3-7.5-0.3c-5,0-13.6-2.4-17.2-3.5c-3.6-1.1,10,3.9,16.5,4.1C150.5,21.6,152.3,21,152.2,21.1z\"\/>\n\t<path class=\"elementor-shape-fill\" d=\"M269.6,18c-0.1-0.1-4.6,0.3-7.2,0c-7.3-0.7-17-3.2-16.6-2.9c0.4,0.3,13.7,3.1,17,3.3\tC267.7,18.8,269.7,18,269.6,18z\"\/>\n\t<path class=\"elementor-shape-fill\" d=\"M227.4,9.8c-0.2-0.1-4.5-1-9.5-1.2c-5-0.2-12.7,0.6-12.3,0.5c0.3-0.1,5.9-1.8,13.3-1.2\tS227.6,9.9,227.4,9.8z\"\/>\n\t<path class=\"elementor-shape-fill\" d=\"M204.5,13.4c-0.1-0.1,2-1,3.2-1.1c1.2-0.1,2,0,2,0.3c0,0.3-0.1,0.5-1.6,0.4\tC206.4,12.9,204.6,13.5,204.5,13.4z\"\/>\n\t<path class=\"elementor-shape-fill\" d=\"M201,10.6c0-0.1-4.4,1.2-6.3,2.2c-1.9,0.9-6.2,3.1-6.1,3.1c0.1,0.1,4.2-1.6,6.3-2.6\tS201,10.7,201,10.6z\"\/>\n\t<path class=\"elementor-shape-fill\" d=\"M154.5,26.7c-0.1-0.1-4.6,0.3-7.2,0c-7.3-0.7-17-3.2-16.6-2.9c0.4,0.3,13.7,3.1,17,3.3\tC152.6,27.5,154.6,26.8,154.5,26.7z\"\/>\n\t<path class=\"elementor-shape-fill\" d=\"M41.9,19.3c0,0,1.2-0.3,2.9-0.1c1.7,0.2,5.8,0.9,8.2,0.7c4.2-0.4,7.4-2.7,7-2.6\tc-0.4,0-4.3,2.2-8.6,1.9c-1.8-0.1-5.1-0.5-6.7-0.4S41.9,19.3,41.9,19.3z\"\/>\n\t<path class=\"elementor-shape-fill\" d=\"M75.5,12.6c0.2,0.1,2-0.8,4.3-1.1c2.3-0.2,2.1-0.3,2.1-0.5c0-0.1-1.8-0.4-3.4,0\tC76.9,11.5,75.3,12.5,75.5,12.6z\"\/>\n\t<path class=\"elementor-shape-fill\" d=\"M15.6,13.2c0-0.1,4.3,0,6.7,0.5c2.4,0.5,5,1.9,5,2c0,0.1-2.7-0.8-5.1-1.4\tC19.9,13.7,15.7,13.3,15.6,13.2z\"\/>\n<\/svg>\t\t<\/div>\n\t\t\t\t\t<div class=\"elementor-container elementor-column-gap-default\">\n\t\t\t\t\t<div class=\"elementor-column elementor-col-100 elementor-top-column elementor-element elementor-element-3af85cf\" data-id=\"3af85cf\" data-element_type=\"column\" data-e-type=\"column\">\n\t\t\t<div class=\"elementor-widget-wrap elementor-element-populated\">\n\t\t\t\t\t\t<div class=\"elementor-element elementor-element-9e912a4 no-margin elementor-widget elementor-widget-heading\" data-id=\"9e912a4\" data-element_type=\"widget\" data-e-type=\"widget\" data-widget_type=\"heading.default\">\n\t\t\t\t<div class=\"elementor-widget-container\">\n\t\t\t\t\t<p class=\"elementor-heading-title elementor-size-default\">Museum und Gedenkst\u00e4tte<\/p>\t\t\t\t<\/div>\n\t\t\t\t<\/div>\n\t\t\t\t<div class=\"elementor-element elementor-element-e2bc91e elementor-widget elementor-widget-heading\" data-id=\"e2bc91e\" data-element_type=\"widget\" data-e-type=\"widget\" data-widget_type=\"heading.default\">\n\t\t\t\t<div class=\"elementor-widget-container\">\n\t\t\t\t\t<h2 class=\"elementor-heading-title elementor-size-default\">Besuchen Sie ein Milit\u00e4rfort<br>im Herzen der D\u00fcnen<\/h2>\t\t\t\t<\/div>\n\t\t\t\t<\/div>\n\t\t\t\t<section class=\"elementor-section elementor-inner-section elementor-element elementor-element-88be6b6 elementor-section-boxed elementor-section-height-default elementor-section-height-default\" data-id=\"88be6b6\" data-element_type=\"section\" data-e-type=\"section\">\n\t\t\t\t\t\t<div class=\"elementor-container elementor-column-gap-default\">\n\t\t\t\t\t<div class=\"elementor-column elementor-col-50 elementor-inner-column elementor-element elementor-element-4af6012\" data-id=\"4af6012\" data-element_type=\"column\" data-e-type=\"column\">\n\t\t\t<div class=\"elementor-widget-wrap elementor-element-populated\">\n\t\t\t\t\t\t<div class=\"elementor-element elementor-element-d62d2de elementor-align-right elementor-mobile-align-center elementor-widget elementor-widget-button\" data-id=\"d62d2de\" data-element_type=\"widget\" data-e-type=\"widget\" data-widget_type=\"button.default\">\n\t\t\t\t<div class=\"elementor-widget-container\">\n\t\t\t\t\t\t\t\t\t<div class=\"elementor-button-wrapper\">\n\t\t\t\t\t<a class=\"elementor-button elementor-button-link elementor-size-sm\" href=\"https:\/\/fort-des-dunes.fr\/de\/shop\/\">\n\t\t\t\t\t\t<span class=\"elementor-button-content-wrapper\">\n\t\t\t\t\t\t\t\t\t<span class=\"elementor-button-text\">Programmieren Sie<br>Ihr Besuch<\/span>\n\t\t\t\t\t<\/span>\n\t\t\t\t\t<\/a>\n\t\t\t\t<\/div>\n\t\t\t\t\t\t\t\t<\/div>\n\t\t\t\t<\/div>\n\t\t\t\t\t<\/div>\n\t\t<\/div>\n\t\t\t\t<div class=\"elementor-column elementor-col-50 elementor-inner-column elementor-element elementor-element-a502aa3\" data-id=\"a502aa3\" data-element_type=\"column\" data-e-type=\"column\">\n\t\t\t<div class=\"elementor-widget-wrap elementor-element-populated\">\n\t\t\t\t\t\t<div class=\"elementor-element elementor-element-a448823 elementor-align-left elementor-mobile-align-center elementor-widget elementor-widget-button\" data-id=\"a448823\" data-element_type=\"widget\" data-e-type=\"widget\" data-widget_type=\"button.default\">\n\t\t\t\t<div class=\"elementor-widget-container\">\n\t\t\t\t\t\t\t\t\t<div class=\"elementor-button-wrapper\">\n\t\t\t\t\t<a class=\"elementor-button elementor-button-link elementor-size-sm\" href=\"https:\/\/fort-des-dunes.fr\/de\/besuchen-sie-das-fort-des-dunes\/\">\n\t\t\t\t\t\t<span class=\"elementor-button-content-wrapper\">\n\t\t\t\t\t\t\t\t\t<span class=\"elementor-button-text\">N\u00fctzliche<br>Informationen<\/span>\n\t\t\t\t\t<\/span>\n\t\t\t\t\t<\/a>\n\t\t\t\t<\/div>\n\t\t\t\t\t\t\t\t<\/div>\n\t\t\t\t<\/div>\n\t\t\t\t\t<\/div>\n\t\t<\/div>\n\t\t\t\t\t<\/div>\n\t\t<\/section>\n\t\t\t\t\t<\/div>\n\t\t<\/div>\n\t\t\t\t\t<\/div>\n\t\t<\/section>\n\t\t\t\t<\/div>\n\t\t\t\t<\/div>\n\t\t\t\t\t\t<\/div>\n\t\t\t\t<\/div>\n\t\t\t\t\t<\/div>\n\t\t<\/div>\n\t\t\t\t\t<\/div>\n\t\t<\/section>\n\t\t\t\t<section class=\"elementor-section elementor-top-section elementor-element elementor-element-e3be6d2 elementor-section-boxed elementor-section-height-default elementor-section-height-default\" data-id=\"e3be6d2\" data-element_type=\"section\" data-e-type=\"section\">\n\t\t\t\t\t\t<div class=\"elementor-container elementor-column-gap-default\">\n\t\t\t\t\t<div class=\"elementor-column elementor-col-100 elementor-top-column elementor-element elementor-element-6066d66\" data-id=\"6066d66\" data-element_type=\"column\" data-e-type=\"column\">\n\t\t\t<div class=\"elementor-widget-wrap elementor-element-populated\">\n\t\t\t\t\t\t<div class=\"elementor-element elementor-element-28fe92a elementor-widget elementor-widget-heading\" data-id=\"28fe92a\" data-element_type=\"widget\" data-e-type=\"widget\" data-widget_type=\"heading.default\">\n\t\t\t\t<div class=\"elementor-widget-container\">\n\t\t\t\t\t<h2 class=\"elementor-heading-title elementor-size-default\">Entdecken Sie auch<\/h2>\t\t\t\t<\/div>\n\t\t\t\t<\/div>\n\t\t\t\t<div class=\"elementor-element elementor-element-83f6760 elementor-widget-divider--separator-type-pattern elementor-widget-divider--no-spacing elementor-widget-divider--view-line elementor-widget elementor-widget-divider\" data-id=\"83f6760\" data-element_type=\"widget\" data-e-type=\"widget\" data-widget_type=\"divider.default\">\n\t\t\t\t<div class=\"elementor-widget-container\">\n\t\t\t\t\t\t\t<div class=\"elementor-divider\" style=\"--divider-pattern-url: url(&quot;data:image\/svg+xml,%3Csvg xmlns=&#039;http:\/\/www.w3.org\/2000\/svg&#039; preserveAspectRatio=&#039;xMidYMid meet&#039; overflow=&#039;visible&#039; height=&#039;100%&#039; viewBox=&#039;0 0 126 26&#039; fill=&#039;black&#039; stroke=&#039;none&#039;%3E%3Cpath d=&#039;M46.8,7.8v11.5L36,18.6V7.8H46.8z M82.4,7.8L84,18.6l-12,0.7L70.4,7.8H82.4z M0,7.8l12,0.9v9.9H1.3L0,7.8z M30,7.8v10.8H19L18,7.8H30z M63.7,7.8L66,18.6H54V9.5L63.7,7.8z M89.8,7L102,7.8v10.8H91.2L89.8,7zM108,7.8l12,0.9v8.9l-12,1V7.8z&#039;\/%3E%3C\/svg%3E&quot;);\">\n\t\t\t<span class=\"elementor-divider-separator\">\n\t\t\t\t\t\t<\/span>\n\t\t<\/div>\n\t\t\t\t\t\t<\/div>\n\t\t\t\t<\/div>\n\t\t\t\t\t<\/div>\n\t\t<\/div>\n\t\t\t\t\t<\/div>\n\t\t<\/section>\n\t\t\t\t<section class=\"elementor-section elementor-top-section elementor-element elementor-element-b9cc329 elementor-section-boxed elementor-section-height-default elementor-section-height-default\" data-id=\"b9cc329\" data-element_type=\"section\" data-e-type=\"section\">\n\t\t\t\t\t\t<div class=\"elementor-container elementor-column-gap-default\">\n\t\t\t\t\t<div class=\"elementor-column elementor-col-25 elementor-top-column elementor-element elementor-element-9a6595d\" data-id=\"9a6595d\" data-element_type=\"column\" data-e-type=\"column\" data-settings=\"{&quot;background_background&quot;:&quot;classic&quot;}\">\n\t\t\t<div class=\"elementor-widget-wrap elementor-element-populated\">\n\t\t\t\t\t\t<div class=\"elementor-element elementor-element-eaa9916 elementor-widget elementor-widget-template\" data-id=\"eaa9916\" data-element_type=\"widget\" data-e-type=\"widget\" data-widget_type=\"template.default\">\n\t\t\t\t<div class=\"elementor-widget-container\">\n\t\t\t\t\t\t\t<div class=\"elementor-template\">\n\t\t\t\t\t<div data-elementor-type=\"section\" data-elementor-id=\"5119\" class=\"elementor elementor-5119 elementor-4065\" data-elementor-post-type=\"elementor_library\">\n\t\t\t\t\t<section class=\"elementor-section elementor-top-section elementor-element elementor-element-e3d3b15 elementor-section-boxed elementor-section-height-default elementor-section-height-default\" data-id=\"e3d3b15\" data-element_type=\"section\" data-e-type=\"section\">\n\t\t\t\t\t\t<div class=\"elementor-container elementor-column-gap-default\">\n\t\t\t\t\t<div class=\"elementor-column elementor-col-100 elementor-top-column elementor-element elementor-element-aeaaa32\" data-id=\"aeaaa32\" data-element_type=\"column\" data-e-type=\"column\">\n\t\t\t<div class=\"elementor-widget-wrap elementor-element-populated\">\n\t\t\t\t\t\t<div class=\"elementor-element elementor-element-93c0609 elementor-position-top elementor-widget elementor-widget-image-box\" data-id=\"93c0609\" data-element_type=\"widget\" data-e-type=\"widget\" data-widget_type=\"image-box.default\">\n\t\t\t\t<div class=\"elementor-widget-container\">\n\t\t\t\t\t<div class=\"elementor-image-box-wrapper\"><figure class=\"elementor-image-box-img\"><a href=\"https:\/\/fort-des-dunes.fr\/de\/le-muserial\/die-geschichte-des-fort-des-dunes\/\" tabindex=\"-1\"><img decoding=\"async\" width=\"600\" height=\"338\" src=\"https:\/\/fort-des-dunes.fr\/wp-content\/uploads\/2024\/02\/Fort-des-Dunes-Visite-salle-des-dunes-histoire-600x338.jpg\" class=\"attachment-woocommerce_single size-woocommerce_single wp-image-938\" alt=\"Une mus\u00e9ographie pour comprendre le r\u00f4le du Fort dans son contexte historique et g\u00e9ographique\" srcset=\"https:\/\/fort-des-dunes.fr\/wp-content\/uploads\/2024\/02\/Fort-des-Dunes-Visite-salle-des-dunes-histoire-600x338.jpg 600w, https:\/\/fort-des-dunes.fr\/wp-content\/uploads\/2024\/02\/Fort-des-Dunes-Visite-salle-des-dunes-histoire-300x169.jpg 300w, https:\/\/fort-des-dunes.fr\/wp-content\/uploads\/2024\/02\/Fort-des-Dunes-Visite-salle-des-dunes-histoire-1024x576.jpg 1024w, https:\/\/fort-des-dunes.fr\/wp-content\/uploads\/2024\/02\/Fort-des-Dunes-Visite-salle-des-dunes-histoire-768x432.jpg 768w, https:\/\/fort-des-dunes.fr\/wp-content\/uploads\/2024\/02\/Fort-des-Dunes-Visite-salle-des-dunes-histoire-1536x864.jpg 1536w, https:\/\/fort-des-dunes.fr\/wp-content\/uploads\/2024\/02\/Fort-des-Dunes-Visite-salle-des-dunes-histoire-800x450.jpg 800w, https:\/\/fort-des-dunes.fr\/wp-content\/uploads\/2024\/02\/Fort-des-Dunes-Visite-salle-des-dunes-histoire.jpg 1920w\" sizes=\"(max-width: 600px) 100vw, 600px\" \/><\/a><\/figure><div class=\"elementor-image-box-content\"><h3 class=\"elementor-image-box-title\"><a href=\"https:\/\/fort-des-dunes.fr\/de\/le-muserial\/die-geschichte-des-fort-des-dunes\/\">Die Geschichte des Forts<\/a><\/h3><p class=\"elementor-image-box-description\">150 Jahre Geschichte(n), zwei Kriege und die Operation Dynamo vor Ihren Augen.<\/p><\/div><\/div>\t\t\t\t<\/div>\n\t\t\t\t<\/div>\n\t\t\t\t<div class=\"elementor-element elementor-element-c1b3812 elementor-widget-divider--view-line elementor-widget elementor-widget-divider\" data-id=\"c1b3812\" data-element_type=\"widget\" data-e-type=\"widget\" data-widget_type=\"divider.default\">\n\t\t\t\t<div class=\"elementor-widget-container\">\n\t\t\t\t\t\t\t<div class=\"elementor-divider\">\n\t\t\t<span class=\"elementor-divider-separator\">\n\t\t\t\t\t\t<\/span>\n\t\t<\/div>\n\t\t\t\t\t\t<\/div>\n\t\t\t\t<\/div>\n\t\t\t\t\t<\/div>\n\t\t<\/div>\n\t\t\t\t\t<\/div>\n\t\t<\/section>\n\t\t\t\t<\/div>\n\t\t\t\t<\/div>\n\t\t\t\t\t\t<\/div>\n\t\t\t\t<\/div>\n\t\t\t\t\t<\/div>\n\t\t<\/div>\n\t\t\t\t<div class=\"elementor-column elementor-col-25 elementor-top-column elementor-element elementor-element-777eb8a\" data-id=\"777eb8a\" data-element_type=\"column\" data-e-type=\"column\" data-settings=\"{&quot;background_background&quot;:&quot;classic&quot;}\">\n\t\t\t<div class=\"elementor-widget-wrap elementor-element-populated\">\n\t\t\t\t\t\t<div class=\"elementor-element elementor-element-cf1d53d elementor-widget elementor-widget-template\" data-id=\"cf1d53d\" data-element_type=\"widget\" data-e-type=\"widget\" data-widget_type=\"template.default\">\n\t\t\t\t<div class=\"elementor-widget-container\">\n\t\t\t\t\t\t\t<div class=\"elementor-template\">\n\t\t\t\t\t<div data-elementor-type=\"section\" data-elementor-id=\"5127\" class=\"elementor elementor-5127 elementor-4058\" data-elementor-post-type=\"elementor_library\">\n\t\t\t\t\t<section class=\"elementor-section elementor-top-section elementor-element elementor-element-8d0218f elementor-section-boxed elementor-section-height-default elementor-section-height-default\" data-id=\"8d0218f\" data-element_type=\"section\" data-e-type=\"section\">\n\t\t\t\t\t\t<div class=\"elementor-container elementor-column-gap-default\">\n\t\t\t\t\t<div class=\"elementor-column elementor-col-100 elementor-top-column elementor-element elementor-element-d5f5a29\" data-id=\"d5f5a29\" data-element_type=\"column\" data-e-type=\"column\">\n\t\t\t<div class=\"elementor-widget-wrap elementor-element-populated\">\n\t\t\t\t\t\t<div class=\"elementor-element elementor-element-145fd62 elementor-position-top elementor-widget elementor-widget-image-box\" data-id=\"145fd62\" data-element_type=\"widget\" data-e-type=\"widget\" data-widget_type=\"image-box.default\">\n\t\t\t\t<div class=\"elementor-widget-container\">\n\t\t\t\t\t<div class=\"elementor-image-box-wrapper\"><figure class=\"elementor-image-box-img\"><a href=\"https:\/\/fort-des-dunes.fr\/de\/le-muserial\/\" tabindex=\"-1\"><img decoding=\"async\" width=\"600\" height=\"338\" src=\"https:\/\/fort-des-dunes.fr\/wp-content\/uploads\/2024\/02\/Fort-des-Dunes-Evenements-activites-plein-air-600x338.jpg\" class=\"attachment-woocommerce_single size-woocommerce_single wp-image-480\" alt=\"Organiser un ANNIVERSAIRE au Fort\" srcset=\"https:\/\/fort-des-dunes.fr\/wp-content\/uploads\/2024\/02\/Fort-des-Dunes-Evenements-activites-plein-air-600x338.jpg 600w, https:\/\/fort-des-dunes.fr\/wp-content\/uploads\/2024\/02\/Fort-des-Dunes-Evenements-activites-plein-air-300x169.jpg 300w, https:\/\/fort-des-dunes.fr\/wp-content\/uploads\/2024\/02\/Fort-des-Dunes-Evenements-activites-plein-air-1024x576.jpg 1024w, https:\/\/fort-des-dunes.fr\/wp-content\/uploads\/2024\/02\/Fort-des-Dunes-Evenements-activites-plein-air-768x432.jpg 768w, https:\/\/fort-des-dunes.fr\/wp-content\/uploads\/2024\/02\/Fort-des-Dunes-Evenements-activites-plein-air-1536x864.jpg 1536w, https:\/\/fort-des-dunes.fr\/wp-content\/uploads\/2024\/02\/Fort-des-Dunes-Evenements-activites-plein-air-800x450.jpg 800w, https:\/\/fort-des-dunes.fr\/wp-content\/uploads\/2024\/02\/Fort-des-Dunes-Evenements-activites-plein-air.jpg 1920w\" sizes=\"(max-width: 600px) 100vw, 600px\" \/><\/a><\/figure><div class=\"elementor-image-box-content\"><h3 class=\"elementor-image-box-title\"><a href=\"https:\/\/fort-des-dunes.fr\/de\/le-muserial\/\">Das Museum heute<\/a><\/h3><p class=\"elementor-image-box-description\">Ein Ort der kulturellen Veranstaltungen, der Erinnerung und der verschiedenen Aktivit\u00e4ten.<\/p><\/div><\/div>\t\t\t\t<\/div>\n\t\t\t\t<\/div>\n\t\t\t\t<div class=\"elementor-element elementor-element-b3df545 elementor-widget-divider--view-line elementor-widget elementor-widget-divider\" data-id=\"b3df545\" data-element_type=\"widget\" data-e-type=\"widget\" data-widget_type=\"divider.default\">\n\t\t\t\t<div class=\"elementor-widget-container\">\n\t\t\t\t\t\t\t<div class=\"elementor-divider\">\n\t\t\t<span class=\"elementor-divider-separator\">\n\t\t\t\t\t\t<\/span>\n\t\t<\/div>\n\t\t\t\t\t\t<\/div>\n\t\t\t\t<\/div>\n\t\t\t\t\t<\/div>\n\t\t<\/div>\n\t\t\t\t\t<\/div>\n\t\t<\/section>\n\t\t\t\t<\/div>\n\t\t\t\t<\/div>\n\t\t\t\t\t\t<\/div>\n\t\t\t\t<\/div>\n\t\t\t\t\t<\/div>\n\t\t<\/div>\n\t\t\t\t<div class=\"elementor-column elementor-col-25 elementor-top-column elementor-element elementor-element-2a39644\" data-id=\"2a39644\" data-element_type=\"column\" data-e-type=\"column\" data-settings=\"{&quot;background_background&quot;:&quot;classic&quot;}\">\n\t\t\t<div class=\"elementor-widget-wrap elementor-element-populated\">\n\t\t\t\t\t\t<div class=\"elementor-element elementor-element-123bae3 elementor-widget elementor-widget-template\" data-id=\"123bae3\" data-element_type=\"widget\" data-e-type=\"widget\" data-widget_type=\"template.default\">\n\t\t\t\t<div class=\"elementor-widget-container\">\n\t\t\t\t\t\t\t<div class=\"elementor-template\">\n\t\t\t\t\t<div data-elementor-type=\"section\" data-elementor-id=\"5131\" class=\"elementor elementor-5131 elementor-4049\" data-elementor-post-type=\"elementor_library\">\n\t\t\t\t\t<section class=\"elementor-section elementor-top-section elementor-element elementor-element-20b1a3b elementor-section-boxed elementor-section-height-default elementor-section-height-default\" data-id=\"20b1a3b\" data-element_type=\"section\" data-e-type=\"section\">\n\t\t\t\t\t\t<div class=\"elementor-container elementor-column-gap-default\">\n\t\t\t\t\t<div class=\"elementor-column elementor-col-100 elementor-top-column elementor-element elementor-element-a66636d\" data-id=\"a66636d\" data-element_type=\"column\" data-e-type=\"column\">\n\t\t\t<div class=\"elementor-widget-wrap elementor-element-populated\">\n\t\t\t\t\t\t<div class=\"elementor-element elementor-element-209f1b4 elementor-position-top elementor-widget elementor-widget-image-box\" data-id=\"209f1b4\" data-element_type=\"widget\" data-e-type=\"widget\" data-widget_type=\"image-box.default\">\n\t\t\t\t<div class=\"elementor-widget-container\">\n\t\t\t\t\t<div class=\"elementor-image-box-wrapper\"><figure class=\"elementor-image-box-img\"><a href=\"https:\/\/fort-des-dunes.fr\/de\/le-muserial\/foto-videogalerie\/\" tabindex=\"-1\"><img loading=\"lazy\" decoding=\"async\" width=\"600\" height=\"338\" src=\"https:\/\/fort-des-dunes.fr\/wp-content\/uploads\/2024\/02\/Fort-des-dunes-cour-muserial-600x338.jpg\" class=\"attachment-woocommerce_single size-woocommerce_single wp-image-479\" alt=\"Cour int\u00e9rieure du mus\u00e9rial du Fort des Dunes\" srcset=\"https:\/\/fort-des-dunes.fr\/wp-content\/uploads\/2024\/02\/Fort-des-dunes-cour-muserial-600x338.jpg 600w, https:\/\/fort-des-dunes.fr\/wp-content\/uploads\/2024\/02\/Fort-des-dunes-cour-muserial-300x169.jpg 300w, https:\/\/fort-des-dunes.fr\/wp-content\/uploads\/2024\/02\/Fort-des-dunes-cour-muserial-1024x576.jpg 1024w, https:\/\/fort-des-dunes.fr\/wp-content\/uploads\/2024\/02\/Fort-des-dunes-cour-muserial-768x432.jpg 768w, https:\/\/fort-des-dunes.fr\/wp-content\/uploads\/2024\/02\/Fort-des-dunes-cour-muserial-1536x864.jpg 1536w, https:\/\/fort-des-dunes.fr\/wp-content\/uploads\/2024\/02\/Fort-des-dunes-cour-muserial-800x450.jpg 800w, https:\/\/fort-des-dunes.fr\/wp-content\/uploads\/2024\/02\/Fort-des-dunes-cour-muserial.jpg 1920w\" sizes=\"(max-width: 600px) 100vw, 600px\" \/><\/a><\/figure><div class=\"elementor-image-box-content\"><h3 class=\"elementor-image-box-title\"><a href=\"https:\/\/fort-des-dunes.fr\/de\/le-muserial\/foto-videogalerie\/\">Fotogalerie<\/a><\/h3><p class=\"elementor-image-box-description\">Entdecken Sie das Fort in Bildern, die aus allen Blickwinkeln fotografiert wurden...<\/p><\/div><\/div>\t\t\t\t<\/div>\n\t\t\t\t<\/div>\n\t\t\t\t<div class=\"elementor-element elementor-element-fc4060d elementor-widget-divider--view-line elementor-widget elementor-widget-divider\" data-id=\"fc4060d\" data-element_type=\"widget\" data-e-type=\"widget\" data-widget_type=\"divider.default\">\n\t\t\t\t<div class=\"elementor-widget-container\">\n\t\t\t\t\t\t\t<div class=\"elementor-divider\">\n\t\t\t<span class=\"elementor-divider-separator\">\n\t\t\t\t\t\t<\/span>\n\t\t<\/div>\n\t\t\t\t\t\t<\/div>\n\t\t\t\t<\/div>\n\t\t\t\t\t<\/div>\n\t\t<\/div>\n\t\t\t\t\t<\/div>\n\t\t<\/section>\n\t\t\t\t<\/div>\n\t\t\t\t<\/div>\n\t\t\t\t\t\t<\/div>\n\t\t\t\t<\/div>\n\t\t\t\t\t<\/div>\n\t\t<\/div>\n\t\t\t\t<div class=\"elementor-column elementor-col-25 elementor-top-column elementor-element elementor-element-4110f61\" data-id=\"4110f61\" data-element_type=\"column\" data-e-type=\"column\" data-settings=\"{&quot;background_background&quot;:&quot;classic&quot;}\">\n\t\t\t<div class=\"elementor-widget-wrap elementor-element-populated\">\n\t\t\t\t\t\t<div class=\"elementor-element elementor-element-0b6f0b7 elementor-widget elementor-widget-template\" data-id=\"0b6f0b7\" data-element_type=\"widget\" data-e-type=\"widget\" data-widget_type=\"template.default\">\n\t\t\t\t<div class=\"elementor-widget-container\">\n\t\t\t\t\t\t\t<div class=\"elementor-template\">\n\t\t\t\t\t<div data-elementor-type=\"section\" data-elementor-id=\"5121\" class=\"elementor elementor-5121 elementor-4061\" data-elementor-post-type=\"elementor_library\">\n\t\t\t\t\t<section class=\"elementor-section elementor-top-section elementor-element elementor-element-ce43ed7 elementor-section-boxed elementor-section-height-default elementor-section-height-default\" data-id=\"ce43ed7\" data-element_type=\"section\" data-e-type=\"section\">\n\t\t\t\t\t\t<div class=\"elementor-container elementor-column-gap-default\">\n\t\t\t\t\t<div class=\"elementor-column elementor-col-100 elementor-top-column elementor-element elementor-element-9e6a5ce\" data-id=\"9e6a5ce\" data-element_type=\"column\" data-e-type=\"column\">\n\t\t\t<div class=\"elementor-widget-wrap elementor-element-populated\">\n\t\t\t\t\t\t<div class=\"elementor-element elementor-element-883e844 elementor-position-top elementor-widget elementor-widget-image-box\" data-id=\"883e844\" data-element_type=\"widget\" data-e-type=\"widget\" data-widget_type=\"image-box.default\">\n\t\t\t\t<div class=\"elementor-widget-container\">\n\t\t\t\t\t<div class=\"elementor-image-box-wrapper\"><figure class=\"elementor-image-box-img\"><a href=\"https:\/\/fort-des-dunes.fr\/de\/besuchen-sie-das-fort-des-dunes\/\" tabindex=\"-1\"><img loading=\"lazy\" decoding=\"async\" width=\"600\" height=\"338\" src=\"https:\/\/fort-des-dunes.fr\/wp-content\/uploads\/2024\/02\/Fort-des-Dunes-Vue-generale-cour-espaces-exterieurs-visite-musee-600x338.jpg\" class=\"attachment-woocommerce_single size-woocommerce_single wp-image-948\" alt=\"\" srcset=\"https:\/\/fort-des-dunes.fr\/wp-content\/uploads\/2024\/02\/Fort-des-Dunes-Vue-generale-cour-espaces-exterieurs-visite-musee-600x338.jpg 600w, https:\/\/fort-des-dunes.fr\/wp-content\/uploads\/2024\/02\/Fort-des-Dunes-Vue-generale-cour-espaces-exterieurs-visite-musee-300x169.jpg 300w, https:\/\/fort-des-dunes.fr\/wp-content\/uploads\/2024\/02\/Fort-des-Dunes-Vue-generale-cour-espaces-exterieurs-visite-musee-1024x576.jpg 1024w, https:\/\/fort-des-dunes.fr\/wp-content\/uploads\/2024\/02\/Fort-des-Dunes-Vue-generale-cour-espaces-exterieurs-visite-musee-768x432.jpg 768w, https:\/\/fort-des-dunes.fr\/wp-content\/uploads\/2024\/02\/Fort-des-Dunes-Vue-generale-cour-espaces-exterieurs-visite-musee-1536x864.jpg 1536w, https:\/\/fort-des-dunes.fr\/wp-content\/uploads\/2024\/02\/Fort-des-Dunes-Vue-generale-cour-espaces-exterieurs-visite-musee-800x450.jpg 800w, https:\/\/fort-des-dunes.fr\/wp-content\/uploads\/2024\/02\/Fort-des-Dunes-Vue-generale-cour-espaces-exterieurs-visite-musee.jpg 1920w\" sizes=\"(max-width: 600px) 100vw, 600px\" \/><\/a><\/figure><div class=\"elementor-image-box-content\"><h3 class=\"elementor-image-box-title\"><a href=\"https:\/\/fort-des-dunes.fr\/de\/besuchen-sie-das-fort-des-dunes\/\">Besuchen Sie das Museum<\/a><\/h3><p class=\"elementor-image-box-description\">Ein einzigartiger befestigter Ort am Rande eines bemerkenswerten D\u00fcnengebietes.<\/p><\/div><\/div>\t\t\t\t<\/div>\n\t\t\t\t<\/div>\n\t\t\t\t<div class=\"elementor-element elementor-element-5652fe4 elementor-widget-divider--view-line elementor-widget elementor-widget-divider\" data-id=\"5652fe4\" data-element_type=\"widget\" data-e-type=\"widget\" data-widget_type=\"divider.default\">\n\t\t\t\t<div class=\"elementor-widget-container\">\n\t\t\t\t\t\t\t<div class=\"elementor-divider\">\n\t\t\t<span class=\"elementor-divider-separator\">\n\t\t\t\t\t\t<\/span>\n\t\t<\/div>\n\t\t\t\t\t\t<\/div>\n\t\t\t\t<\/div>\n\t\t\t\t\t<\/div>\n\t\t<\/div>\n\t\t\t\t\t<\/div>\n\t\t<\/section>\n\t\t\t\t<\/div>\n\t\t\t\t<\/div>\n\t\t\t\t\t\t<\/div>\n\t\t\t\t<\/div>\n\t\t\t\t\t<\/div>\n\t\t<\/div>\n\t\t\t\t\t<\/div>\n\t\t<\/section>\n\t\t\t\t<\/div>\n\t\t","protected":false},"excerpt":{"rendered":"<p>600 m\u00b2 Dauerausstellung Eine neue dynamische und immersive Museografie Wenn man das Innere des Forts betritt, bietet sich den Besuchern eine immersive Erfahrung dank einer neuen, innovativen Szenographie, die digitale Technologien nutzt. Mit mehr als 600 m\u00b2 interaktiver und spielerischer Ausstellungen bietet das Museum einen fesselnden Einblick in die Geschichte Flanderns, einem strategischen Gebiet im [&hellip;]<\/p>\n","protected":false},"author":1,"featured_media":0,"parent":5208,"menu_order":0,"comment_status":"closed","ping_status":"closed","template":"elementor_header_footer","meta":{"_acf_changed":false,"ocean_post_layout":"","ocean_both_sidebars_style":"","ocean_both_sidebars_content_width":0,"ocean_both_sidebars_sidebars_width":0,"ocean_sidebar":"","ocean_second_sidebar":"","ocean_disable_margins":"enable","ocean_add_body_class":"","ocean_shortcode_before_top_bar":"","ocean_shortcode_after_top_bar":"","ocean_shortcode_before_header":"","ocean_shortcode_after_header":"","ocean_has_shortcode":"","ocean_shortcode_after_title":"","ocean_shortcode_before_footer_widgets":"","ocean_shortcode_after_footer_widgets":"","ocean_shortcode_before_footer_bottom":"","ocean_shortcode_after_footer_bottom":"","ocean_display_top_bar":"default","ocean_display_header":"default","ocean_header_style":"","ocean_center_header_left_menu":"","ocean_custom_header_template":"","ocean_custom_logo":0,"ocean_custom_retina_logo":0,"ocean_custom_logo_max_width":0,"ocean_custom_logo_tablet_max_width":0,"ocean_custom_logo_mobile_max_width":0,"ocean_custom_logo_max_height":0,"ocean_custom_logo_tablet_max_height":0,"ocean_custom_logo_mobile_max_height":0,"ocean_header_custom_menu":"","ocean_menu_typo_font_family":"","ocean_menu_typo_font_subset":"","ocean_menu_typo_font_size":0,"ocean_menu_typo_font_size_tablet":0,"ocean_menu_typo_font_size_mobile":0,"ocean_menu_typo_font_size_unit":"px","ocean_menu_typo_font_weight":"","ocean_menu_typo_font_weight_tablet":"","ocean_menu_typo_font_weight_mobile":"","ocean_menu_typo_transform":"","ocean_menu_typo_transform_tablet":"","ocean_menu_typo_transform_mobile":"","ocean_menu_typo_line_height":0,"ocean_menu_typo_line_height_tablet":0,"ocean_menu_typo_line_height_mobile":0,"ocean_menu_typo_line_height_unit":"","ocean_menu_typo_spacing":0,"ocean_menu_typo_spacing_tablet":0,"ocean_menu_typo_spacing_mobile":0,"ocean_menu_typo_spacing_unit":"","ocean_menu_link_color":"","ocean_menu_link_color_hover":"","ocean_menu_link_color_active":"","ocean_menu_link_background":"","ocean_menu_link_hover_background":"","ocean_menu_link_active_background":"","ocean_menu_social_links_bg":"","ocean_menu_social_hover_links_bg":"","ocean_menu_social_links_color":"","ocean_menu_social_hover_links_color":"","ocean_disable_title":"default","ocean_disable_heading":"default","ocean_post_title":"","ocean_post_subheading":"Ein v\u00f6llig neu gestalteter und renovierter Museumsbereich im Jahr 2020","ocean_post_title_style":"background-image","ocean_post_title_background_color":"","ocean_post_title_background":0,"ocean_post_title_bg_image_position":"","ocean_post_title_bg_image_attachment":"","ocean_post_title_bg_image_repeat":"","ocean_post_title_bg_image_size":"","ocean_post_title_height":0,"ocean_post_title_bg_overlay":0.5,"ocean_post_title_bg_overlay_color":"","ocean_disable_breadcrumbs":"default","ocean_breadcrumbs_color":"","ocean_breadcrumbs_separator_color":"","ocean_breadcrumbs_links_color":"","ocean_breadcrumbs_links_hover_color":"","ocean_display_footer_widgets":"default","ocean_display_footer_bottom":"default","ocean_custom_footer_template":"","osh_disable_topbar_sticky":"default","osh_disable_header_sticky":"default","osh_sticky_header_style":"default","osh_sticky_header_effect":"","osh_custom_sticky_logo":0,"osh_custom_retina_sticky_logo":0,"osh_custom_sticky_logo_height":0,"osh_background_color":"","osh_links_color":"","osh_links_hover_color":"","osh_links_active_color":"","osh_links_bg_color":"","osh_links_hover_bg_color":"","osh_links_active_bg_color":"","osh_menu_social_links_color":"","osh_menu_social_hover_links_color":"","footnotes":""},"class_list":["post-5313","page","type-page","status-publish","hentry","entry","owp-thumbs-layout-horizontal","owp-btn-big","owp-tabs-layout-horizontal","has-no-thumbnails"],"acf":[],"yoast_head":"<!-- This site is optimized with the Yoast SEO Premium plugin v27.1 (Yoast SEO v27.1.1) - https:\/\/yoast.com\/product\/yoast-seo-premium-wordpress\/ -->\n<title>Die neue Szenographie - Fort des Dunes | Leffrinckoucke<\/title>\n<meta name=\"robots\" content=\"index, follow, max-snippet:-1, max-image-preview:large, max-video-preview:-1\" \/>\n<link rel=\"canonical\" href=\"https:\/\/fort-des-dunes.fr\/de\/le-muserial\/die-neue-szenographie\/\" \/>\n<meta property=\"og:locale\" content=\"de_DE\" \/>\n<meta property=\"og:type\" content=\"article\" \/>\n<meta property=\"og:title\" content=\"Die neue Szenographie\" \/>\n<meta property=\"og:description\" content=\"600 m\u00b2 Dauerausstellung Eine neue dynamische und immersive Museografie Wenn man das Innere des Forts betritt, bietet sich den Besuchern eine immersive Erfahrung dank einer neuen, innovativen Szenographie, die digitale Technologien nutzt. Mit mehr als 600 m\u00b2 interaktiver und spielerischer Ausstellungen bietet das Museum einen fesselnden Einblick in die Geschichte Flanderns, einem strategischen Gebiet im [&hellip;]\" \/>\n<meta property=\"og:url\" content=\"https:\/\/fort-des-dunes.fr\/de\/le-muserial\/die-neue-szenographie\/\" \/>\n<meta property=\"og:site_name\" content=\"Fort des Dunes | Leffrinckoucke\" \/>\n<meta property=\"article:publisher\" content=\"https:\/\/www.facebook.com\/FortdesDunes\/\" \/>\n<meta property=\"article:modified_time\" content=\"2024-10-08T14:54:07+00:00\" \/>\n<meta property=\"og:image\" content=\"https:\/\/fort-des-dunes.fr\/wp-content\/uploads\/2024\/02\/Fort-des-Dunes-Evenements-activites-plein-air-768x432.jpg\" \/>\n<meta name=\"twitter:card\" content=\"summary_large_image\" \/>\n<script type=\"application\/ld+json\" class=\"yoast-schema-graph\">{\"@context\":\"https:\/\/schema.org\",\"@graph\":[{\"@type\":\"WebPage\",\"@id\":\"https:\/\/fort-des-dunes.fr\/de\/le-muserial\/die-neue-szenographie\/\",\"url\":\"https:\/\/fort-des-dunes.fr\/de\/le-muserial\/die-neue-szenographie\/\",\"name\":\"Die neue Szenographie - Fort des Dunes | Leffrinckoucke\",\"isPartOf\":{\"@id\":\"https:\/\/fort-des-dunes.fr\/de\/#website\"},\"primaryImageOfPage\":{\"@id\":\"https:\/\/fort-des-dunes.fr\/de\/le-muserial\/die-neue-szenographie\/#primaryimage\"},\"image\":{\"@id\":\"https:\/\/fort-des-dunes.fr\/de\/le-muserial\/die-neue-szenographie\/#primaryimage\"},\"thumbnailUrl\":\"https:\/\/fort-des-dunes.fr\/wp-content\/uploads\/2024\/02\/Fort-des-Dunes-Evenements-activites-plein-air-768x432.jpg\",\"datePublished\":\"2024-02-04T14:58:27+00:00\",\"dateModified\":\"2024-10-08T14:54:07+00:00\",\"breadcrumb\":{\"@id\":\"https:\/\/fort-des-dunes.fr\/de\/le-muserial\/die-neue-szenographie\/#breadcrumb\"},\"inLanguage\":\"de\",\"potentialAction\":[{\"@type\":\"ReadAction\",\"target\":[\"https:\/\/fort-des-dunes.fr\/de\/le-muserial\/die-neue-szenographie\/\"]}]},{\"@type\":\"ImageObject\",\"inLanguage\":\"de\",\"@id\":\"https:\/\/fort-des-dunes.fr\/de\/le-muserial\/die-neue-szenographie\/#primaryimage\",\"url\":\"https:\/\/fort-des-dunes.fr\/wp-content\/uploads\/2024\/02\/Fort-des-Dunes-Evenements-activites-plein-air-768x432.jpg\",\"contentUrl\":\"https:\/\/fort-des-dunes.fr\/wp-content\/uploads\/2024\/02\/Fort-des-Dunes-Evenements-activites-plein-air-768x432.jpg\"},{\"@type\":\"BreadcrumbList\",\"@id\":\"https:\/\/fort-des-dunes.fr\/de\/le-muserial\/die-neue-szenographie\/#breadcrumb\",\"itemListElement\":[{\"@type\":\"ListItem\",\"position\":1,\"name\":\"Accueil\",\"item\":\"https:\/\/fort-des-dunes.fr\/de\/\"},{\"@type\":\"ListItem\",\"position\":2,\"name\":\"Das Museum\",\"item\":\"https:\/\/fort-des-dunes.fr\/de\/le-muserial\/\"},{\"@type\":\"ListItem\",\"position\":3,\"name\":\"Die neue Szenographie\"}]},{\"@type\":\"WebSite\",\"@id\":\"https:\/\/fort-des-dunes.fr\/de\/#website\",\"url\":\"https:\/\/fort-des-dunes.fr\/de\/\",\"name\":\"Fort des Dunes | Leffrinckoucke\",\"description\":\"Un mus\u00e9e historique au coeur des dunes de Dunkerque\",\"publisher\":{\"@id\":\"https:\/\/fort-des-dunes.fr\/de\/#organization\"},\"alternateName\":\"Fort des Dunes\",\"potentialAction\":[{\"@type\":\"SearchAction\",\"target\":{\"@type\":\"EntryPoint\",\"urlTemplate\":\"https:\/\/fort-des-dunes.fr\/de\/?s={search_term_string}\"},\"query-input\":{\"@type\":\"PropertyValueSpecification\",\"valueRequired\":true,\"valueName\":\"search_term_string\"}}],\"inLanguage\":\"de\"},{\"@type\":[\"Organization\",\"Place\",\"Museum\"],\"@id\":\"https:\/\/fort-des-dunes.fr\/de\/#organization\",\"name\":\"Fort des Dunes Leffrinckoucke-Dunkerque\",\"alternateName\":\"Fort des Dunes\",\"url\":\"https:\/\/fort-des-dunes.fr\/de\/\",\"logo\":{\"@id\":\"https:\/\/fort-des-dunes.fr\/de\/le-muserial\/die-neue-szenographie\/#local-main-organization-logo\"},\"image\":{\"@id\":\"https:\/\/fort-des-dunes.fr\/de\/le-muserial\/die-neue-szenographie\/#local-main-organization-logo\"},\"sameAs\":[\"https:\/\/www.facebook.com\/FortdesDunes\/\",\"https:\/\/www.instagram.com\/fortdesdunes\/\"],\"description\":\"Le Fort des Dunes est un ouvrage militaire situ\u00e9 au sein de l\u2019espace des Dunes de Flandres, sur la commune de Leffrinckoucke et \u00e0 proximit\u00e9 de Dunkerque. Il dispose d'un mus\u00e9e, d'un th\u00e9\u00e2tre et d'un espace de plein air avec de nombreux \u00e9v\u00e9nements, visites, concerts et activit\u00e9s toute l'ann\u00e9e. La billetterie en ligne permet de r\u00e9server les places via le site internet directement.\",\"legalName\":\"Fort des Dunes\",\"foundingDate\":\"1998-06-01\",\"numberOfEmployees\":{\"@type\":\"QuantitativeValue\",\"minValue\":\"1\",\"maxValue\":\"10\"},\"actionableFeedbackPolicy\":\"https:\/\/fort-des-dunes.fr\/mentions-legales-politique-confidentialite-rgpd\/\",\"address\":{\"@id\":\"https:\/\/fort-des-dunes.fr\/de\/le-muserial\/die-neue-szenographie\/#local-main-place-address\"},\"geo\":{\"@type\":\"GeoCoordinates\",\"latitude\":\"51.05342275378238\",\"longitude\":\"2.4470795569430526\"},\"telephone\":[],\"contactPoint\":{\"@type\":\"ContactPoint\",\"telephone\":\"+33328291317\"},\"openingHoursSpecification\":[{\"@type\":\"OpeningHoursSpecification\",\"dayOfWeek\":[\"Monday\"],\"opens\":\"00:00\",\"closes\":\"00:00\"},{\"@type\":\"OpeningHoursSpecification\",\"dayOfWeek\":[\"Tuesday\",\"Wednesday\",\"Thursday\",\"Friday\",\"Saturday\",\"Sunday\"],\"opens\":\"10:00\",\"closes\":\"18:00\"}],\"areaServed\":\"Leffrinckoucke, Dunkerque\"},{\"@type\":\"PostalAddress\",\"@id\":\"https:\/\/fort-des-dunes.fr\/de\/le-muserial\/die-neue-szenographie\/#local-main-place-address\",\"streetAddress\":\"Chemin du Fort\",\"addressLocality\":\"Leffrinckoucke\",\"postalCode\":\"59495\",\"addressCountry\":\"FR\"},{\"@type\":\"ImageObject\",\"inLanguage\":\"de\",\"@id\":\"https:\/\/fort-des-dunes.fr\/de\/le-muserial\/die-neue-szenographie\/#local-main-organization-logo\",\"url\":\"https:\/\/fort-des-dunes.fr\/wp-content\/uploads\/2024\/02\/Muserial_Fort-des-Dunes-Logo-gris.png\",\"contentUrl\":\"https:\/\/fort-des-dunes.fr\/wp-content\/uploads\/2024\/02\/Muserial_Fort-des-Dunes-Logo-gris.png\",\"width\":600,\"height\":576,\"caption\":\"Fort des Dunes Leffrinckoucke-Dunkerque\"}]}<\/script>\n<meta name=\"geo.placename\" content=\"Leffrinckoucke\" \/>\n<meta name=\"geo.position\" content=\"51.05342275378238;2.4470795569430526\" \/>\n<meta name=\"geo.region\" content=\"Frankreich\" \/>\n<!-- \/ Yoast SEO Premium plugin. -->","yoast_head_json":{"title":"Die neue Szenographie - Fort des Dunes | Leffrinckoucke","robots":{"index":"index","follow":"follow","max-snippet":"max-snippet:-1","max-image-preview":"max-image-preview:large","max-video-preview":"max-video-preview:-1"},"canonical":"https:\/\/fort-des-dunes.fr\/de\/le-muserial\/die-neue-szenographie\/","og_locale":"de_DE","og_type":"article","og_title":"Die neue Szenographie","og_description":"600 m\u00b2 Dauerausstellung Eine neue dynamische und immersive Museografie Wenn man das Innere des Forts betritt, bietet sich den Besuchern eine immersive Erfahrung dank einer neuen, innovativen Szenographie, die digitale Technologien nutzt. Mit mehr als 600 m\u00b2 interaktiver und spielerischer Ausstellungen bietet das Museum einen fesselnden Einblick in die Geschichte Flanderns, einem strategischen Gebiet im [&hellip;]","og_url":"https:\/\/fort-des-dunes.fr\/de\/le-muserial\/die-neue-szenographie\/","og_site_name":"Fort des Dunes | Leffrinckoucke","article_publisher":"https:\/\/www.facebook.com\/FortdesDunes\/","article_modified_time":"2024-10-08T14:54:07+00:00","og_image":[{"url":"https:\/\/fort-des-dunes.fr\/wp-content\/uploads\/2024\/02\/Fort-des-Dunes-Evenements-activites-plein-air-768x432.jpg","type":"","width":"","height":""}],"twitter_card":"summary_large_image","schema":{"@context":"https:\/\/schema.org","@graph":[{"@type":"WebPage","@id":"https:\/\/fort-des-dunes.fr\/de\/le-muserial\/die-neue-szenographie\/","url":"https:\/\/fort-des-dunes.fr\/de\/le-muserial\/die-neue-szenographie\/","name":"Die neue Szenographie - Fort des Dunes | Leffrinckoucke","isPartOf":{"@id":"https:\/\/fort-des-dunes.fr\/de\/#website"},"primaryImageOfPage":{"@id":"https:\/\/fort-des-dunes.fr\/de\/le-muserial\/die-neue-szenographie\/#primaryimage"},"image":{"@id":"https:\/\/fort-des-dunes.fr\/de\/le-muserial\/die-neue-szenographie\/#primaryimage"},"thumbnailUrl":"https:\/\/fort-des-dunes.fr\/wp-content\/uploads\/2024\/02\/Fort-des-Dunes-Evenements-activites-plein-air-768x432.jpg","datePublished":"2024-02-04T14:58:27+00:00","dateModified":"2024-10-08T14:54:07+00:00","breadcrumb":{"@id":"https:\/\/fort-des-dunes.fr\/de\/le-muserial\/die-neue-szenographie\/#breadcrumb"},"inLanguage":"de","potentialAction":[{"@type":"ReadAction","target":["https:\/\/fort-des-dunes.fr\/de\/le-muserial\/die-neue-szenographie\/"]}]},{"@type":"ImageObject","inLanguage":"de","@id":"https:\/\/fort-des-dunes.fr\/de\/le-muserial\/die-neue-szenographie\/#primaryimage","url":"https:\/\/fort-des-dunes.fr\/wp-content\/uploads\/2024\/02\/Fort-des-Dunes-Evenements-activites-plein-air-768x432.jpg","contentUrl":"https:\/\/fort-des-dunes.fr\/wp-content\/uploads\/2024\/02\/Fort-des-Dunes-Evenements-activites-plein-air-768x432.jpg"},{"@type":"BreadcrumbList","@id":"https:\/\/fort-des-dunes.fr\/de\/le-muserial\/die-neue-szenographie\/#breadcrumb","itemListElement":[{"@type":"ListItem","position":1,"name":"Accueil","item":"https:\/\/fort-des-dunes.fr\/de\/"},{"@type":"ListItem","position":2,"name":"Das Museum","item":"https:\/\/fort-des-dunes.fr\/de\/le-muserial\/"},{"@type":"ListItem","position":3,"name":"Die neue Szenographie"}]},{"@type":"WebSite","@id":"https:\/\/fort-des-dunes.fr\/de\/#website","url":"https:\/\/fort-des-dunes.fr\/de\/","name":"Fort des Dunes | Leffrinckoucke","description":"Un mus\u00e9e historique au coeur des dunes de Dunkerque","publisher":{"@id":"https:\/\/fort-des-dunes.fr\/de\/#organization"},"alternateName":"Fort des Dunes","potentialAction":[{"@type":"SearchAction","target":{"@type":"EntryPoint","urlTemplate":"https:\/\/fort-des-dunes.fr\/de\/?s={search_term_string}"},"query-input":{"@type":"PropertyValueSpecification","valueRequired":true,"valueName":"search_term_string"}}],"inLanguage":"de"},{"@type":["Organization","Place","Museum"],"@id":"https:\/\/fort-des-dunes.fr\/de\/#organization","name":"Fort des Dunes Leffrinckoucke-Dunkerque","alternateName":"Fort des Dunes","url":"https:\/\/fort-des-dunes.fr\/de\/","logo":{"@id":"https:\/\/fort-des-dunes.fr\/de\/le-muserial\/die-neue-szenographie\/#local-main-organization-logo"},"image":{"@id":"https:\/\/fort-des-dunes.fr\/de\/le-muserial\/die-neue-szenographie\/#local-main-organization-logo"},"sameAs":["https:\/\/www.facebook.com\/FortdesDunes\/","https:\/\/www.instagram.com\/fortdesdunes\/"],"description":"Le Fort des Dunes est un ouvrage militaire situ\u00e9 au sein de l\u2019espace des Dunes de Flandres, sur la commune de Leffrinckoucke et \u00e0 proximit\u00e9 de Dunkerque. Il dispose d'un mus\u00e9e, d'un th\u00e9\u00e2tre et d'un espace de plein air avec de nombreux \u00e9v\u00e9nements, visites, concerts et activit\u00e9s toute l'ann\u00e9e. La billetterie en ligne permet de r\u00e9server les places via le site internet directement.","legalName":"Fort des Dunes","foundingDate":"1998-06-01","numberOfEmployees":{"@type":"QuantitativeValue","minValue":"1","maxValue":"10"},"actionableFeedbackPolicy":"https:\/\/fort-des-dunes.fr\/mentions-legales-politique-confidentialite-rgpd\/","address":{"@id":"https:\/\/fort-des-dunes.fr\/de\/le-muserial\/die-neue-szenographie\/#local-main-place-address"},"geo":{"@type":"GeoCoordinates","latitude":"51.05342275378238","longitude":"2.4470795569430526"},"telephone":[],"contactPoint":{"@type":"ContactPoint","telephone":"+33328291317"},"openingHoursSpecification":[{"@type":"OpeningHoursSpecification","dayOfWeek":["Monday"],"opens":"00:00","closes":"00:00"},{"@type":"OpeningHoursSpecification","dayOfWeek":["Tuesday","Wednesday","Thursday","Friday","Saturday","Sunday"],"opens":"10:00","closes":"18:00"}],"areaServed":"Leffrinckoucke, Dunkerque"},{"@type":"PostalAddress","@id":"https:\/\/fort-des-dunes.fr\/de\/le-muserial\/die-neue-szenographie\/#local-main-place-address","streetAddress":"Chemin du Fort","addressLocality":"Leffrinckoucke","postalCode":"59495","addressCountry":"FR"},{"@type":"ImageObject","inLanguage":"de","@id":"https:\/\/fort-des-dunes.fr\/de\/le-muserial\/die-neue-szenographie\/#local-main-organization-logo","url":"https:\/\/fort-des-dunes.fr\/wp-content\/uploads\/2024\/02\/Muserial_Fort-des-Dunes-Logo-gris.png","contentUrl":"https:\/\/fort-des-dunes.fr\/wp-content\/uploads\/2024\/02\/Muserial_Fort-des-Dunes-Logo-gris.png","width":600,"height":576,"caption":"Fort des Dunes Leffrinckoucke-Dunkerque"}]},"geo.placename":"Leffrinckoucke","geo.position":{"lat":"51.05342275378238","long":"2.4470795569430526"},"geo.region":"Frankreich"},"_links":{"self":[{"href":"https:\/\/fort-des-dunes.fr\/de\/wp-json\/wp\/v2\/pages\/5313","targetHints":{"allow":["GET"]}}],"collection":[{"href":"https:\/\/fort-des-dunes.fr\/de\/wp-json\/wp\/v2\/pages"}],"about":[{"href":"https:\/\/fort-des-dunes.fr\/de\/wp-json\/wp\/v2\/types\/page"}],"author":[{"embeddable":true,"href":"https:\/\/fort-des-dunes.fr\/de\/wp-json\/wp\/v2\/users\/1"}],"replies":[{"embeddable":true,"href":"https:\/\/fort-des-dunes.fr\/de\/wp-json\/wp\/v2\/comments?post=5313"}],"version-history":[{"count":3,"href":"https:\/\/fort-des-dunes.fr\/de\/wp-json\/wp\/v2\/pages\/5313\/revisions"}],"predecessor-version":[{"id":8651,"href":"https:\/\/fort-des-dunes.fr\/de\/wp-json\/wp\/v2\/pages\/5313\/revisions\/8651"}],"up":[{"embeddable":true,"href":"https:\/\/fort-des-dunes.fr\/de\/wp-json\/wp\/v2\/pages\/5208"}],"wp:attachment":[{"href":"https:\/\/fort-des-dunes.fr\/de\/wp-json\/wp\/v2\/media?parent=5313"}],"curies":[{"name":"wp","href":"https:\/\/api.w.org\/{rel}","templated":true}]}}