{"id":5299,"date":"2024-02-04T15:57:09","date_gmt":"2024-02-04T14:57:09","guid":{"rendered":"https:\/\/fort-des-dunes.fr\/het-museum\/de-geschiedenis-van-fort-des-dunes\/"},"modified":"2024-10-08T16:48:41","modified_gmt":"2024-10-08T14:48:41","slug":"de-geschiedenis-van-fort-des-dunes","status":"publish","type":"page","link":"https:\/\/fort-des-dunes.fr\/nl\/het-museum\/de-geschiedenis-van-fort-des-dunes\/","title":{"rendered":"De geschiedenis van Fort des Dunes"},"content":{"rendered":"\t\t<div data-elementor-type=\"wp-page\" data-elementor-id=\"5299\" class=\"elementor elementor-5299 elementor-451\" data-elementor-post-type=\"page\">\n\t\t\t\t\t\t<section class=\"elementor-section elementor-top-section elementor-element elementor-element-2813707 elementor-section-content-middle elementor-section-boxed elementor-section-height-default elementor-section-height-default\" data-id=\"2813707\" data-element_type=\"section\" data-e-type=\"section\" data-settings=\"{&quot;background_background&quot;:&quot;classic&quot;}\">\n\t\t\t\t\t\t<div class=\"elementor-container elementor-column-gap-no\">\n\t\t\t\t\t<div class=\"elementor-column elementor-col-50 elementor-top-column elementor-element elementor-element-401296d\" data-id=\"401296d\" data-element_type=\"column\" data-e-type=\"column\">\n\t\t\t<div class=\"elementor-widget-wrap elementor-element-populated\">\n\t\t\t\t\t\t<div class=\"elementor-element elementor-element-5d665fe elementor-widget elementor-widget-image\" data-id=\"5d665fe\" data-element_type=\"widget\" data-e-type=\"widget\" data-widget_type=\"image.default\">\n\t\t\t\t<div class=\"elementor-widget-container\">\n\t\t\t\t\t\t\t\t\t\t\t\t\t\t\t<img fetchpriority=\"high\" decoding=\"async\" width=\"768\" height=\"432\" src=\"https:\/\/fort-des-dunes.fr\/wp-content\/uploads\/2024\/02\/Fort-des-Dunes-Vue-aerienne-768x432.jpg\" class=\"attachment-medium_large size-medium_large wp-image-4705\" alt=\"Vue a\u00e9rienne du Fort des Dunes \u00e0 Leffrinckoucke \u00e0 proximit\u00e9 de la Mer du Nord\" srcset=\"https:\/\/fort-des-dunes.fr\/wp-content\/uploads\/2024\/02\/Fort-des-Dunes-Vue-aerienne-768x432.jpg 768w, https:\/\/fort-des-dunes.fr\/wp-content\/uploads\/2024\/02\/Fort-des-Dunes-Vue-aerienne-300x169.jpg 300w, https:\/\/fort-des-dunes.fr\/wp-content\/uploads\/2024\/02\/Fort-des-Dunes-Vue-aerienne-1024x576.jpg 1024w, https:\/\/fort-des-dunes.fr\/wp-content\/uploads\/2024\/02\/Fort-des-Dunes-Vue-aerienne-1536x864.jpg 1536w, https:\/\/fort-des-dunes.fr\/wp-content\/uploads\/2024\/02\/Fort-des-Dunes-Vue-aerienne-800x450.jpg 800w, https:\/\/fort-des-dunes.fr\/wp-content\/uploads\/2024\/02\/Fort-des-Dunes-Vue-aerienne-600x338.jpg 600w, https:\/\/fort-des-dunes.fr\/wp-content\/uploads\/2024\/02\/Fort-des-Dunes-Vue-aerienne.jpg 1920w\" sizes=\"(max-width: 768px) 100vw, 768px\" \/>\t\t\t\t\t\t\t\t\t\t\t\t\t\t\t<\/div>\n\t\t\t\t<\/div>\n\t\t\t\t\t<\/div>\n\t\t<\/div>\n\t\t\t\t<div class=\"elementor-column elementor-col-50 elementor-top-column elementor-element elementor-element-7925e86\" data-id=\"7925e86\" data-element_type=\"column\" data-e-type=\"column\">\n\t\t\t<div class=\"elementor-widget-wrap elementor-element-populated\">\n\t\t\t\t\t\t<div class=\"elementor-element elementor-element-4b15227 elementor-widget elementor-widget-heading\" data-id=\"4b15227\" data-element_type=\"widget\" data-e-type=\"widget\" data-widget_type=\"heading.default\">\n\t\t\t\t<div class=\"elementor-widget-container\">\n\t\t\t\t\t<p class=\"elementor-heading-title elementor-size-default\">Een fort midden in de duinen<\/p>\t\t\t\t<\/div>\n\t\t\t\t<\/div>\n\t\t\t\t<div class=\"elementor-element elementor-element-21d6afd elementor-widget-divider--view-line elementor-widget elementor-widget-divider\" data-id=\"21d6afd\" data-element_type=\"widget\" data-e-type=\"widget\" data-widget_type=\"divider.default\">\n\t\t\t\t<div class=\"elementor-widget-container\">\n\t\t\t\t\t\t\t<div class=\"elementor-divider\">\n\t\t\t<span class=\"elementor-divider-separator\">\n\t\t\t\t\t\t<\/span>\n\t\t<\/div>\n\t\t\t\t\t\t<\/div>\n\t\t\t\t<\/div>\n\t\t\t\t<div class=\"elementor-element elementor-element-5c79b90 elementor-widget elementor-widget-heading\" data-id=\"5c79b90\" data-element_type=\"widget\" data-e-type=\"widget\" data-widget_type=\"heading.default\">\n\t\t\t\t<div class=\"elementor-widget-container\">\n\t\t\t\t\t<h2 class=\"elementor-heading-title elementor-size-default\">Een gecamoufleerde militaire structuur<\/h2>\t\t\t\t<\/div>\n\t\t\t\t<\/div>\n\t\t\t\t<div class=\"elementor-element elementor-element-e0abb48 elementor-widget elementor-widget-text-editor\" data-id=\"e0abb48\" data-element_type=\"widget\" data-e-type=\"widget\" data-widget_type=\"text-editor.default\">\n\t\t\t\t<div class=\"elementor-widget-container\">\n\t\t\t\t\t\t\t\t\t<p>Het Fort des Dunes is een militair bouwwerk gelegen in de Duinen van Vlaanderen, in de gemeente Leffrinckoucke. Op slechts een paar kilometer van Duinkerken en vlakbij het strand werd dit versterkte bouwwerk niet zomaar gebouwd.<\/p>\n<p>Het fort heeft de tand des tijds doorstaan tijdens de grote tragische gebeurtenissen van de 20e eeuw.<\/p>\t\t\t\t\t\t\t\t<\/div>\n\t\t\t\t<\/div>\n\t\t\t\t\t<\/div>\n\t\t<\/div>\n\t\t\t\t\t<\/div>\n\t\t<\/section>\n\t\t\t\t<section class=\"elementor-section elementor-top-section elementor-element elementor-element-140f121 elementor-section-boxed elementor-section-height-default elementor-section-height-default\" data-id=\"140f121\" data-element_type=\"section\" data-e-type=\"section\" data-settings=\"{&quot;shape_divider_top&quot;:&quot;wave-brush&quot;}\">\n\t\t\t\t\t<div class=\"elementor-shape elementor-shape-top\" aria-hidden=\"true\" data-negative=\"false\">\n\t\t\t<svg xmlns=\"http:\/\/www.w3.org\/2000\/svg\" viewBox=\"0 0 283.5 27.8\" preserveAspectRatio=\"none\">\n\t<path class=\"elementor-shape-fill\" d=\"M283.5,9.7c0,0-7.3,4.3-14,4.6c-6.8,0.3-12.6,0-20.9-1.5c-11.3-2-33.1-10.1-44.7-5.7\ts-12.1,4.6-18,7.4c-6.6,3.2-20,9.6-36.6,9.3C131.6,23.5,99.5,7.2,86.3,8c-1.4,0.1-6.6,0.8-10.5,2c-3.8,1.2-9.4,3.8-17,4.7\tc-3.2,0.4-8.3,1.1-14.2,0.9c-1.5-0.1-6.3-0.4-12-1.6c-5.7-1.2-11-3.1-15.8-3.7C6.5,9.2,0,10.8,0,10.8V0h283.5V9.7z M260.8,11.3\tc-0.7-1-2-0.4-4.3-0.4c-2.3,0-6.1-1.2-5.8-1.1c0.3,0.1,3.1,1.5,6,1.9C259.7,12.2,261.4,12.3,260.8,11.3z M242.4,8.6\tc0,0-2.4-0.2-5.6-0.9c-3.2-0.8-10.3-2.8-15.1-3.5c-8.2-1.1-15.8,0-15.1,0.1c0.8,0.1,9.6-0.6,17.6,1.1c3.3,0.7,9.3,2.2,12.4,2.7\tC239.9,8.7,242.4,8.6,242.4,8.6z M185.2,8.5c1.7-0.7-13.3,4.7-18.5,6.1c-2.1,0.6-6.2,1.6-10,2c-3.9,0.4-8.9,0.4-8.8,0.5\tc0,0.2,5.8,0.8,11.2,0c5.4-0.8,5.2-1.1,7.6-1.6C170.5,14.7,183.5,9.2,185.2,8.5z M199.1,6.9c0.2,0-0.8-0.4-4.8,1.1\tc-4,1.5-6.7,3.5-6.9,3.7c-0.2,0.1,3.5-1.8,6.6-3C197,7.5,199,6.9,199.1,6.9z M283,6c-0.1,0.1-1.9,1.1-4.8,2.5s-6.9,2.8-6.7,2.7\tc0.2,0,3.5-0.6,7.4-2.5C282.8,6.8,283.1,5.9,283,6z M31.3,11.6c0.1-0.2-1.9-0.2-4.5-1.2s-5.4-1.6-7.8-2C15,7.6,7.3,8.5,7.7,8.6\tC8,8.7,15.9,8.3,20.2,9.3c2.2,0.5,2.4,0.5,5.7,1.6S31.2,11.9,31.3,11.6z M73,9.2c0.4-0.1,3.5-1.6,8.4-2.6c4.9-1.1,8.9-0.5,8.9-0.8\tc0-0.3-1-0.9-6.2-0.3S72.6,9.3,73,9.2z M71.6,6.7C71.8,6.8,75,5.4,77.3,5c2.3-0.3,1.9-0.5,1.9-0.6c0-0.1-1.1-0.2-2.7,0.2\tC74.8,5.1,71.4,6.6,71.6,6.7z M93.6,4.4c0.1,0.2,3.5,0.8,5.6,1.8c2.1,1,1.8,0.6,1.9,0.5c0.1-0.1-0.8-0.8-2.4-1.3\tC97.1,4.8,93.5,4.2,93.6,4.4z M65.4,11.1c-0.1,0.3,0.3,0.5,1.9-0.2s2.6-1.3,2.2-1.2s-0.9,0.4-2.5,0.8C65.3,10.9,65.5,10.8,65.4,11.1\tz M34.5,12.4c-0.2,0,2.1,0.8,3.3,0.9c1.2,0.1,2,0.1,2-0.2c0-0.3-0.1-0.5-1.6-0.4C36.6,12.8,34.7,12.4,34.5,12.4z M152.2,21.1\tc-0.1,0.1-2.4-0.3-7.5-0.3c-5,0-13.6-2.4-17.2-3.5c-3.6-1.1,10,3.9,16.5,4.1C150.5,21.6,152.3,21,152.2,21.1z\"\/>\n\t<path class=\"elementor-shape-fill\" d=\"M269.6,18c-0.1-0.1-4.6,0.3-7.2,0c-7.3-0.7-17-3.2-16.6-2.9c0.4,0.3,13.7,3.1,17,3.3\tC267.7,18.8,269.7,18,269.6,18z\"\/>\n\t<path class=\"elementor-shape-fill\" d=\"M227.4,9.8c-0.2-0.1-4.5-1-9.5-1.2c-5-0.2-12.7,0.6-12.3,0.5c0.3-0.1,5.9-1.8,13.3-1.2\tS227.6,9.9,227.4,9.8z\"\/>\n\t<path class=\"elementor-shape-fill\" d=\"M204.5,13.4c-0.1-0.1,2-1,3.2-1.1c1.2-0.1,2,0,2,0.3c0,0.3-0.1,0.5-1.6,0.4\tC206.4,12.9,204.6,13.5,204.5,13.4z\"\/>\n\t<path class=\"elementor-shape-fill\" d=\"M201,10.6c0-0.1-4.4,1.2-6.3,2.2c-1.9,0.9-6.2,3.1-6.1,3.1c0.1,0.1,4.2-1.6,6.3-2.6\tS201,10.7,201,10.6z\"\/>\n\t<path class=\"elementor-shape-fill\" d=\"M154.5,26.7c-0.1-0.1-4.6,0.3-7.2,0c-7.3-0.7-17-3.2-16.6-2.9c0.4,0.3,13.7,3.1,17,3.3\tC152.6,27.5,154.6,26.8,154.5,26.7z\"\/>\n\t<path class=\"elementor-shape-fill\" d=\"M41.9,19.3c0,0,1.2-0.3,2.9-0.1c1.7,0.2,5.8,0.9,8.2,0.7c4.2-0.4,7.4-2.7,7-2.6\tc-0.4,0-4.3,2.2-8.6,1.9c-1.8-0.1-5.1-0.5-6.7-0.4S41.9,19.3,41.9,19.3z\"\/>\n\t<path class=\"elementor-shape-fill\" d=\"M75.5,12.6c0.2,0.1,2-0.8,4.3-1.1c2.3-0.2,2.1-0.3,2.1-0.5c0-0.1-1.8-0.4-3.4,0\tC76.9,11.5,75.3,12.5,75.5,12.6z\"\/>\n\t<path class=\"elementor-shape-fill\" d=\"M15.6,13.2c0-0.1,4.3,0,6.7,0.5c2.4,0.5,5,1.9,5,2c0,0.1-2.7-0.8-5.1-1.4\tC19.9,13.7,15.7,13.3,15.6,13.2z\"\/>\n<\/svg>\t\t<\/div>\n\t\t\t\t\t<div class=\"elementor-container elementor-column-gap-default\">\n\t\t\t\t\t<div class=\"elementor-column elementor-col-50 elementor-top-column elementor-element elementor-element-2e23fad\" data-id=\"2e23fad\" data-element_type=\"column\" data-e-type=\"column\">\n\t\t\t<div class=\"elementor-widget-wrap elementor-element-populated\">\n\t\t\t\t\t\t<div class=\"elementor-element elementor-element-eb08f95 elementor-widget elementor-widget-heading\" data-id=\"eb08f95\" data-element_type=\"widget\" data-e-type=\"widget\" data-widget_type=\"heading.default\">\n\t\t\t\t<div class=\"elementor-widget-container\">\n\t\t\t\t\t<p class=\"elementor-heading-title elementor-size-default\">150 jaar verhaal(en) te vertellen<\/p>\t\t\t\t<\/div>\n\t\t\t\t<\/div>\n\t\t\t\t<div class=\"elementor-element elementor-element-282ed5f elementor-widget-divider--view-line elementor-widget elementor-widget-divider\" data-id=\"282ed5f\" data-element_type=\"widget\" data-e-type=\"widget\" data-widget_type=\"divider.default\">\n\t\t\t\t<div class=\"elementor-widget-container\">\n\t\t\t\t\t\t\t<div class=\"elementor-divider\">\n\t\t\t<span class=\"elementor-divider-separator\">\n\t\t\t\t\t\t<\/span>\n\t\t<\/div>\n\t\t\t\t\t\t<\/div>\n\t\t\t\t<\/div>\n\t\t\t\t<div class=\"elementor-element elementor-element-ebc71ae elementor-widget elementor-widget-heading\" data-id=\"ebc71ae\" data-element_type=\"widget\" data-e-type=\"widget\" data-widget_type=\"heading.default\">\n\t\t\t\t<div class=\"elementor-widget-container\">\n\t\t\t\t\t<h2 class=\"elementor-heading-title elementor-size-default\">Fort des Dunes in de loop der tijd<\/h2>\t\t\t\t<\/div>\n\t\t\t\t<\/div>\n\t\t\t\t<div class=\"elementor-element elementor-element-b21420f elementor-widget elementor-widget-text-editor\" data-id=\"b21420f\" data-element_type=\"widget\" data-e-type=\"widget\" data-widget_type=\"text-editor.default\">\n\t\t\t\t<div class=\"elementor-widget-container\">\n\t\t\t\t\t\t\t\t\t<h3>Een defensieve militaire structuur<\/h3>\n<p>Met zijn gebouwen verborgen onder het zand is het Fort des Dunes een opmerkelijk voorbeeld van de militaire architectuur ontworpen door generaal S\u00e9r\u00e9 de Rivi\u00e8res. Het Fort werd gebouwd in 1878 en maakt deel uit van een reeks forten die werden gebouwd na de nederlaag van Frankrijk tegen Pruisen in 1871. Het doel was om de haven van Duinkerken te verdedigen tegen een aanval vanuit het oosten. De kustbatterij Zuydcoote, op 800 meter van het Fort, werd in 1879 gebouwd als bijgebouw.<\/p>\n<p>Na de uitvinding van nieuwe explosieven verloor het al snel zijn strategische rol en werd het gebruikt als kazerne, met een capaciteit van 450 man.<\/p>\n<h3>Het Fort tijdens Operatie Dynamo<\/h3>\n<p>Tijdens de Tweede Wereldoorlog vormde Fort des Dunes het hart van Operatie Dynamo. Deze inscheping, de grootste in de geschiedenis, maakte de evacuatie van 338.000 geallieerden mogelijk. Verschillende Franse eenheden waren in het fort gestationeerd voordat ze werden uitgezonden om te vechten.<\/p>\n<p>Het was in het fort zelf dat generaal Janssen en zijn mannen van de 12e gemotoriseerde infanteriedivisie op 2 juni 1940 door stuka&#8217;s werden gedood. De bombardementen gingen door op 3 juni, waarbij ongeveer honderd mannen omkwamen en veel materi\u00eble schade werd aangericht. Naast het Fort ligt de Nationale Necropool Leffrinckoucke, met 190 graven, waaronder dat van generaal Janssen. Deze necropolis getuigt van de zware verliezen die het Franse leger hier leed tijdens die apocalyptische dagen.<\/p>\n<p>Andere dramatische gebeurtenissen vonden hier plaats tijdens de oorlog, waaronder de executie van acht leden van het verzet in 1944.<\/p>\n<h3>De naoorlogse periode<\/h3>\n<p>Na de oorlog kende het fort verschillende lotgevallen en werd het jarenlang verlaten voordat het in 1998 door de stad Leffrinckoucke werd gekocht. Tegenwoordig is het een ruimte van herinnering, museografie en cultuur die zich uitstrekt over Leffrinckoucke, het grondgebied van Duinkerken en omgeving.<\/p>\n\t\t\t\t\t\t\t\t<\/div>\n\t\t\t\t<\/div>\n\t\t\t\t\t<\/div>\n\t\t<\/div>\n\t\t\t\t<div class=\"elementor-column elementor-col-50 elementor-top-column elementor-element elementor-element-3401210\" data-id=\"3401210\" data-element_type=\"column\" data-e-type=\"column\">\n\t\t\t<div class=\"elementor-widget-wrap elementor-element-populated\">\n\t\t\t\t\t\t<div class=\"elementor-element elementor-element-ff915cf elementor-widget elementor-widget-gallery\" data-id=\"ff915cf\" data-element_type=\"widget\" data-e-type=\"widget\" data-settings=\"{&quot;gallery_layout&quot;:&quot;masonry&quot;,&quot;columns&quot;:&quot;1&quot;,&quot;overlay_title&quot;:&quot;alt&quot;,&quot;gap&quot;:{&quot;unit&quot;:&quot;px&quot;,&quot;size&quot;:&quot;15&quot;,&quot;sizes&quot;:[]},&quot;lazyload&quot;:&quot;yes&quot;,&quot;columns_tablet&quot;:2,&quot;columns_mobile&quot;:1,&quot;gap_tablet&quot;:{&quot;unit&quot;:&quot;px&quot;,&quot;size&quot;:10,&quot;sizes&quot;:[]},&quot;gap_mobile&quot;:{&quot;unit&quot;:&quot;px&quot;,&quot;size&quot;:10,&quot;sizes&quot;:[]},&quot;link_to&quot;:&quot;file&quot;,&quot;overlay_background&quot;:&quot;yes&quot;,&quot;content_hover_animation&quot;:&quot;fade-in&quot;}\" data-widget_type=\"gallery.default\">\n\t\t\t\t<div class=\"elementor-widget-container\">\n\t\t\t\t\t\t\t<div class=\"elementor-gallery__container\">\n\t\t\t\t\t\t\t<a class=\"e-gallery-item elementor-gallery-item elementor-animated-content\" href=\"https:\/\/fort-des-dunes.fr\/wp-content\/uploads\/2024\/02\/Fort-des-Dunes-Visite-salle-des-dunes-histoire.jpg\" data-elementor-open-lightbox=\"yes\" data-elementor-lightbox-slideshow=\"ff915cf\" data-elementor-lightbox-title=\"Fort-des-Dunes-Visite-salle-des-dunes-histoire\" data-e-action-hash=\"#elementor-action%3Aaction%3Dlightbox%26settings%3DeyJpZCI6OTM4LCJ1cmwiOiJodHRwczpcL1wvZm9ydC1kZXMtZHVuZXMuZnJcL3dwLWNvbnRlbnRcL3VwbG9hZHNcLzIwMjRcLzAyXC9Gb3J0LWRlcy1EdW5lcy1WaXNpdGUtc2FsbGUtZGVzLWR1bmVzLWhpc3RvaXJlLmpwZyIsInNsaWRlc2hvdyI6ImZmOTE1Y2YifQ%3D%3D\">\n\t\t\t\t\t<div class=\"e-gallery-image elementor-gallery-item__image\" data-thumbnail=\"https:\/\/fort-des-dunes.fr\/wp-content\/uploads\/2024\/02\/Fort-des-Dunes-Visite-salle-des-dunes-histoire-768x432.jpg\" data-width=\"768\" data-height=\"432\" aria-label=\"Une mus\u00e9ographie pour comprendre le r\u00f4le du Fort dans son contexte historique et g\u00e9ographique\" role=\"img\" ><\/div>\n\t\t\t\t\t\t\t\t\t\t\t<div class=\"elementor-gallery-item__overlay\"><\/div>\n\t\t\t\t\t\t\t\t\t\t\t\t\t\t\t<div class=\"elementor-gallery-item__content\">\n\t\t\t\t\t\t\t\t\t\t\t\t\t\t<div class=\"elementor-gallery-item__title\">\n\t\t\t\t\t\t\t\t\t\t\t\t\t\t\t\t\t\tUne mus\u00e9ographie pour comprendre le r\u00f4le du Fort dans son contexte historique et g\u00e9ographique\t\t\t\t\t\t\t\t<\/div>\n\t\t\t\t\t\t\t\t\t\t\t\t<\/div>\n\t\t\t\t\t\t\t\t\t<\/a>\n\t\t\t\t\t\t\t<a class=\"e-gallery-item elementor-gallery-item elementor-animated-content\" href=\"https:\/\/fort-des-dunes.fr\/wp-content\/uploads\/2024\/02\/Fort-des-Dunes-Visite-Musee-Leffrinckoucke-Dunkerque.jpg\" data-elementor-open-lightbox=\"yes\" data-elementor-lightbox-slideshow=\"ff915cf\" data-elementor-lightbox-title=\"Fort-des-Dunes-Visite-Mus\u00e9e-Leffrinckoucke-Dunkerque\" data-e-action-hash=\"#elementor-action%3Aaction%3Dlightbox%26settings%3DeyJpZCI6OTM0LCJ1cmwiOiJodHRwczpcL1wvZm9ydC1kZXMtZHVuZXMuZnJcL3dwLWNvbnRlbnRcL3VwbG9hZHNcLzIwMjRcLzAyXC9Gb3J0LWRlcy1EdW5lcy1WaXNpdGUtTXVzZWUtTGVmZnJpbmNrb3Vja2UtRHVua2VycXVlLmpwZyIsInNsaWRlc2hvdyI6ImZmOTE1Y2YifQ%3D%3D\">\n\t\t\t\t\t<div class=\"e-gallery-image elementor-gallery-item__image\" data-thumbnail=\"https:\/\/fort-des-dunes.fr\/wp-content\/uploads\/2024\/02\/Fort-des-Dunes-Visite-Musee-Leffrinckoucke-Dunkerque-768x432.jpg\" data-width=\"768\" data-height=\"432\" aria-label=\"L&#039;exposition permanente au Mus\u00e9e du Fort des Dunes \u00e0 Leffrinckoucke-Dunkerque\" role=\"img\" ><\/div>\n\t\t\t\t\t\t\t\t\t\t\t<div class=\"elementor-gallery-item__overlay\"><\/div>\n\t\t\t\t\t\t\t\t\t\t\t\t\t\t\t<div class=\"elementor-gallery-item__content\">\n\t\t\t\t\t\t\t\t\t\t\t\t\t\t<div class=\"elementor-gallery-item__title\">\n\t\t\t\t\t\t\t\t\t\t\t\t\t\t\t\t\t\tL'exposition permanente au Mus\u00e9e du Fort des Dunes \u00e0 Leffrinckoucke-Dunkerque\t\t\t\t\t\t\t\t<\/div>\n\t\t\t\t\t\t\t\t\t\t\t\t<\/div>\n\t\t\t\t\t\t\t\t\t<\/a>\n\t\t\t\t\t\t\t<a class=\"e-gallery-item elementor-gallery-item elementor-animated-content\" href=\"https:\/\/fort-des-dunes.fr\/wp-content\/uploads\/2024\/02\/DSC_0015.jpg\" data-elementor-open-lightbox=\"yes\" data-elementor-lightbox-slideshow=\"ff915cf\" data-elementor-lightbox-title=\"DSC_0015\" data-e-action-hash=\"#elementor-action%3Aaction%3Dlightbox%26settings%3DeyJpZCI6NzkxLCJ1cmwiOiJodHRwczpcL1wvZm9ydC1kZXMtZHVuZXMuZnJcL3dwLWNvbnRlbnRcL3VwbG9hZHNcLzIwMjRcLzAyXC9EU0NfMDAxNS5qcGciLCJzbGlkZXNob3ciOiJmZjkxNWNmIn0%3D\">\n\t\t\t\t\t<div class=\"e-gallery-image elementor-gallery-item__image\" data-thumbnail=\"https:\/\/fort-des-dunes.fr\/wp-content\/uploads\/2024\/02\/DSC_0015-768x512.jpg\" data-width=\"768\" data-height=\"512\" aria-label=\"\" role=\"img\" ><\/div>\n\t\t\t\t\t\t\t\t\t\t\t<div class=\"elementor-gallery-item__overlay\"><\/div>\n\t\t\t\t\t\t\t\t\t\t\t\t\t\t\t<div class=\"elementor-gallery-item__content\">\n\t\t\t\t\t\t\t\t\t\t\t<\/div>\n\t\t\t\t\t\t\t\t\t<\/a>\n\t\t\t\t\t<\/div>\n\t\t\t\t\t<\/div>\n\t\t\t\t<\/div>\n\t\t\t\t\t<\/div>\n\t\t<\/div>\n\t\t\t\t\t<\/div>\n\t\t<\/section>\n\t\t\t\t<section class=\"elementor-section elementor-top-section elementor-element elementor-element-775d449 elementor-section-full_width elementor-section-height-default elementor-section-height-default\" data-id=\"775d449\" data-element_type=\"section\" data-e-type=\"section\">\n\t\t\t\t\t\t<div class=\"elementor-container elementor-column-gap-default\">\n\t\t\t\t\t<div class=\"elementor-column elementor-col-100 elementor-top-column elementor-element elementor-element-e802fb6\" data-id=\"e802fb6\" data-element_type=\"column\" data-e-type=\"column\">\n\t\t\t<div class=\"elementor-widget-wrap elementor-element-populated\">\n\t\t\t\t\t\t<div class=\"elementor-element elementor-element-5caadb7 elementor-widget elementor-widget-template\" data-id=\"5caadb7\" data-element_type=\"widget\" data-e-type=\"widget\" data-widget_type=\"template.default\">\n\t\t\t\t<div class=\"elementor-widget-container\">\n\t\t\t\t\t\t\t<div class=\"elementor-template\">\n\t\t\t\t\t<div data-elementor-type=\"section\" data-elementor-id=\"6299\" class=\"elementor elementor-6299 elementor-6141\" data-elementor-post-type=\"elementor_library\">\n\t\t\t\t\t<section class=\"elementor-section elementor-top-section elementor-element elementor-element-fb1fd7c elementor-section-boxed elementor-section-height-default elementor-section-height-default\" data-id=\"fb1fd7c\" data-element_type=\"section\" data-e-type=\"section\">\n\t\t\t\t\t\t<div class=\"elementor-container elementor-column-gap-default\">\n\t\t\t\t\t<div class=\"elementor-column elementor-col-100 elementor-top-column elementor-element elementor-element-6854015\" data-id=\"6854015\" data-element_type=\"column\" data-e-type=\"column\" data-settings=\"{&quot;background_background&quot;:&quot;classic&quot;}\">\n\t\t\t<div class=\"elementor-widget-wrap elementor-element-populated\">\n\t\t\t\t\t\t<section class=\"elementor-section elementor-inner-section elementor-element elementor-element-9855353 elementor-section-boxed elementor-section-height-default elementor-section-height-default\" data-id=\"9855353\" data-element_type=\"section\" data-e-type=\"section\">\n\t\t\t\t\t\t<div class=\"elementor-container elementor-column-gap-default\">\n\t\t\t\t\t<div class=\"elementor-column elementor-col-50 elementor-inner-column elementor-element elementor-element-412e643\" data-id=\"412e643\" data-element_type=\"column\" data-e-type=\"column\">\n\t\t\t<div class=\"elementor-widget-wrap elementor-element-populated\">\n\t\t\t\t\t\t<div class=\"elementor-element elementor-element-0be7206 elementor-widget elementor-widget-image\" data-id=\"0be7206\" data-element_type=\"widget\" data-e-type=\"widget\" data-widget_type=\"image.default\">\n\t\t\t\t<div class=\"elementor-widget-container\">\n\t\t\t\t\t\t\t\t\t\t\t\t\t\t\t<img decoding=\"async\" width=\"600\" height=\"338\" src=\"https:\/\/fort-des-dunes.fr\/wp-content\/uploads\/2024\/02\/Fort-des-Dunes-Visite-Musee-Leffrinckoucke-Dunkerque-600x338.jpg\" class=\"attachment-woocommerce_single size-woocommerce_single wp-image-4773\" alt=\"L&#039;exposition permanente au Mus\u00e9e du Fort des Dunes \u00e0 Leffrinckoucke-Dunkerque\" srcset=\"https:\/\/fort-des-dunes.fr\/wp-content\/uploads\/2024\/02\/Fort-des-Dunes-Visite-Musee-Leffrinckoucke-Dunkerque-600x338.jpg 600w, https:\/\/fort-des-dunes.fr\/wp-content\/uploads\/2024\/02\/Fort-des-Dunes-Visite-Musee-Leffrinckoucke-Dunkerque-300x169.jpg 300w, https:\/\/fort-des-dunes.fr\/wp-content\/uploads\/2024\/02\/Fort-des-Dunes-Visite-Musee-Leffrinckoucke-Dunkerque-1024x576.jpg 1024w, https:\/\/fort-des-dunes.fr\/wp-content\/uploads\/2024\/02\/Fort-des-Dunes-Visite-Musee-Leffrinckoucke-Dunkerque-768x432.jpg 768w, https:\/\/fort-des-dunes.fr\/wp-content\/uploads\/2024\/02\/Fort-des-Dunes-Visite-Musee-Leffrinckoucke-Dunkerque-1536x864.jpg 1536w, https:\/\/fort-des-dunes.fr\/wp-content\/uploads\/2024\/02\/Fort-des-Dunes-Visite-Musee-Leffrinckoucke-Dunkerque-800x450.jpg 800w, https:\/\/fort-des-dunes.fr\/wp-content\/uploads\/2024\/02\/Fort-des-Dunes-Visite-Musee-Leffrinckoucke-Dunkerque.jpg 1920w\" sizes=\"(max-width: 600px) 100vw, 600px\" \/>\t\t\t\t\t\t\t\t\t\t\t\t\t\t\t<\/div>\n\t\t\t\t<\/div>\n\t\t\t\t\t<\/div>\n\t\t<\/div>\n\t\t\t\t<div class=\"elementor-column elementor-col-50 elementor-inner-column elementor-element elementor-element-d4c8a83\" data-id=\"d4c8a83\" data-element_type=\"column\" data-e-type=\"column\">\n\t\t\t<div class=\"elementor-widget-wrap elementor-element-populated\">\n\t\t\t\t\t\t<div class=\"elementor-element elementor-element-5e0de4b elementor-widget elementor-widget-heading\" data-id=\"5e0de4b\" data-element_type=\"widget\" data-e-type=\"widget\" data-widget_type=\"heading.default\">\n\t\t\t\t<div class=\"elementor-widget-container\">\n\t\t\t\t\t<p class=\"elementor-heading-title elementor-size-default\">Een getuige van militaire geschiedenis\n<\/p>\t\t\t\t<\/div>\n\t\t\t\t<\/div>\n\t\t\t\t<div class=\"elementor-element elementor-element-256fa04 elementor-widget-divider--view-line elementor-widget elementor-widget-divider\" data-id=\"256fa04\" data-element_type=\"widget\" data-e-type=\"widget\" data-widget_type=\"divider.default\">\n\t\t\t\t<div class=\"elementor-widget-container\">\n\t\t\t\t\t\t\t<div class=\"elementor-divider\">\n\t\t\t<span class=\"elementor-divider-separator\">\n\t\t\t\t\t\t<\/span>\n\t\t<\/div>\n\t\t\t\t\t\t<\/div>\n\t\t\t\t<\/div>\n\t\t\t\t<div class=\"elementor-element elementor-element-20d0d63 elementor-widget elementor-widget-heading\" data-id=\"20d0d63\" data-element_type=\"widget\" data-e-type=\"widget\" data-widget_type=\"heading.default\">\n\t\t\t\t<div class=\"elementor-widget-container\">\n\t\t\t\t\t<h2 class=\"elementor-heading-title elementor-size-default\">Van militair werk tot cultuur- en erfgoedlocatie<\/h2>\t\t\t\t<\/div>\n\t\t\t\t<\/div>\n\t\t\t\t<div class=\"elementor-element elementor-element-158dbc7 elementor-widget elementor-widget-text-editor\" data-id=\"158dbc7\" data-element_type=\"widget\" data-e-type=\"widget\" data-widget_type=\"text-editor.default\">\n\t\t\t\t<div class=\"elementor-widget-container\">\n\t\t\t\t\t\t\t\t\t<p>Het Fort is een prachtige getuige van de militaire architectuur uit de 19e eeuw en wil nu een culturele en erfgoedsite zijn, een plaats van herinnering en een museum gewijd aan de Tweede Wereldoorlog.<\/p>\n\t\t\t\t\t\t\t\t<\/div>\n\t\t\t\t<\/div>\n\t\t\t\t<div class=\"elementor-element elementor-element-1c067fd elementor-align-left elementor-widget elementor-widget-button\" data-id=\"1c067fd\" data-element_type=\"widget\" data-e-type=\"widget\" data-widget_type=\"button.default\">\n\t\t\t\t<div class=\"elementor-widget-container\">\n\t\t\t\t\t\t\t\t\t<div class=\"elementor-button-wrapper\">\n\t\t\t\t\t<a class=\"elementor-button elementor-button-link elementor-size-sm\" href=\"https:\/\/fort-des-dunes.fr\/nl\/het-museum\/de-nieuwe-scenografie\/\">\n\t\t\t\t\t\t<span class=\"elementor-button-content-wrapper\">\n\t\t\t\t\t\t\t\t\t<span class=\"elementor-button-text\">De nieuwe scenografie<\/span>\n\t\t\t\t\t<\/span>\n\t\t\t\t\t<\/a>\n\t\t\t\t<\/div>\n\t\t\t\t\t\t\t\t<\/div>\n\t\t\t\t<\/div>\n\t\t\t\t\t<\/div>\n\t\t<\/div>\n\t\t\t\t\t<\/div>\n\t\t<\/section>\n\t\t\t\t\t<\/div>\n\t\t<\/div>\n\t\t\t\t\t<\/div>\n\t\t<\/section>\n\t\t\t\t<\/div>\n\t\t\t\t<\/div>\n\t\t\t\t\t\t<\/div>\n\t\t\t\t<\/div>\n\t\t\t\t\t<\/div>\n\t\t<\/div>\n\t\t\t\t\t<\/div>\n\t\t<\/section>\n\t\t\t\t<section class=\"elementor-section elementor-top-section elementor-element elementor-element-4e1d208 elementor-section-full_width elementor-section-height-default elementor-section-height-default\" data-id=\"4e1d208\" data-element_type=\"section\" data-e-type=\"section\">\n\t\t\t\t\t\t<div class=\"elementor-container elementor-column-gap-default\">\n\t\t\t\t\t<div class=\"elementor-column elementor-col-100 elementor-top-column elementor-element elementor-element-dd7c67c\" data-id=\"dd7c67c\" data-element_type=\"column\" data-e-type=\"column\">\n\t\t\t<div class=\"elementor-widget-wrap elementor-element-populated\">\n\t\t\t\t\t\t<div class=\"elementor-element elementor-element-c99b3d8 elementor-widget elementor-widget-template\" data-id=\"c99b3d8\" data-element_type=\"widget\" data-e-type=\"widget\" data-widget_type=\"template.default\">\n\t\t\t\t<div class=\"elementor-widget-container\">\n\t\t\t\t\t\t\t<div class=\"elementor-template\">\n\t\t\t\t\t<div data-elementor-type=\"section\" data-elementor-id=\"5519\" class=\"elementor elementor-5519 elementor-5465\" data-elementor-post-type=\"elementor_library\">\n\t\t\t\t\t<section class=\"elementor-section elementor-top-section elementor-element elementor-element-f0253e6 elementor-section-height-min-height elementor-section-full_width elementor-section-height-default elementor-section-items-middle\" data-id=\"f0253e6\" data-element_type=\"section\" data-e-type=\"section\" data-settings=\"{&quot;background_background&quot;:&quot;classic&quot;,&quot;shape_divider_top&quot;:&quot;wave-brush&quot;,&quot;shape_divider_bottom&quot;:&quot;wave-brush&quot;}\">\n\t\t\t\t\t\t\t<div class=\"elementor-background-overlay\"><\/div>\n\t\t\t\t\t\t<div class=\"elementor-shape elementor-shape-top\" aria-hidden=\"true\" data-negative=\"false\">\n\t\t\t<svg xmlns=\"http:\/\/www.w3.org\/2000\/svg\" viewBox=\"0 0 283.5 27.8\" preserveAspectRatio=\"none\">\n\t<path class=\"elementor-shape-fill\" d=\"M283.5,9.7c0,0-7.3,4.3-14,4.6c-6.8,0.3-12.6,0-20.9-1.5c-11.3-2-33.1-10.1-44.7-5.7\ts-12.1,4.6-18,7.4c-6.6,3.2-20,9.6-36.6,9.3C131.6,23.5,99.5,7.2,86.3,8c-1.4,0.1-6.6,0.8-10.5,2c-3.8,1.2-9.4,3.8-17,4.7\tc-3.2,0.4-8.3,1.1-14.2,0.9c-1.5-0.1-6.3-0.4-12-1.6c-5.7-1.2-11-3.1-15.8-3.7C6.5,9.2,0,10.8,0,10.8V0h283.5V9.7z M260.8,11.3\tc-0.7-1-2-0.4-4.3-0.4c-2.3,0-6.1-1.2-5.8-1.1c0.3,0.1,3.1,1.5,6,1.9C259.7,12.2,261.4,12.3,260.8,11.3z M242.4,8.6\tc0,0-2.4-0.2-5.6-0.9c-3.2-0.8-10.3-2.8-15.1-3.5c-8.2-1.1-15.8,0-15.1,0.1c0.8,0.1,9.6-0.6,17.6,1.1c3.3,0.7,9.3,2.2,12.4,2.7\tC239.9,8.7,242.4,8.6,242.4,8.6z M185.2,8.5c1.7-0.7-13.3,4.7-18.5,6.1c-2.1,0.6-6.2,1.6-10,2c-3.9,0.4-8.9,0.4-8.8,0.5\tc0,0.2,5.8,0.8,11.2,0c5.4-0.8,5.2-1.1,7.6-1.6C170.5,14.7,183.5,9.2,185.2,8.5z M199.1,6.9c0.2,0-0.8-0.4-4.8,1.1\tc-4,1.5-6.7,3.5-6.9,3.7c-0.2,0.1,3.5-1.8,6.6-3C197,7.5,199,6.9,199.1,6.9z M283,6c-0.1,0.1-1.9,1.1-4.8,2.5s-6.9,2.8-6.7,2.7\tc0.2,0,3.5-0.6,7.4-2.5C282.8,6.8,283.1,5.9,283,6z M31.3,11.6c0.1-0.2-1.9-0.2-4.5-1.2s-5.4-1.6-7.8-2C15,7.6,7.3,8.5,7.7,8.6\tC8,8.7,15.9,8.3,20.2,9.3c2.2,0.5,2.4,0.5,5.7,1.6S31.2,11.9,31.3,11.6z M73,9.2c0.4-0.1,3.5-1.6,8.4-2.6c4.9-1.1,8.9-0.5,8.9-0.8\tc0-0.3-1-0.9-6.2-0.3S72.6,9.3,73,9.2z M71.6,6.7C71.8,6.8,75,5.4,77.3,5c2.3-0.3,1.9-0.5,1.9-0.6c0-0.1-1.1-0.2-2.7,0.2\tC74.8,5.1,71.4,6.6,71.6,6.7z M93.6,4.4c0.1,0.2,3.5,0.8,5.6,1.8c2.1,1,1.8,0.6,1.9,0.5c0.1-0.1-0.8-0.8-2.4-1.3\tC97.1,4.8,93.5,4.2,93.6,4.4z M65.4,11.1c-0.1,0.3,0.3,0.5,1.9-0.2s2.6-1.3,2.2-1.2s-0.9,0.4-2.5,0.8C65.3,10.9,65.5,10.8,65.4,11.1\tz M34.5,12.4c-0.2,0,2.1,0.8,3.3,0.9c1.2,0.1,2,0.1,2-0.2c0-0.3-0.1-0.5-1.6-0.4C36.6,12.8,34.7,12.4,34.5,12.4z M152.2,21.1\tc-0.1,0.1-2.4-0.3-7.5-0.3c-5,0-13.6-2.4-17.2-3.5c-3.6-1.1,10,3.9,16.5,4.1C150.5,21.6,152.3,21,152.2,21.1z\"\/>\n\t<path class=\"elementor-shape-fill\" d=\"M269.6,18c-0.1-0.1-4.6,0.3-7.2,0c-7.3-0.7-17-3.2-16.6-2.9c0.4,0.3,13.7,3.1,17,3.3\tC267.7,18.8,269.7,18,269.6,18z\"\/>\n\t<path class=\"elementor-shape-fill\" d=\"M227.4,9.8c-0.2-0.1-4.5-1-9.5-1.2c-5-0.2-12.7,0.6-12.3,0.5c0.3-0.1,5.9-1.8,13.3-1.2\tS227.6,9.9,227.4,9.8z\"\/>\n\t<path class=\"elementor-shape-fill\" d=\"M204.5,13.4c-0.1-0.1,2-1,3.2-1.1c1.2-0.1,2,0,2,0.3c0,0.3-0.1,0.5-1.6,0.4\tC206.4,12.9,204.6,13.5,204.5,13.4z\"\/>\n\t<path class=\"elementor-shape-fill\" d=\"M201,10.6c0-0.1-4.4,1.2-6.3,2.2c-1.9,0.9-6.2,3.1-6.1,3.1c0.1,0.1,4.2-1.6,6.3-2.6\tS201,10.7,201,10.6z\"\/>\n\t<path class=\"elementor-shape-fill\" d=\"M154.5,26.7c-0.1-0.1-4.6,0.3-7.2,0c-7.3-0.7-17-3.2-16.6-2.9c0.4,0.3,13.7,3.1,17,3.3\tC152.6,27.5,154.6,26.8,154.5,26.7z\"\/>\n\t<path class=\"elementor-shape-fill\" d=\"M41.9,19.3c0,0,1.2-0.3,2.9-0.1c1.7,0.2,5.8,0.9,8.2,0.7c4.2-0.4,7.4-2.7,7-2.6\tc-0.4,0-4.3,2.2-8.6,1.9c-1.8-0.1-5.1-0.5-6.7-0.4S41.9,19.3,41.9,19.3z\"\/>\n\t<path class=\"elementor-shape-fill\" d=\"M75.5,12.6c0.2,0.1,2-0.8,4.3-1.1c2.3-0.2,2.1-0.3,2.1-0.5c0-0.1-1.8-0.4-3.4,0\tC76.9,11.5,75.3,12.5,75.5,12.6z\"\/>\n\t<path class=\"elementor-shape-fill\" d=\"M15.6,13.2c0-0.1,4.3,0,6.7,0.5c2.4,0.5,5,1.9,5,2c0,0.1-2.7-0.8-5.1-1.4\tC19.9,13.7,15.7,13.3,15.6,13.2z\"\/>\n<\/svg>\t\t<\/div>\n\t\t\t\t<div class=\"elementor-shape elementor-shape-bottom\" aria-hidden=\"true\" data-negative=\"false\">\n\t\t\t<svg xmlns=\"http:\/\/www.w3.org\/2000\/svg\" viewBox=\"0 0 283.5 27.8\" preserveAspectRatio=\"none\">\n\t<path class=\"elementor-shape-fill\" d=\"M283.5,9.7c0,0-7.3,4.3-14,4.6c-6.8,0.3-12.6,0-20.9-1.5c-11.3-2-33.1-10.1-44.7-5.7\ts-12.1,4.6-18,7.4c-6.6,3.2-20,9.6-36.6,9.3C131.6,23.5,99.5,7.2,86.3,8c-1.4,0.1-6.6,0.8-10.5,2c-3.8,1.2-9.4,3.8-17,4.7\tc-3.2,0.4-8.3,1.1-14.2,0.9c-1.5-0.1-6.3-0.4-12-1.6c-5.7-1.2-11-3.1-15.8-3.7C6.5,9.2,0,10.8,0,10.8V0h283.5V9.7z M260.8,11.3\tc-0.7-1-2-0.4-4.3-0.4c-2.3,0-6.1-1.2-5.8-1.1c0.3,0.1,3.1,1.5,6,1.9C259.7,12.2,261.4,12.3,260.8,11.3z M242.4,8.6\tc0,0-2.4-0.2-5.6-0.9c-3.2-0.8-10.3-2.8-15.1-3.5c-8.2-1.1-15.8,0-15.1,0.1c0.8,0.1,9.6-0.6,17.6,1.1c3.3,0.7,9.3,2.2,12.4,2.7\tC239.9,8.7,242.4,8.6,242.4,8.6z M185.2,8.5c1.7-0.7-13.3,4.7-18.5,6.1c-2.1,0.6-6.2,1.6-10,2c-3.9,0.4-8.9,0.4-8.8,0.5\tc0,0.2,5.8,0.8,11.2,0c5.4-0.8,5.2-1.1,7.6-1.6C170.5,14.7,183.5,9.2,185.2,8.5z M199.1,6.9c0.2,0-0.8-0.4-4.8,1.1\tc-4,1.5-6.7,3.5-6.9,3.7c-0.2,0.1,3.5-1.8,6.6-3C197,7.5,199,6.9,199.1,6.9z M283,6c-0.1,0.1-1.9,1.1-4.8,2.5s-6.9,2.8-6.7,2.7\tc0.2,0,3.5-0.6,7.4-2.5C282.8,6.8,283.1,5.9,283,6z M31.3,11.6c0.1-0.2-1.9-0.2-4.5-1.2s-5.4-1.6-7.8-2C15,7.6,7.3,8.5,7.7,8.6\tC8,8.7,15.9,8.3,20.2,9.3c2.2,0.5,2.4,0.5,5.7,1.6S31.2,11.9,31.3,11.6z M73,9.2c0.4-0.1,3.5-1.6,8.4-2.6c4.9-1.1,8.9-0.5,8.9-0.8\tc0-0.3-1-0.9-6.2-0.3S72.6,9.3,73,9.2z M71.6,6.7C71.8,6.8,75,5.4,77.3,5c2.3-0.3,1.9-0.5,1.9-0.6c0-0.1-1.1-0.2-2.7,0.2\tC74.8,5.1,71.4,6.6,71.6,6.7z M93.6,4.4c0.1,0.2,3.5,0.8,5.6,1.8c2.1,1,1.8,0.6,1.9,0.5c0.1-0.1-0.8-0.8-2.4-1.3\tC97.1,4.8,93.5,4.2,93.6,4.4z M65.4,11.1c-0.1,0.3,0.3,0.5,1.9-0.2s2.6-1.3,2.2-1.2s-0.9,0.4-2.5,0.8C65.3,10.9,65.5,10.8,65.4,11.1\tz M34.5,12.4c-0.2,0,2.1,0.8,3.3,0.9c1.2,0.1,2,0.1,2-0.2c0-0.3-0.1-0.5-1.6-0.4C36.6,12.8,34.7,12.4,34.5,12.4z M152.2,21.1\tc-0.1,0.1-2.4-0.3-7.5-0.3c-5,0-13.6-2.4-17.2-3.5c-3.6-1.1,10,3.9,16.5,4.1C150.5,21.6,152.3,21,152.2,21.1z\"\/>\n\t<path class=\"elementor-shape-fill\" d=\"M269.6,18c-0.1-0.1-4.6,0.3-7.2,0c-7.3-0.7-17-3.2-16.6-2.9c0.4,0.3,13.7,3.1,17,3.3\tC267.7,18.8,269.7,18,269.6,18z\"\/>\n\t<path class=\"elementor-shape-fill\" d=\"M227.4,9.8c-0.2-0.1-4.5-1-9.5-1.2c-5-0.2-12.7,0.6-12.3,0.5c0.3-0.1,5.9-1.8,13.3-1.2\tS227.6,9.9,227.4,9.8z\"\/>\n\t<path class=\"elementor-shape-fill\" d=\"M204.5,13.4c-0.1-0.1,2-1,3.2-1.1c1.2-0.1,2,0,2,0.3c0,0.3-0.1,0.5-1.6,0.4\tC206.4,12.9,204.6,13.5,204.5,13.4z\"\/>\n\t<path class=\"elementor-shape-fill\" d=\"M201,10.6c0-0.1-4.4,1.2-6.3,2.2c-1.9,0.9-6.2,3.1-6.1,3.1c0.1,0.1,4.2-1.6,6.3-2.6\tS201,10.7,201,10.6z\"\/>\n\t<path class=\"elementor-shape-fill\" d=\"M154.5,26.7c-0.1-0.1-4.6,0.3-7.2,0c-7.3-0.7-17-3.2-16.6-2.9c0.4,0.3,13.7,3.1,17,3.3\tC152.6,27.5,154.6,26.8,154.5,26.7z\"\/>\n\t<path class=\"elementor-shape-fill\" d=\"M41.9,19.3c0,0,1.2-0.3,2.9-0.1c1.7,0.2,5.8,0.9,8.2,0.7c4.2-0.4,7.4-2.7,7-2.6\tc-0.4,0-4.3,2.2-8.6,1.9c-1.8-0.1-5.1-0.5-6.7-0.4S41.9,19.3,41.9,19.3z\"\/>\n\t<path class=\"elementor-shape-fill\" d=\"M75.5,12.6c0.2,0.1,2-0.8,4.3-1.1c2.3-0.2,2.1-0.3,2.1-0.5c0-0.1-1.8-0.4-3.4,0\tC76.9,11.5,75.3,12.5,75.5,12.6z\"\/>\n\t<path class=\"elementor-shape-fill\" d=\"M15.6,13.2c0-0.1,4.3,0,6.7,0.5c2.4,0.5,5,1.9,5,2c0,0.1-2.7-0.8-5.1-1.4\tC19.9,13.7,15.7,13.3,15.6,13.2z\"\/>\n<\/svg>\t\t<\/div>\n\t\t\t\t\t<div class=\"elementor-container elementor-column-gap-default\">\n\t\t\t\t\t<div class=\"elementor-column elementor-col-100 elementor-top-column elementor-element elementor-element-3af85cf\" data-id=\"3af85cf\" data-element_type=\"column\" data-e-type=\"column\">\n\t\t\t<div class=\"elementor-widget-wrap elementor-element-populated\">\n\t\t\t\t\t\t<div class=\"elementor-element elementor-element-9e912a4 no-margin elementor-widget elementor-widget-heading\" data-id=\"9e912a4\" data-element_type=\"widget\" data-e-type=\"widget\" data-widget_type=\"heading.default\">\n\t\t\t\t<div class=\"elementor-widget-container\">\n\t\t\t\t\t<p class=\"elementor-heading-title elementor-size-default\">Museum en gedenkteken<\/p>\t\t\t\t<\/div>\n\t\t\t\t<\/div>\n\t\t\t\t<div class=\"elementor-element elementor-element-e2bc91e elementor-widget elementor-widget-heading\" data-id=\"e2bc91e\" data-element_type=\"widget\" data-e-type=\"widget\" data-widget_type=\"heading.default\">\n\t\t\t\t<div class=\"elementor-widget-container\">\n\t\t\t\t\t<h2 class=\"elementor-heading-title elementor-size-default\">Bezoek een militair fort<br>in het hart van de duinen<\/h2>\t\t\t\t<\/div>\n\t\t\t\t<\/div>\n\t\t\t\t<section class=\"elementor-section elementor-inner-section elementor-element elementor-element-88be6b6 elementor-section-boxed elementor-section-height-default elementor-section-height-default\" data-id=\"88be6b6\" data-element_type=\"section\" data-e-type=\"section\">\n\t\t\t\t\t\t<div class=\"elementor-container elementor-column-gap-default\">\n\t\t\t\t\t<div class=\"elementor-column elementor-col-50 elementor-inner-column elementor-element elementor-element-4af6012\" data-id=\"4af6012\" data-element_type=\"column\" data-e-type=\"column\">\n\t\t\t<div class=\"elementor-widget-wrap elementor-element-populated\">\n\t\t\t\t\t\t<div class=\"elementor-element elementor-element-d62d2de elementor-align-right elementor-mobile-align-center elementor-widget elementor-widget-button\" data-id=\"d62d2de\" data-element_type=\"widget\" data-e-type=\"widget\" data-widget_type=\"button.default\">\n\t\t\t\t<div class=\"elementor-widget-container\">\n\t\t\t\t\t\t\t\t\t<div class=\"elementor-button-wrapper\">\n\t\t\t\t\t<a class=\"elementor-button elementor-button-link elementor-size-sm\" href=\"https:\/\/fort-des-dunes.fr\/nl\/shop\/\">\n\t\t\t\t\t\t<span class=\"elementor-button-content-wrapper\">\n\t\t\t\t\t\t\t\t\t<span class=\"elementor-button-text\">Programma<br>uw bezoek<\/span>\n\t\t\t\t\t<\/span>\n\t\t\t\t\t<\/a>\n\t\t\t\t<\/div>\n\t\t\t\t\t\t\t\t<\/div>\n\t\t\t\t<\/div>\n\t\t\t\t\t<\/div>\n\t\t<\/div>\n\t\t\t\t<div class=\"elementor-column elementor-col-50 elementor-inner-column elementor-element elementor-element-a502aa3\" data-id=\"a502aa3\" data-element_type=\"column\" data-e-type=\"column\">\n\t\t\t<div class=\"elementor-widget-wrap elementor-element-populated\">\n\t\t\t\t\t\t<div class=\"elementor-element elementor-element-a448823 elementor-align-left elementor-mobile-align-center elementor-widget elementor-widget-button\" data-id=\"a448823\" data-element_type=\"widget\" data-e-type=\"widget\" data-widget_type=\"button.default\">\n\t\t\t\t<div class=\"elementor-widget-container\">\n\t\t\t\t\t\t\t\t\t<div class=\"elementor-button-wrapper\">\n\t\t\t\t\t<a class=\"elementor-button elementor-button-link elementor-size-sm\" href=\"https:\/\/fort-des-dunes.fr\/nl\/bezoek\/\">\n\t\t\t\t\t\t<span class=\"elementor-button-content-wrapper\">\n\t\t\t\t\t\t\t\t\t<span class=\"elementor-button-text\">bruikbare<br>informatie<\/span>\n\t\t\t\t\t<\/span>\n\t\t\t\t\t<\/a>\n\t\t\t\t<\/div>\n\t\t\t\t\t\t\t\t<\/div>\n\t\t\t\t<\/div>\n\t\t\t\t\t<\/div>\n\t\t<\/div>\n\t\t\t\t\t<\/div>\n\t\t<\/section>\n\t\t\t\t\t<\/div>\n\t\t<\/div>\n\t\t\t\t\t<\/div>\n\t\t<\/section>\n\t\t\t\t<\/div>\n\t\t\t\t<\/div>\n\t\t\t\t\t\t<\/div>\n\t\t\t\t<\/div>\n\t\t\t\t\t<\/div>\n\t\t<\/div>\n\t\t\t\t\t<\/div>\n\t\t<\/section>\n\t\t\t\t<section class=\"elementor-section elementor-top-section elementor-element elementor-element-89c76ee elementor-section-boxed elementor-section-height-default elementor-section-height-default\" data-id=\"89c76ee\" data-element_type=\"section\" data-e-type=\"section\">\n\t\t\t\t\t\t<div class=\"elementor-container elementor-column-gap-default\">\n\t\t\t\t\t<div class=\"elementor-column elementor-col-100 elementor-top-column elementor-element elementor-element-92d00ad\" data-id=\"92d00ad\" data-element_type=\"column\" data-e-type=\"column\">\n\t\t\t<div class=\"elementor-widget-wrap elementor-element-populated\">\n\t\t\t\t\t\t<div class=\"elementor-element elementor-element-9a40248 elementor-widget elementor-widget-heading\" data-id=\"9a40248\" data-element_type=\"widget\" data-e-type=\"widget\" data-widget_type=\"heading.default\">\n\t\t\t\t<div class=\"elementor-widget-container\">\n\t\t\t\t\t<h2 class=\"elementor-heading-title elementor-size-default\">Ontdek ook<\/h2>\t\t\t\t<\/div>\n\t\t\t\t<\/div>\n\t\t\t\t<div class=\"elementor-element elementor-element-91d6b7e elementor-widget-divider--separator-type-pattern elementor-widget-divider--no-spacing elementor-widget-divider--view-line elementor-widget elementor-widget-divider\" data-id=\"91d6b7e\" data-element_type=\"widget\" data-e-type=\"widget\" data-widget_type=\"divider.default\">\n\t\t\t\t<div class=\"elementor-widget-container\">\n\t\t\t\t\t\t\t<div class=\"elementor-divider\" style=\"--divider-pattern-url: url(&quot;data:image\/svg+xml,%3Csvg xmlns=&#039;http:\/\/www.w3.org\/2000\/svg&#039; preserveAspectRatio=&#039;xMidYMid meet&#039; overflow=&#039;visible&#039; height=&#039;100%&#039; viewBox=&#039;0 0 126 26&#039; fill=&#039;black&#039; stroke=&#039;none&#039;%3E%3Cpath d=&#039;M46.8,7.8v11.5L36,18.6V7.8H46.8z M82.4,7.8L84,18.6l-12,0.7L70.4,7.8H82.4z M0,7.8l12,0.9v9.9H1.3L0,7.8z M30,7.8v10.8H19L18,7.8H30z M63.7,7.8L66,18.6H54V9.5L63.7,7.8z M89.8,7L102,7.8v10.8H91.2L89.8,7zM108,7.8l12,0.9v8.9l-12,1V7.8z&#039;\/%3E%3C\/svg%3E&quot;);\">\n\t\t\t<span class=\"elementor-divider-separator\">\n\t\t\t\t\t\t<\/span>\n\t\t<\/div>\n\t\t\t\t\t\t<\/div>\n\t\t\t\t<\/div>\n\t\t\t\t\t<\/div>\n\t\t<\/div>\n\t\t\t\t\t<\/div>\n\t\t<\/section>\n\t\t\t\t<section class=\"elementor-section elementor-top-section elementor-element elementor-element-502dcb4 elementor-section-boxed elementor-section-height-default elementor-section-height-default\" data-id=\"502dcb4\" data-element_type=\"section\" data-e-type=\"section\">\n\t\t\t\t\t\t<div class=\"elementor-container elementor-column-gap-default\">\n\t\t\t\t\t<div class=\"elementor-column elementor-col-25 elementor-top-column elementor-element elementor-element-1c402e8\" data-id=\"1c402e8\" data-element_type=\"column\" data-e-type=\"column\" data-settings=\"{&quot;background_background&quot;:&quot;classic&quot;}\">\n\t\t\t<div class=\"elementor-widget-wrap elementor-element-populated\">\n\t\t\t\t\t\t<div class=\"elementor-element elementor-element-20d5b3d elementor-widget elementor-widget-template\" data-id=\"20d5b3d\" data-element_type=\"widget\" data-e-type=\"widget\" data-widget_type=\"template.default\">\n\t\t\t\t<div class=\"elementor-widget-container\">\n\t\t\t\t\t\t\t<div class=\"elementor-template\">\n\t\t\t\t\t<div data-elementor-type=\"section\" data-elementor-id=\"5129\" class=\"elementor elementor-5129 elementor-4058\" data-elementor-post-type=\"elementor_library\">\n\t\t\t\t\t<section class=\"elementor-section elementor-top-section elementor-element elementor-element-8d0218f elementor-section-boxed elementor-section-height-default elementor-section-height-default\" data-id=\"8d0218f\" data-element_type=\"section\" data-e-type=\"section\">\n\t\t\t\t\t\t<div class=\"elementor-container elementor-column-gap-default\">\n\t\t\t\t\t<div class=\"elementor-column elementor-col-100 elementor-top-column elementor-element elementor-element-d5f5a29\" data-id=\"d5f5a29\" data-element_type=\"column\" data-e-type=\"column\">\n\t\t\t<div class=\"elementor-widget-wrap elementor-element-populated\">\n\t\t\t\t\t\t<div class=\"elementor-element elementor-element-145fd62 elementor-position-top elementor-widget elementor-widget-image-box\" data-id=\"145fd62\" data-element_type=\"widget\" data-e-type=\"widget\" data-widget_type=\"image-box.default\">\n\t\t\t\t<div class=\"elementor-widget-container\">\n\t\t\t\t\t<div class=\"elementor-image-box-wrapper\"><figure class=\"elementor-image-box-img\"><a href=\"https:\/\/fort-des-dunes.fr\/nl\/het-museum\/\" tabindex=\"-1\"><img decoding=\"async\" width=\"600\" height=\"338\" src=\"https:\/\/fort-des-dunes.fr\/wp-content\/uploads\/2024\/02\/Fort-des-Dunes-Evenements-activites-plein-air-600x338.jpg\" class=\"attachment-woocommerce_single size-woocommerce_single wp-image-480\" alt=\"Organiser un ANNIVERSAIRE au Fort\" srcset=\"https:\/\/fort-des-dunes.fr\/wp-content\/uploads\/2024\/02\/Fort-des-Dunes-Evenements-activites-plein-air-600x338.jpg 600w, https:\/\/fort-des-dunes.fr\/wp-content\/uploads\/2024\/02\/Fort-des-Dunes-Evenements-activites-plein-air-300x169.jpg 300w, https:\/\/fort-des-dunes.fr\/wp-content\/uploads\/2024\/02\/Fort-des-Dunes-Evenements-activites-plein-air-1024x576.jpg 1024w, https:\/\/fort-des-dunes.fr\/wp-content\/uploads\/2024\/02\/Fort-des-Dunes-Evenements-activites-plein-air-768x432.jpg 768w, https:\/\/fort-des-dunes.fr\/wp-content\/uploads\/2024\/02\/Fort-des-Dunes-Evenements-activites-plein-air-1536x864.jpg 1536w, https:\/\/fort-des-dunes.fr\/wp-content\/uploads\/2024\/02\/Fort-des-Dunes-Evenements-activites-plein-air-800x450.jpg 800w, https:\/\/fort-des-dunes.fr\/wp-content\/uploads\/2024\/02\/Fort-des-Dunes-Evenements-activites-plein-air.jpg 1920w\" sizes=\"(max-width: 600px) 100vw, 600px\" \/><\/a><\/figure><div class=\"elementor-image-box-content\"><h3 class=\"elementor-image-box-title\"><a href=\"https:\/\/fort-des-dunes.fr\/nl\/het-museum\/\">Le Mus\u00e9rial vandaag<\/a><\/h3><p class=\"elementor-image-box-description\">Een plaats van culturele evenementen, herdenking en gevarieerde activiteiten.<\/p><\/div><\/div>\t\t\t\t<\/div>\n\t\t\t\t<\/div>\n\t\t\t\t<div class=\"elementor-element elementor-element-b3df545 elementor-widget-divider--view-line elementor-widget elementor-widget-divider\" data-id=\"b3df545\" data-element_type=\"widget\" data-e-type=\"widget\" data-widget_type=\"divider.default\">\n\t\t\t\t<div class=\"elementor-widget-container\">\n\t\t\t\t\t\t\t<div class=\"elementor-divider\">\n\t\t\t<span class=\"elementor-divider-separator\">\n\t\t\t\t\t\t<\/span>\n\t\t<\/div>\n\t\t\t\t\t\t<\/div>\n\t\t\t\t<\/div>\n\t\t\t\t\t<\/div>\n\t\t<\/div>\n\t\t\t\t\t<\/div>\n\t\t<\/section>\n\t\t\t\t<\/div>\n\t\t\t\t<\/div>\n\t\t\t\t\t\t<\/div>\n\t\t\t\t<\/div>\n\t\t\t\t\t<\/div>\n\t\t<\/div>\n\t\t\t\t<div class=\"elementor-column elementor-col-25 elementor-top-column elementor-element elementor-element-390faa0\" data-id=\"390faa0\" data-element_type=\"column\" data-e-type=\"column\" data-settings=\"{&quot;background_background&quot;:&quot;classic&quot;}\">\n\t\t\t<div class=\"elementor-widget-wrap elementor-element-populated\">\n\t\t\t\t\t\t<div class=\"elementor-element elementor-element-1cf4fc6 elementor-widget elementor-widget-template\" data-id=\"1cf4fc6\" data-element_type=\"widget\" data-e-type=\"widget\" data-widget_type=\"template.default\">\n\t\t\t\t<div class=\"elementor-widget-container\">\n\t\t\t\t\t\t\t<div class=\"elementor-template\">\n\t\t\t\t\t<div data-elementor-type=\"section\" data-elementor-id=\"5280\" class=\"elementor elementor-5280 elementor-5094\" data-elementor-post-type=\"elementor_library\">\n\t\t\t\t\t<section class=\"elementor-section elementor-top-section elementor-element elementor-element-4fed00d elementor-section-boxed elementor-section-height-default elementor-section-height-default\" data-id=\"4fed00d\" data-element_type=\"section\" data-e-type=\"section\">\n\t\t\t\t\t\t<div class=\"elementor-container elementor-column-gap-default\">\n\t\t\t\t\t<div class=\"elementor-column elementor-col-100 elementor-top-column elementor-element elementor-element-c9979bd\" data-id=\"c9979bd\" data-element_type=\"column\" data-e-type=\"column\">\n\t\t\t<div class=\"elementor-widget-wrap elementor-element-populated\">\n\t\t\t\t\t\t<div class=\"elementor-element elementor-element-d3bbddc elementor-position-top elementor-widget elementor-widget-image-box\" data-id=\"d3bbddc\" data-element_type=\"widget\" data-e-type=\"widget\" data-widget_type=\"image-box.default\">\n\t\t\t\t<div class=\"elementor-widget-container\">\n\t\t\t\t\t<div class=\"elementor-image-box-wrapper\"><figure class=\"elementor-image-box-img\"><a href=\"https:\/\/fort-des-dunes.fr\/nl\/het-museum\/de-nieuwe-scenografie\/\" tabindex=\"-1\"><img loading=\"lazy\" decoding=\"async\" width=\"600\" height=\"338\" src=\"https:\/\/fort-des-dunes.fr\/wp-content\/uploads\/2024\/02\/Fort-des-Dunes-Visite-Musee-Leffrinckoucke-Dunkerque-600x338.jpg\" class=\"attachment-woocommerce_single size-woocommerce_single wp-image-934\" alt=\"L&#039;exposition permanente au Mus\u00e9e du Fort des Dunes \u00e0 Leffrinckoucke-Dunkerque\" srcset=\"https:\/\/fort-des-dunes.fr\/wp-content\/uploads\/2024\/02\/Fort-des-Dunes-Visite-Musee-Leffrinckoucke-Dunkerque-600x338.jpg 600w, https:\/\/fort-des-dunes.fr\/wp-content\/uploads\/2024\/02\/Fort-des-Dunes-Visite-Musee-Leffrinckoucke-Dunkerque-300x169.jpg 300w, https:\/\/fort-des-dunes.fr\/wp-content\/uploads\/2024\/02\/Fort-des-Dunes-Visite-Musee-Leffrinckoucke-Dunkerque-1024x576.jpg 1024w, https:\/\/fort-des-dunes.fr\/wp-content\/uploads\/2024\/02\/Fort-des-Dunes-Visite-Musee-Leffrinckoucke-Dunkerque-768x432.jpg 768w, https:\/\/fort-des-dunes.fr\/wp-content\/uploads\/2024\/02\/Fort-des-Dunes-Visite-Musee-Leffrinckoucke-Dunkerque-1536x864.jpg 1536w, https:\/\/fort-des-dunes.fr\/wp-content\/uploads\/2024\/02\/Fort-des-Dunes-Visite-Musee-Leffrinckoucke-Dunkerque-800x450.jpg 800w, https:\/\/fort-des-dunes.fr\/wp-content\/uploads\/2024\/02\/Fort-des-Dunes-Visite-Musee-Leffrinckoucke-Dunkerque.jpg 1920w\" sizes=\"(max-width: 600px) 100vw, 600px\" \/><\/a><\/figure><div class=\"elementor-image-box-content\"><h3 class=\"elementor-image-box-title\"><a href=\"https:\/\/fort-des-dunes.fr\/nl\/het-museum\/de-nieuwe-scenografie\/\">De nieuwe scenografie<\/a><\/h3><p class=\"elementor-image-box-description\">Een gerenoveerde ruimte met 600m\u00b2 permanente tentoonstellingsruimte<\/p><\/div><\/div>\t\t\t\t<\/div>\n\t\t\t\t<\/div>\n\t\t\t\t<div class=\"elementor-element elementor-element-f0344d6 elementor-widget-divider--view-line elementor-widget elementor-widget-divider\" data-id=\"f0344d6\" data-element_type=\"widget\" data-e-type=\"widget\" data-widget_type=\"divider.default\">\n\t\t\t\t<div class=\"elementor-widget-container\">\n\t\t\t\t\t\t\t<div class=\"elementor-divider\">\n\t\t\t<span class=\"elementor-divider-separator\">\n\t\t\t\t\t\t<\/span>\n\t\t<\/div>\n\t\t\t\t\t\t<\/div>\n\t\t\t\t<\/div>\n\t\t\t\t\t<\/div>\n\t\t<\/div>\n\t\t\t\t\t<\/div>\n\t\t<\/section>\n\t\t\t\t<\/div>\n\t\t\t\t<\/div>\n\t\t\t\t\t\t<\/div>\n\t\t\t\t<\/div>\n\t\t\t\t\t<\/div>\n\t\t<\/div>\n\t\t\t\t<div class=\"elementor-column elementor-col-25 elementor-top-column elementor-element elementor-element-cfee7e0\" data-id=\"cfee7e0\" data-element_type=\"column\" data-e-type=\"column\" data-settings=\"{&quot;background_background&quot;:&quot;classic&quot;}\">\n\t\t\t<div class=\"elementor-widget-wrap elementor-element-populated\">\n\t\t\t\t\t\t<div class=\"elementor-element elementor-element-c733684 elementor-widget elementor-widget-template\" data-id=\"c733684\" data-element_type=\"widget\" data-e-type=\"widget\" data-widget_type=\"template.default\">\n\t\t\t\t<div class=\"elementor-widget-container\">\n\t\t\t\t\t\t\t<div class=\"elementor-template\">\n\t\t\t\t\t<div data-elementor-type=\"section\" data-elementor-id=\"5133\" class=\"elementor elementor-5133 elementor-4049\" data-elementor-post-type=\"elementor_library\">\n\t\t\t\t\t<section class=\"elementor-section elementor-top-section elementor-element elementor-element-20b1a3b elementor-section-boxed elementor-section-height-default elementor-section-height-default\" data-id=\"20b1a3b\" data-element_type=\"section\" data-e-type=\"section\">\n\t\t\t\t\t\t<div class=\"elementor-container elementor-column-gap-default\">\n\t\t\t\t\t<div class=\"elementor-column elementor-col-100 elementor-top-column elementor-element elementor-element-a66636d\" data-id=\"a66636d\" data-element_type=\"column\" data-e-type=\"column\">\n\t\t\t<div class=\"elementor-widget-wrap elementor-element-populated\">\n\t\t\t\t\t\t<div class=\"elementor-element elementor-element-209f1b4 elementor-position-top elementor-widget elementor-widget-image-box\" data-id=\"209f1b4\" data-element_type=\"widget\" data-e-type=\"widget\" data-widget_type=\"image-box.default\">\n\t\t\t\t<div class=\"elementor-widget-container\">\n\t\t\t\t\t<div class=\"elementor-image-box-wrapper\"><figure class=\"elementor-image-box-img\"><a href=\"https:\/\/fort-des-dunes.fr\/nl\/het-museum\/foto-videogalerij\/\" tabindex=\"-1\"><img loading=\"lazy\" decoding=\"async\" width=\"600\" height=\"338\" src=\"https:\/\/fort-des-dunes.fr\/wp-content\/uploads\/2024\/02\/Fort-des-dunes-cour-muserial-600x338.jpg\" class=\"attachment-woocommerce_single size-woocommerce_single wp-image-479\" alt=\"Cour int\u00e9rieure du mus\u00e9rial du Fort des Dunes\" srcset=\"https:\/\/fort-des-dunes.fr\/wp-content\/uploads\/2024\/02\/Fort-des-dunes-cour-muserial-600x338.jpg 600w, https:\/\/fort-des-dunes.fr\/wp-content\/uploads\/2024\/02\/Fort-des-dunes-cour-muserial-300x169.jpg 300w, https:\/\/fort-des-dunes.fr\/wp-content\/uploads\/2024\/02\/Fort-des-dunes-cour-muserial-1024x576.jpg 1024w, https:\/\/fort-des-dunes.fr\/wp-content\/uploads\/2024\/02\/Fort-des-dunes-cour-muserial-768x432.jpg 768w, https:\/\/fort-des-dunes.fr\/wp-content\/uploads\/2024\/02\/Fort-des-dunes-cour-muserial-1536x864.jpg 1536w, https:\/\/fort-des-dunes.fr\/wp-content\/uploads\/2024\/02\/Fort-des-dunes-cour-muserial-800x450.jpg 800w, https:\/\/fort-des-dunes.fr\/wp-content\/uploads\/2024\/02\/Fort-des-dunes-cour-muserial.jpg 1920w\" sizes=\"(max-width: 600px) 100vw, 600px\" \/><\/a><\/figure><div class=\"elementor-image-box-content\"><h3 class=\"elementor-image-box-title\"><a href=\"https:\/\/fort-des-dunes.fr\/nl\/het-museum\/foto-videogalerij\/\">Fotogalerij<\/a><\/h3><p class=\"elementor-image-box-description\">Ontdek het Fort in beelden, gefotografeerd vanuit elke hoek...<\/p><\/div><\/div>\t\t\t\t<\/div>\n\t\t\t\t<\/div>\n\t\t\t\t<div class=\"elementor-element elementor-element-fc4060d elementor-widget-divider--view-line elementor-widget elementor-widget-divider\" data-id=\"fc4060d\" data-element_type=\"widget\" data-e-type=\"widget\" data-widget_type=\"divider.default\">\n\t\t\t\t<div class=\"elementor-widget-container\">\n\t\t\t\t\t\t\t<div class=\"elementor-divider\">\n\t\t\t<span class=\"elementor-divider-separator\">\n\t\t\t\t\t\t<\/span>\n\t\t<\/div>\n\t\t\t\t\t\t<\/div>\n\t\t\t\t<\/div>\n\t\t\t\t\t<\/div>\n\t\t<\/div>\n\t\t\t\t\t<\/div>\n\t\t<\/section>\n\t\t\t\t<\/div>\n\t\t\t\t<\/div>\n\t\t\t\t\t\t<\/div>\n\t\t\t\t<\/div>\n\t\t\t\t\t<\/div>\n\t\t<\/div>\n\t\t\t\t<div class=\"elementor-column elementor-col-25 elementor-top-column elementor-element elementor-element-9194894\" data-id=\"9194894\" data-element_type=\"column\" data-e-type=\"column\" data-settings=\"{&quot;background_background&quot;:&quot;classic&quot;}\">\n\t\t\t<div class=\"elementor-widget-wrap elementor-element-populated\">\n\t\t\t\t\t\t<div class=\"elementor-element elementor-element-2ce5ff1 elementor-widget elementor-widget-template\" data-id=\"2ce5ff1\" data-element_type=\"widget\" data-e-type=\"widget\" data-widget_type=\"template.default\">\n\t\t\t\t<div class=\"elementor-widget-container\">\n\t\t\t\t\t\t\t<div class=\"elementor-template\">\n\t\t\t\t\t<div data-elementor-type=\"section\" data-elementor-id=\"5123\" class=\"elementor elementor-5123 elementor-4061\" data-elementor-post-type=\"elementor_library\">\n\t\t\t\t\t<section class=\"elementor-section elementor-top-section elementor-element elementor-element-ce43ed7 elementor-section-boxed elementor-section-height-default elementor-section-height-default\" data-id=\"ce43ed7\" data-element_type=\"section\" data-e-type=\"section\">\n\t\t\t\t\t\t<div class=\"elementor-container elementor-column-gap-default\">\n\t\t\t\t\t<div class=\"elementor-column elementor-col-100 elementor-top-column elementor-element elementor-element-9e6a5ce\" data-id=\"9e6a5ce\" data-element_type=\"column\" data-e-type=\"column\">\n\t\t\t<div class=\"elementor-widget-wrap elementor-element-populated\">\n\t\t\t\t\t\t<div class=\"elementor-element elementor-element-883e844 elementor-position-top elementor-widget elementor-widget-image-box\" data-id=\"883e844\" data-element_type=\"widget\" data-e-type=\"widget\" data-widget_type=\"image-box.default\">\n\t\t\t\t<div class=\"elementor-widget-container\">\n\t\t\t\t\t<div class=\"elementor-image-box-wrapper\"><figure class=\"elementor-image-box-img\"><a href=\"https:\/\/fort-des-dunes.fr\/nl\/bezoek\/\" tabindex=\"-1\"><img loading=\"lazy\" decoding=\"async\" width=\"600\" height=\"338\" src=\"https:\/\/fort-des-dunes.fr\/wp-content\/uploads\/2024\/02\/Fort-des-Dunes-Vue-generale-cour-espaces-exterieurs-visite-musee-600x338.jpg\" class=\"attachment-woocommerce_single size-woocommerce_single wp-image-948\" alt=\"\" srcset=\"https:\/\/fort-des-dunes.fr\/wp-content\/uploads\/2024\/02\/Fort-des-Dunes-Vue-generale-cour-espaces-exterieurs-visite-musee-600x338.jpg 600w, https:\/\/fort-des-dunes.fr\/wp-content\/uploads\/2024\/02\/Fort-des-Dunes-Vue-generale-cour-espaces-exterieurs-visite-musee-300x169.jpg 300w, https:\/\/fort-des-dunes.fr\/wp-content\/uploads\/2024\/02\/Fort-des-Dunes-Vue-generale-cour-espaces-exterieurs-visite-musee-1024x576.jpg 1024w, https:\/\/fort-des-dunes.fr\/wp-content\/uploads\/2024\/02\/Fort-des-Dunes-Vue-generale-cour-espaces-exterieurs-visite-musee-768x432.jpg 768w, https:\/\/fort-des-dunes.fr\/wp-content\/uploads\/2024\/02\/Fort-des-Dunes-Vue-generale-cour-espaces-exterieurs-visite-musee-1536x864.jpg 1536w, https:\/\/fort-des-dunes.fr\/wp-content\/uploads\/2024\/02\/Fort-des-Dunes-Vue-generale-cour-espaces-exterieurs-visite-musee-800x450.jpg 800w, https:\/\/fort-des-dunes.fr\/wp-content\/uploads\/2024\/02\/Fort-des-Dunes-Vue-generale-cour-espaces-exterieurs-visite-musee.jpg 1920w\" sizes=\"(max-width: 600px) 100vw, 600px\" \/><\/a><\/figure><div class=\"elementor-image-box-content\"><h3 class=\"elementor-image-box-title\"><a href=\"https:\/\/fort-des-dunes.fr\/nl\/bezoek\/\">Bezoek het museum<\/a><\/h3><p class=\"elementor-image-box-description\">Een unieke versterkte site aan de rand van een opmerkelijk duingebied.<\/p><\/div><\/div>\t\t\t\t<\/div>\n\t\t\t\t<\/div>\n\t\t\t\t<div class=\"elementor-element elementor-element-5652fe4 elementor-widget-divider--view-line elementor-widget elementor-widget-divider\" data-id=\"5652fe4\" data-element_type=\"widget\" data-e-type=\"widget\" data-widget_type=\"divider.default\">\n\t\t\t\t<div class=\"elementor-widget-container\">\n\t\t\t\t\t\t\t<div class=\"elementor-divider\">\n\t\t\t<span class=\"elementor-divider-separator\">\n\t\t\t\t\t\t<\/span>\n\t\t<\/div>\n\t\t\t\t\t\t<\/div>\n\t\t\t\t<\/div>\n\t\t\t\t\t<\/div>\n\t\t<\/div>\n\t\t\t\t\t<\/div>\n\t\t<\/section>\n\t\t\t\t<\/div>\n\t\t\t\t<\/div>\n\t\t\t\t\t\t<\/div>\n\t\t\t\t<\/div>\n\t\t\t\t\t<\/div>\n\t\t<\/div>\n\t\t\t\t\t<\/div>\n\t\t<\/section>\n\t\t\t\t<\/div>\n\t\t","protected":false},"excerpt":{"rendered":"<p>Een fort midden in de duinen Een gecamoufleerde militaire structuur Het Fort des Dunes is een militair bouwwerk gelegen in de Duinen van Vlaanderen, in de gemeente Leffrinckoucke. Op slechts een paar kilometer van Duinkerken en vlakbij het strand werd dit versterkte bouwwerk niet zomaar gebouwd. Het fort heeft de tand des tijds doorstaan tijdens [&hellip;]<\/p>\n","protected":false},"author":1,"featured_media":0,"parent":5137,"menu_order":0,"comment_status":"closed","ping_status":"closed","template":"elementor_header_footer","meta":{"_acf_changed":false,"ocean_post_layout":"","ocean_both_sidebars_style":"","ocean_both_sidebars_content_width":0,"ocean_both_sidebars_sidebars_width":0,"ocean_sidebar":"","ocean_second_sidebar":"","ocean_disable_margins":"enable","ocean_add_body_class":"","ocean_shortcode_before_top_bar":"","ocean_shortcode_after_top_bar":"","ocean_shortcode_before_header":"","ocean_shortcode_after_header":"","ocean_has_shortcode":"","ocean_shortcode_after_title":"","ocean_shortcode_before_footer_widgets":"","ocean_shortcode_after_footer_widgets":"","ocean_shortcode_before_footer_bottom":"","ocean_shortcode_after_footer_bottom":"","ocean_display_top_bar":"default","ocean_display_header":"default","ocean_header_style":"","ocean_center_header_left_menu":"","ocean_custom_header_template":"","ocean_custom_logo":0,"ocean_custom_retina_logo":0,"ocean_custom_logo_max_width":0,"ocean_custom_logo_tablet_max_width":0,"ocean_custom_logo_mobile_max_width":0,"ocean_custom_logo_max_height":0,"ocean_custom_logo_tablet_max_height":0,"ocean_custom_logo_mobile_max_height":0,"ocean_header_custom_menu":"","ocean_menu_typo_font_family":"","ocean_menu_typo_font_subset":"","ocean_menu_typo_font_size":0,"ocean_menu_typo_font_size_tablet":0,"ocean_menu_typo_font_size_mobile":0,"ocean_menu_typo_font_size_unit":"px","ocean_menu_typo_font_weight":"","ocean_menu_typo_font_weight_tablet":"","ocean_menu_typo_font_weight_mobile":"","ocean_menu_typo_transform":"","ocean_menu_typo_transform_tablet":"","ocean_menu_typo_transform_mobile":"","ocean_menu_typo_line_height":0,"ocean_menu_typo_line_height_tablet":0,"ocean_menu_typo_line_height_mobile":0,"ocean_menu_typo_line_height_unit":"","ocean_menu_typo_spacing":0,"ocean_menu_typo_spacing_tablet":0,"ocean_menu_typo_spacing_mobile":0,"ocean_menu_typo_spacing_unit":"","ocean_menu_link_color":"","ocean_menu_link_color_hover":"","ocean_menu_link_color_active":"","ocean_menu_link_background":"","ocean_menu_link_hover_background":"","ocean_menu_link_active_background":"","ocean_menu_social_links_bg":"","ocean_menu_social_hover_links_bg":"","ocean_menu_social_links_color":"","ocean_menu_social_hover_links_color":"","ocean_disable_title":"default","ocean_disable_heading":"default","ocean_post_title":"","ocean_post_subheading":"Van Turenne tot Dynamo","ocean_post_title_style":"background-image","ocean_post_title_background_color":"","ocean_post_title_background":0,"ocean_post_title_bg_image_position":"","ocean_post_title_bg_image_attachment":"","ocean_post_title_bg_image_repeat":"","ocean_post_title_bg_image_size":"","ocean_post_title_height":0,"ocean_post_title_bg_overlay":0.5,"ocean_post_title_bg_overlay_color":"","ocean_disable_breadcrumbs":"default","ocean_breadcrumbs_color":"","ocean_breadcrumbs_separator_color":"","ocean_breadcrumbs_links_color":"","ocean_breadcrumbs_links_hover_color":"","ocean_display_footer_widgets":"default","ocean_display_footer_bottom":"default","ocean_custom_footer_template":"","osh_disable_topbar_sticky":"default","osh_disable_header_sticky":"default","osh_sticky_header_style":"default","osh_sticky_header_effect":"","osh_custom_sticky_logo":0,"osh_custom_retina_sticky_logo":0,"osh_custom_sticky_logo_height":0,"osh_background_color":"","osh_links_color":"","osh_links_hover_color":"","osh_links_active_color":"","osh_links_bg_color":"","osh_links_hover_bg_color":"","osh_links_active_bg_color":"","osh_menu_social_links_color":"","osh_menu_social_hover_links_color":"","footnotes":""},"class_list":["post-5299","page","type-page","status-publish","hentry","entry","owp-thumbs-layout-horizontal","owp-btn-big","owp-tabs-layout-horizontal","has-no-thumbnails"],"acf":[],"yoast_head":"<!-- This site is optimized with the Yoast SEO Premium plugin v27.1 (Yoast SEO v27.1.1) - https:\/\/yoast.com\/product\/yoast-seo-premium-wordpress\/ -->\n<title>De geschiedenis van Fort des Dunes - Fort des Dunes | Leffrinckoucke<\/title>\n<meta name=\"robots\" content=\"index, follow, max-snippet:-1, max-image-preview:large, max-video-preview:-1\" \/>\n<link rel=\"canonical\" href=\"https:\/\/fort-des-dunes.fr\/nl\/het-museum\/de-geschiedenis-van-fort-des-dunes\/\" \/>\n<meta property=\"og:locale\" content=\"nl_NL\" \/>\n<meta property=\"og:type\" content=\"article\" \/>\n<meta property=\"og:title\" content=\"De geschiedenis van Fort des Dunes\" \/>\n<meta property=\"og:description\" content=\"Een fort midden in de duinen Een gecamoufleerde militaire structuur Het Fort des Dunes is een militair bouwwerk gelegen in de Duinen van Vlaanderen, in de gemeente Leffrinckoucke. Op slechts een paar kilometer van Duinkerken en vlakbij het strand werd dit versterkte bouwwerk niet zomaar gebouwd. Het fort heeft de tand des tijds doorstaan tijdens [&hellip;]\" \/>\n<meta property=\"og:url\" content=\"https:\/\/fort-des-dunes.fr\/nl\/het-museum\/de-geschiedenis-van-fort-des-dunes\/\" \/>\n<meta property=\"og:site_name\" content=\"Fort des Dunes | Leffrinckoucke\" \/>\n<meta property=\"article:publisher\" content=\"https:\/\/www.facebook.com\/FortdesDunes\/\" \/>\n<meta property=\"article:modified_time\" content=\"2024-10-08T14:48:41+00:00\" \/>\n<meta property=\"og:image\" content=\"https:\/\/fort-des-dunes.fr\/wp-content\/uploads\/2024\/02\/Fort-des-Dunes-Vue-aerienne-768x432.jpg\" \/>\n<meta name=\"twitter:card\" content=\"summary_large_image\" \/>\n<script type=\"application\/ld+json\" class=\"yoast-schema-graph\">{\"@context\":\"https:\/\/schema.org\",\"@graph\":[{\"@type\":\"WebPage\",\"@id\":\"https:\/\/fort-des-dunes.fr\/nl\/het-museum\/de-geschiedenis-van-fort-des-dunes\/\",\"url\":\"https:\/\/fort-des-dunes.fr\/nl\/het-museum\/de-geschiedenis-van-fort-des-dunes\/\",\"name\":\"De geschiedenis van Fort des Dunes - Fort des Dunes | Leffrinckoucke\",\"isPartOf\":{\"@id\":\"https:\/\/fort-des-dunes.fr\/nl\/#website\"},\"primaryImageOfPage\":{\"@id\":\"https:\/\/fort-des-dunes.fr\/nl\/het-museum\/de-geschiedenis-van-fort-des-dunes\/#primaryimage\"},\"image\":{\"@id\":\"https:\/\/fort-des-dunes.fr\/nl\/het-museum\/de-geschiedenis-van-fort-des-dunes\/#primaryimage\"},\"thumbnailUrl\":\"https:\/\/fort-des-dunes.fr\/wp-content\/uploads\/2024\/02\/Fort-des-Dunes-Vue-aerienne-768x432.jpg\",\"datePublished\":\"2024-02-04T14:57:09+00:00\",\"dateModified\":\"2024-10-08T14:48:41+00:00\",\"breadcrumb\":{\"@id\":\"https:\/\/fort-des-dunes.fr\/nl\/het-museum\/de-geschiedenis-van-fort-des-dunes\/#breadcrumb\"},\"inLanguage\":\"nl-NL\",\"potentialAction\":[{\"@type\":\"ReadAction\",\"target\":[\"https:\/\/fort-des-dunes.fr\/nl\/het-museum\/de-geschiedenis-van-fort-des-dunes\/\"]}]},{\"@type\":\"ImageObject\",\"inLanguage\":\"nl-NL\",\"@id\":\"https:\/\/fort-des-dunes.fr\/nl\/het-museum\/de-geschiedenis-van-fort-des-dunes\/#primaryimage\",\"url\":\"https:\/\/fort-des-dunes.fr\/wp-content\/uploads\/2024\/02\/Fort-des-Dunes-Vue-aerienne-768x432.jpg\",\"contentUrl\":\"https:\/\/fort-des-dunes.fr\/wp-content\/uploads\/2024\/02\/Fort-des-Dunes-Vue-aerienne-768x432.jpg\"},{\"@type\":\"BreadcrumbList\",\"@id\":\"https:\/\/fort-des-dunes.fr\/nl\/het-museum\/de-geschiedenis-van-fort-des-dunes\/#breadcrumb\",\"itemListElement\":[{\"@type\":\"ListItem\",\"position\":1,\"name\":\"Accueil\",\"item\":\"https:\/\/fort-des-dunes.fr\/nl\/\"},{\"@type\":\"ListItem\",\"position\":2,\"name\":\"Het museum\",\"item\":\"https:\/\/fort-des-dunes.fr\/nl\/het-museum\/\"},{\"@type\":\"ListItem\",\"position\":3,\"name\":\"De geschiedenis van Fort des Dunes\"}]},{\"@type\":\"WebSite\",\"@id\":\"https:\/\/fort-des-dunes.fr\/nl\/#website\",\"url\":\"https:\/\/fort-des-dunes.fr\/nl\/\",\"name\":\"Fort des Dunes | Leffrinckoucke\",\"description\":\"Un mus\u00e9e historique au coeur des dunes de Dunkerque\",\"publisher\":{\"@id\":\"https:\/\/fort-des-dunes.fr\/nl\/#organization\"},\"alternateName\":\"Fort des Dunes\",\"potentialAction\":[{\"@type\":\"SearchAction\",\"target\":{\"@type\":\"EntryPoint\",\"urlTemplate\":\"https:\/\/fort-des-dunes.fr\/nl\/?s={search_term_string}\"},\"query-input\":{\"@type\":\"PropertyValueSpecification\",\"valueRequired\":true,\"valueName\":\"search_term_string\"}}],\"inLanguage\":\"nl-NL\"},{\"@type\":[\"Organization\",\"Place\",\"Museum\"],\"@id\":\"https:\/\/fort-des-dunes.fr\/nl\/#organization\",\"name\":\"Fort des Dunes Leffrinckoucke-Dunkerque\",\"alternateName\":\"Fort des Dunes\",\"url\":\"https:\/\/fort-des-dunes.fr\/nl\/\",\"logo\":{\"@id\":\"https:\/\/fort-des-dunes.fr\/nl\/het-museum\/de-geschiedenis-van-fort-des-dunes\/#local-main-organization-logo\"},\"image\":{\"@id\":\"https:\/\/fort-des-dunes.fr\/nl\/het-museum\/de-geschiedenis-van-fort-des-dunes\/#local-main-organization-logo\"},\"sameAs\":[\"https:\/\/www.facebook.com\/FortdesDunes\/\",\"https:\/\/www.instagram.com\/fortdesdunes\/\"],\"description\":\"Le Fort des Dunes est un ouvrage militaire situ\u00e9 au sein de l\u2019espace des Dunes de Flandres, sur la commune de Leffrinckoucke et \u00e0 proximit\u00e9 de Dunkerque. Il dispose d'un mus\u00e9e, d'un th\u00e9\u00e2tre et d'un espace de plein air avec de nombreux \u00e9v\u00e9nements, visites, concerts et activit\u00e9s toute l'ann\u00e9e. La billetterie en ligne permet de r\u00e9server les places via le site internet directement.\",\"legalName\":\"Fort des Dunes\",\"foundingDate\":\"1998-06-01\",\"numberOfEmployees\":{\"@type\":\"QuantitativeValue\",\"minValue\":\"1\",\"maxValue\":\"10\"},\"actionableFeedbackPolicy\":\"https:\/\/fort-des-dunes.fr\/mentions-legales-politique-confidentialite-rgpd\/\",\"address\":{\"@id\":\"https:\/\/fort-des-dunes.fr\/nl\/het-museum\/de-geschiedenis-van-fort-des-dunes\/#local-main-place-address\"},\"geo\":{\"@type\":\"GeoCoordinates\",\"latitude\":\"51.05342275378238\",\"longitude\":\"2.4470795569430526\"},\"telephone\":[],\"contactPoint\":{\"@type\":\"ContactPoint\",\"telephone\":\"+33328291317\"},\"openingHoursSpecification\":[{\"@type\":\"OpeningHoursSpecification\",\"dayOfWeek\":[\"Monday\"],\"opens\":\"00:00\",\"closes\":\"00:00\"},{\"@type\":\"OpeningHoursSpecification\",\"dayOfWeek\":[\"Tuesday\",\"Wednesday\",\"Thursday\",\"Friday\",\"Saturday\",\"Sunday\"],\"opens\":\"10:00\",\"closes\":\"18:00\"}],\"areaServed\":\"Leffrinckoucke, Dunkerque\"},{\"@type\":\"PostalAddress\",\"@id\":\"https:\/\/fort-des-dunes.fr\/nl\/het-museum\/de-geschiedenis-van-fort-des-dunes\/#local-main-place-address\",\"streetAddress\":\"Chemin du Fort\",\"addressLocality\":\"Leffrinckoucke\",\"postalCode\":\"59495\",\"addressCountry\":\"FR\"},{\"@type\":\"ImageObject\",\"inLanguage\":\"nl-NL\",\"@id\":\"https:\/\/fort-des-dunes.fr\/nl\/het-museum\/de-geschiedenis-van-fort-des-dunes\/#local-main-organization-logo\",\"url\":\"https:\/\/fort-des-dunes.fr\/wp-content\/uploads\/2024\/02\/Muserial_Fort-des-Dunes-Logo-gris.png\",\"contentUrl\":\"https:\/\/fort-des-dunes.fr\/wp-content\/uploads\/2024\/02\/Muserial_Fort-des-Dunes-Logo-gris.png\",\"width\":600,\"height\":576,\"caption\":\"Fort des Dunes Leffrinckoucke-Dunkerque\"}]}<\/script>\n<meta name=\"geo.placename\" content=\"Leffrinckoucke\" \/>\n<meta name=\"geo.position\" content=\"51.05342275378238;2.4470795569430526\" \/>\n<meta name=\"geo.region\" content=\"Frankrijk\" \/>\n<!-- \/ Yoast SEO Premium plugin. -->","yoast_head_json":{"title":"De geschiedenis van Fort des Dunes - Fort des Dunes | Leffrinckoucke","robots":{"index":"index","follow":"follow","max-snippet":"max-snippet:-1","max-image-preview":"max-image-preview:large","max-video-preview":"max-video-preview:-1"},"canonical":"https:\/\/fort-des-dunes.fr\/nl\/het-museum\/de-geschiedenis-van-fort-des-dunes\/","og_locale":"nl_NL","og_type":"article","og_title":"De geschiedenis van Fort des Dunes","og_description":"Een fort midden in de duinen Een gecamoufleerde militaire structuur Het Fort des Dunes is een militair bouwwerk gelegen in de Duinen van Vlaanderen, in de gemeente Leffrinckoucke. Op slechts een paar kilometer van Duinkerken en vlakbij het strand werd dit versterkte bouwwerk niet zomaar gebouwd. Het fort heeft de tand des tijds doorstaan tijdens [&hellip;]","og_url":"https:\/\/fort-des-dunes.fr\/nl\/het-museum\/de-geschiedenis-van-fort-des-dunes\/","og_site_name":"Fort des Dunes | Leffrinckoucke","article_publisher":"https:\/\/www.facebook.com\/FortdesDunes\/","article_modified_time":"2024-10-08T14:48:41+00:00","og_image":[{"url":"https:\/\/fort-des-dunes.fr\/wp-content\/uploads\/2024\/02\/Fort-des-Dunes-Vue-aerienne-768x432.jpg","type":"","width":"","height":""}],"twitter_card":"summary_large_image","schema":{"@context":"https:\/\/schema.org","@graph":[{"@type":"WebPage","@id":"https:\/\/fort-des-dunes.fr\/nl\/het-museum\/de-geschiedenis-van-fort-des-dunes\/","url":"https:\/\/fort-des-dunes.fr\/nl\/het-museum\/de-geschiedenis-van-fort-des-dunes\/","name":"De geschiedenis van Fort des Dunes - Fort des Dunes | Leffrinckoucke","isPartOf":{"@id":"https:\/\/fort-des-dunes.fr\/nl\/#website"},"primaryImageOfPage":{"@id":"https:\/\/fort-des-dunes.fr\/nl\/het-museum\/de-geschiedenis-van-fort-des-dunes\/#primaryimage"},"image":{"@id":"https:\/\/fort-des-dunes.fr\/nl\/het-museum\/de-geschiedenis-van-fort-des-dunes\/#primaryimage"},"thumbnailUrl":"https:\/\/fort-des-dunes.fr\/wp-content\/uploads\/2024\/02\/Fort-des-Dunes-Vue-aerienne-768x432.jpg","datePublished":"2024-02-04T14:57:09+00:00","dateModified":"2024-10-08T14:48:41+00:00","breadcrumb":{"@id":"https:\/\/fort-des-dunes.fr\/nl\/het-museum\/de-geschiedenis-van-fort-des-dunes\/#breadcrumb"},"inLanguage":"nl-NL","potentialAction":[{"@type":"ReadAction","target":["https:\/\/fort-des-dunes.fr\/nl\/het-museum\/de-geschiedenis-van-fort-des-dunes\/"]}]},{"@type":"ImageObject","inLanguage":"nl-NL","@id":"https:\/\/fort-des-dunes.fr\/nl\/het-museum\/de-geschiedenis-van-fort-des-dunes\/#primaryimage","url":"https:\/\/fort-des-dunes.fr\/wp-content\/uploads\/2024\/02\/Fort-des-Dunes-Vue-aerienne-768x432.jpg","contentUrl":"https:\/\/fort-des-dunes.fr\/wp-content\/uploads\/2024\/02\/Fort-des-Dunes-Vue-aerienne-768x432.jpg"},{"@type":"BreadcrumbList","@id":"https:\/\/fort-des-dunes.fr\/nl\/het-museum\/de-geschiedenis-van-fort-des-dunes\/#breadcrumb","itemListElement":[{"@type":"ListItem","position":1,"name":"Accueil","item":"https:\/\/fort-des-dunes.fr\/nl\/"},{"@type":"ListItem","position":2,"name":"Het museum","item":"https:\/\/fort-des-dunes.fr\/nl\/het-museum\/"},{"@type":"ListItem","position":3,"name":"De geschiedenis van Fort des Dunes"}]},{"@type":"WebSite","@id":"https:\/\/fort-des-dunes.fr\/nl\/#website","url":"https:\/\/fort-des-dunes.fr\/nl\/","name":"Fort des Dunes | Leffrinckoucke","description":"Un mus\u00e9e historique au coeur des dunes de Dunkerque","publisher":{"@id":"https:\/\/fort-des-dunes.fr\/nl\/#organization"},"alternateName":"Fort des Dunes","potentialAction":[{"@type":"SearchAction","target":{"@type":"EntryPoint","urlTemplate":"https:\/\/fort-des-dunes.fr\/nl\/?s={search_term_string}"},"query-input":{"@type":"PropertyValueSpecification","valueRequired":true,"valueName":"search_term_string"}}],"inLanguage":"nl-NL"},{"@type":["Organization","Place","Museum"],"@id":"https:\/\/fort-des-dunes.fr\/nl\/#organization","name":"Fort des Dunes Leffrinckoucke-Dunkerque","alternateName":"Fort des Dunes","url":"https:\/\/fort-des-dunes.fr\/nl\/","logo":{"@id":"https:\/\/fort-des-dunes.fr\/nl\/het-museum\/de-geschiedenis-van-fort-des-dunes\/#local-main-organization-logo"},"image":{"@id":"https:\/\/fort-des-dunes.fr\/nl\/het-museum\/de-geschiedenis-van-fort-des-dunes\/#local-main-organization-logo"},"sameAs":["https:\/\/www.facebook.com\/FortdesDunes\/","https:\/\/www.instagram.com\/fortdesdunes\/"],"description":"Le Fort des Dunes est un ouvrage militaire situ\u00e9 au sein de l\u2019espace des Dunes de Flandres, sur la commune de Leffrinckoucke et \u00e0 proximit\u00e9 de Dunkerque. Il dispose d'un mus\u00e9e, d'un th\u00e9\u00e2tre et d'un espace de plein air avec de nombreux \u00e9v\u00e9nements, visites, concerts et activit\u00e9s toute l'ann\u00e9e. La billetterie en ligne permet de r\u00e9server les places via le site internet directement.","legalName":"Fort des Dunes","foundingDate":"1998-06-01","numberOfEmployees":{"@type":"QuantitativeValue","minValue":"1","maxValue":"10"},"actionableFeedbackPolicy":"https:\/\/fort-des-dunes.fr\/mentions-legales-politique-confidentialite-rgpd\/","address":{"@id":"https:\/\/fort-des-dunes.fr\/nl\/het-museum\/de-geschiedenis-van-fort-des-dunes\/#local-main-place-address"},"geo":{"@type":"GeoCoordinates","latitude":"51.05342275378238","longitude":"2.4470795569430526"},"telephone":[],"contactPoint":{"@type":"ContactPoint","telephone":"+33328291317"},"openingHoursSpecification":[{"@type":"OpeningHoursSpecification","dayOfWeek":["Monday"],"opens":"00:00","closes":"00:00"},{"@type":"OpeningHoursSpecification","dayOfWeek":["Tuesday","Wednesday","Thursday","Friday","Saturday","Sunday"],"opens":"10:00","closes":"18:00"}],"areaServed":"Leffrinckoucke, Dunkerque"},{"@type":"PostalAddress","@id":"https:\/\/fort-des-dunes.fr\/nl\/het-museum\/de-geschiedenis-van-fort-des-dunes\/#local-main-place-address","streetAddress":"Chemin du Fort","addressLocality":"Leffrinckoucke","postalCode":"59495","addressCountry":"FR"},{"@type":"ImageObject","inLanguage":"nl-NL","@id":"https:\/\/fort-des-dunes.fr\/nl\/het-museum\/de-geschiedenis-van-fort-des-dunes\/#local-main-organization-logo","url":"https:\/\/fort-des-dunes.fr\/wp-content\/uploads\/2024\/02\/Muserial_Fort-des-Dunes-Logo-gris.png","contentUrl":"https:\/\/fort-des-dunes.fr\/wp-content\/uploads\/2024\/02\/Muserial_Fort-des-Dunes-Logo-gris.png","width":600,"height":576,"caption":"Fort des Dunes Leffrinckoucke-Dunkerque"}]},"geo.placename":"Leffrinckoucke","geo.position":{"lat":"51.05342275378238","long":"2.4470795569430526"},"geo.region":"Frankrijk"},"_links":{"self":[{"href":"https:\/\/fort-des-dunes.fr\/nl\/wp-json\/wp\/v2\/pages\/5299","targetHints":{"allow":["GET"]}}],"collection":[{"href":"https:\/\/fort-des-dunes.fr\/nl\/wp-json\/wp\/v2\/pages"}],"about":[{"href":"https:\/\/fort-des-dunes.fr\/nl\/wp-json\/wp\/v2\/types\/page"}],"author":[{"embeddable":true,"href":"https:\/\/fort-des-dunes.fr\/nl\/wp-json\/wp\/v2\/users\/1"}],"replies":[{"embeddable":true,"href":"https:\/\/fort-des-dunes.fr\/nl\/wp-json\/wp\/v2\/comments?post=5299"}],"version-history":[{"count":6,"href":"https:\/\/fort-des-dunes.fr\/nl\/wp-json\/wp\/v2\/pages\/5299\/revisions"}],"predecessor-version":[{"id":8647,"href":"https:\/\/fort-des-dunes.fr\/nl\/wp-json\/wp\/v2\/pages\/5299\/revisions\/8647"}],"up":[{"embeddable":true,"href":"https:\/\/fort-des-dunes.fr\/nl\/wp-json\/wp\/v2\/pages\/5137"}],"wp:attachment":[{"href":"https:\/\/fort-des-dunes.fr\/nl\/wp-json\/wp\/v2\/media?parent=5299"}],"curies":[{"name":"wp","href":"https:\/\/api.w.org\/{rel}","templated":true}]}}